{"id":39198,"date":"2024-12-10T23:55:33","date_gmt":"2024-12-10T22:55:33","guid":{"rendered":"https:\/\/grainau-tourismus.gemeinde-entwickler.de\/?page_id=39198"},"modified":"2026-04-16T15:30:20","modified_gmt":"2026-04-16T13:30:20","slug":"zugspitzbad","status":"publish","type":"page","link":"https:\/\/www.grainau.de\/en\/zugspitzbad\/","title":{"rendered":"Zugspitzbad"},"content":{"rendered":"\t\t<div data-elementor-type=\"wp-page\" data-elementor-id=\"39198\" class=\"elementor elementor-39198\" data-elementor-post-type=\"page\">\n\t\t\t\t<div class=\"elementor-element elementor-element-8234d7b elementor-repeater-item-ang_container_padding_3 sk-dark-bg e-flex e-con-boxed elementor-repeater-item-none elementor-repeater-item-none_hover e-con e-parent\" data-id=\"8234d7b\" data-element_type=\"container\" data-e-type=\"container\" id=\"content\" data-settings=\"{&quot;jet_parallax_layout_list&quot;:[],&quot;background_background&quot;:&quot;classic&quot;,&quot;ang_container_spacing_size&quot;:&quot;ang_container_padding_3&quot;}\">\n\t\t\t\t\t<div class=\"e-con-inner\">\n\t\t<div class=\"elementor-element elementor-element-b6786f6 e-con-full elementor-repeater-item-ang_container_padding_4 elementor-repeater-item-shadow_2 sk-light-bg e-flex elementor-repeater-item-none_hover elementor-invisible e-con e-child\" data-id=\"b6786f6\" data-element_type=\"container\" data-e-type=\"container\" data-settings=\"{&quot;ang_container_spacing_size&quot;:&quot;ang_container_padding_4&quot;,&quot;background_background&quot;:&quot;classic&quot;,&quot;jet_parallax_layout_list&quot;:[],&quot;animation&quot;:&quot;fadeInLeft&quot;}\">\n\t\t\t\t<div class=\"elementor-element elementor-element-1e4665b elementor-widget__width-inherit elementor-repeater-item-none elementor-repeater-item-none_hover elementor-widget elementor-widget-heading\" data-id=\"1e4665b\" data-element_type=\"widget\" data-e-type=\"widget\" data-widget_type=\"heading.default\">\n\t\t\t\t<div class=\"elementor-widget-container\">\n\t\t\t\t\t<h3 class=\"elementor-heading-title elementor-size-default\">Das Zugspitzbad ist vom 13. April bis 3. Mai 2026 komplett geschlossen (Revisionszeit).<\/h3>\t\t\t\t<\/div>\n\t\t\t\t<\/div>\n\t\t\t\t<\/div>\n\t\t<div class=\"elementor-element elementor-element-190ac44 e-con-full elementor-repeater-item-ang_container_padding_4 elementor-repeater-item-shadow_2 sk-light-bg e-flex elementor-repeater-item-none_hover elementor-invisible e-con e-child\" data-id=\"190ac44\" data-element_type=\"container\" data-e-type=\"container\" data-settings=\"{&quot;ang_container_spacing_size&quot;:&quot;ang_container_padding_4&quot;,&quot;background_background&quot;:&quot;classic&quot;,&quot;jet_parallax_layout_list&quot;:[],&quot;animation&quot;:&quot;fadeInLeft&quot;}\">\n\t\t\t\t<div class=\"elementor-element elementor-element-100bbee elementor-widget__width-inherit elementor-repeater-item-none elementor-repeater-item-none_hover elementor-widget elementor-widget-heading\" data-id=\"100bbee\" data-element_type=\"widget\" data-e-type=\"widget\" data-widget_type=\"heading.default\">\n\t\t\t\t<div class=\"elementor-widget-container\">\n\t\t\t\t\t<h3 class=\"elementor-heading-title elementor-size-default\">Das Freibad \u00f6ffnet dann am Samstag den 30. Mai.<\/h3>\t\t\t\t<\/div>\n\t\t\t\t<\/div>\n\t\t\t\t<\/div>\n\t\t\t\t\t<\/div>\n\t\t\t\t<\/div>\n\t\t<div class=\"elementor-element elementor-element-b15dcbc elementor-repeater-item-ang_container_padding_3 sk-dark-bg e-flex e-con-boxed elementor-repeater-item-none elementor-repeater-item-none_hover e-con e-parent\" data-id=\"b15dcbc\" data-element_type=\"container\" data-e-type=\"container\" data-settings=\"{&quot;jet_parallax_layout_list&quot;:[],&quot;background_background&quot;:&quot;classic&quot;,&quot;ang_container_spacing_size&quot;:&quot;ang_container_padding_3&quot;}\">\n\t\t\t\t\t<div class=\"e-con-inner\">\n\t\t\t\t<div class=\"elementor-element elementor-element-e2f6bb5 elementor-repeater-item-shadow_2 elementor-repeater-item-none_hover elementor-widget elementor-widget-n-accordion\" data-id=\"e2f6bb5\" data-element_type=\"widget\" data-e-type=\"widget\" data-settings=\"{&quot;default_state&quot;:&quot;all_collapsed&quot;,&quot;max_items_expended&quot;:&quot;one&quot;,&quot;n_accordion_animation_duration&quot;:{&quot;unit&quot;:&quot;ms&quot;,&quot;size&quot;:400,&quot;sizes&quot;:[]}}\" data-widget_type=\"nested-accordion.default\">\n\t\t\t\t<div class=\"elementor-widget-container\">\n\t\t\t\t\t\t\t<div class=\"e-n-accordion\" aria-label=\"Accordion. Open links with Enter or Space, close with Escape, and navigate with Arrow Keys\">\n\t\t\t\t\t\t<details id=\"e-n-accordion-item-2370\" class=\"e-n-accordion-item\" >\n\t\t\t\t<summary class=\"e-n-accordion-item-title\" data-accordion-index=\"1\" tabindex=\"0\" aria-expanded=\"false\" aria-controls=\"e-n-accordion-item-2370\" >\n\t\t\t\t\t<span class='e-n-accordion-item-title-header'><div class=\"e-n-accordion-item-title-text\"> Betriebsferien <\/div><\/span>\n\t\t\t\t\t\t\t<span class='e-n-accordion-item-title-icon'>\n\t\t\t<span class='e-opened' ><i aria-hidden=\"true\" class=\"fas fa-minus\"><\/i><\/span>\n\t\t\t<span class='e-closed'><i aria-hidden=\"true\" class=\"fas fa-plus\"><\/i><\/span>\n\t\t<\/span>\n\n\t\t\t\t\t\t<\/summary>\n\t\t\t\t<div role=\"region\" aria-labelledby=\"e-n-accordion-item-2370\" class=\"elementor-element elementor-element-c66dacc e-con-full elementor-repeater-item-none_hover e-flex elementor-repeater-item-default_padding elementor-repeater-item-none e-con e-child\" data-id=\"c66dacc\" data-element_type=\"container\" data-e-type=\"container\" data-settings=\"{&quot;jet_parallax_layout_list&quot;:[],&quot;ang_container_spacing_size&quot;:&quot;default_padding&quot;}\">\n\t\t<div role=\"region\" aria-labelledby=\"e-n-accordion-item-2370\" class=\"elementor-element elementor-element-6877168 elementor-repeater-item-ang_container_padding_5 sk-dark-bg e-flex e-con-boxed elementor-repeater-item-none elementor-repeater-item-none_hover e-con e-child\" data-id=\"6877168\" data-element_type=\"container\" data-e-type=\"container\" data-settings=\"{&quot;ang_container_spacing_size&quot;:&quot;ang_container_padding_5&quot;,&quot;background_background&quot;:&quot;classic&quot;,&quot;jet_parallax_layout_list&quot;:[]}\">\n\t\t\t\t\t<div class=\"e-con-inner\">\n\t\t\t\t<div class=\"elementor-element elementor-element-4c27c05 elementor-repeater-item-none elementor-repeater-item-none_hover elementor-widget elementor-widget-heading\" data-id=\"4c27c05\" data-element_type=\"widget\" data-e-type=\"widget\" data-widget_type=\"heading.default\">\n\t\t\t\t<div class=\"elementor-widget-container\">\n\t\t\t\t\t<h3 class=\"elementor-heading-title elementor-size-default\">Revisionszeiten von Montag den 13. April bis Sonntag den 03. Mai 2026<\/h3>\t\t\t\t<\/div>\n\t\t\t\t<\/div>\n\t\t\t\t<div class=\"elementor-element elementor-element-7ef8890 elementor-repeater-item-none elementor-repeater-item-none_hover elementor-widget elementor-widget-heading\" data-id=\"7ef8890\" data-element_type=\"widget\" data-e-type=\"widget\" data-widget_type=\"heading.default\">\n\t\t\t\t<div class=\"elementor-widget-container\">\n\t\t\t\t\t<h3 class=\"elementor-heading-title elementor-size-default\">Revisionszeiten von Montag den 09. bis Sonntag den 29. November 2026 <\/h3>\t\t\t\t<\/div>\n\t\t\t\t<\/div>\n\t\t\t\t\t<\/div>\n\t\t\t\t<\/div>\n\t\t\t\t<\/div>\n\t\t\t\t\t<\/details>\n\t\t\t\t\t<\/div>\n\t\t\t\t\t\t<\/div>\n\t\t\t\t<\/div>\n\t\t<div class=\"elementor-element elementor-element-519c618 e-con-full elementor-repeater-item-ang_container_padding_4 elementor-repeater-item-shadow_2 sk-light-bg e-flex elementor-repeater-item-none_hover elementor-invisible e-con e-child\" data-id=\"519c618\" data-element_type=\"container\" data-e-type=\"container\" data-settings=\"{&quot;ang_container_spacing_size&quot;:&quot;ang_container_padding_4&quot;,&quot;background_background&quot;:&quot;classic&quot;,&quot;jet_parallax_layout_list&quot;:[],&quot;animation&quot;:&quot;fadeInLeft&quot;}\">\n\t\t\t\t<div class=\"elementor-element elementor-element-7e0c306 elementor-widget__width-inherit elementor-repeater-item-none elementor-repeater-item-none_hover elementor-widget elementor-widget-heading\" data-id=\"7e0c306\" data-element_type=\"widget\" data-e-type=\"widget\" data-widget_type=\"heading.default\">\n\t\t\t\t<div class=\"elementor-widget-container\">\n\t\t\t\t\t<h3 class=\"elementor-heading-title elementor-size-default\">Herzlich Willkommen im Zugspitzbad Grainau!    <\/h3>\t\t\t\t<\/div>\n\t\t\t\t<\/div>\n\t\t<div class=\"elementor-element elementor-element-fe42f26 sk-dark-bg e-con-full e-flex elementor-repeater-item-default_padding elementor-repeater-item-none elementor-repeater-item-none_hover e-con e-child\" data-id=\"fe42f26\" data-element_type=\"container\" data-e-type=\"container\" data-settings=\"{&quot;background_background&quot;:&quot;classic&quot;,&quot;jet_parallax_layout_list&quot;:[],&quot;ang_container_spacing_size&quot;:&quot;default_padding&quot;}\">\n\t\t\t\t<div class=\"elementor-element elementor-element-6ec2fd9 elementor-repeater-item-none elementor-repeater-item-none_hover elementor-widget elementor-widget-image-carousel\" data-id=\"6ec2fd9\" data-element_type=\"widget\" data-e-type=\"widget\" data-settings=\"{&quot;slides_to_show&quot;:&quot;3&quot;,&quot;slides_to_show_tablet&quot;:&quot;2&quot;,&quot;slides_to_show_mobile&quot;:&quot;1&quot;,&quot;navigation&quot;:&quot;none&quot;,&quot;autoplay_speed&quot;:0,&quot;speed&quot;:10000,&quot;image_spacing_custom&quot;:{&quot;unit&quot;:&quot;px&quot;,&quot;size&quot;:&quot;10&quot;,&quot;sizes&quot;:[]},&quot;slides_to_scroll&quot;:&quot;1&quot;,&quot;autoplay&quot;:&quot;yes&quot;,&quot;pause_on_hover&quot;:&quot;yes&quot;,&quot;infinite&quot;:&quot;yes&quot;,&quot;image_spacing_custom_tablet&quot;:{&quot;unit&quot;:&quot;px&quot;,&quot;size&quot;:&quot;&quot;,&quot;sizes&quot;:[]}}\" data-widget_type=\"image-carousel.default\">\n\t\t\t\t<div class=\"elementor-widget-container\">\n\t\t\t\t\t\t\t<div class=\"elementor-image-carousel-wrapper swiper\" role=\"region\" aria-roledescription=\"carousel\" aria-label=\"Bild Karussell\" dir=\"rtl\">\n\t\t\t<div class=\"elementor-image-carousel swiper-wrapper\" aria-live=\"off\">\n\t\t\t\t\t\t\t\t<div class=\"swiper-slide\" role=\"group\" aria-roledescription=\"slide\" aria-label=\"1 von 11\"><figure class=\"swiper-slide-inner\"><img decoding=\"async\" class=\"swiper-slide-image\" src=\"https:\/\/www.grainau.de\/wp-content\/uploads\/2024\/12\/Hallenbad8.jpeg\" data-description=\"Zugspitzdorf Grainau \u2013 Wolfgang Ehn\" alt=\"Kinderplanschbecken in der halle im zugspitzbad Grainau\" \/><\/figure><\/div><div class=\"swiper-slide\" role=\"group\" aria-roledescription=\"slide\" aria-label=\"2 von 11\"><figure class=\"swiper-slide-inner\"><img decoding=\"async\" class=\"swiper-slide-image\" src=\"https:\/\/www.grainau.de\/wp-content\/uploads\/2025\/05\/IMG-20250519-WA0030-scaled.jpg\" data-description=\"Zugspitzdorf Grainau - H.Ostler\" alt=\"Hallenbecken im Zugspitzbad Grainau\" \/><\/figure><\/div><div class=\"swiper-slide\" role=\"group\" aria-roledescription=\"slide\" aria-label=\"3 von 11\"><figure class=\"swiper-slide-inner\"><img decoding=\"async\" class=\"swiper-slide-image\" src=\"https:\/\/www.grainau.de\/wp-content\/uploads\/2026\/03\/Zugspitzbad-Kinderplanschi-mit-Kindern\u00a9Zugspitzdorf-Grainau-H.-Ostler-10-scaled.jpg\" alt=\"Zugspitzbad, Kinderplanschi mit Kindern\u00a9Zugspitzdorf Grainau - H. Ostler (10)\" \/><\/figure><\/div><div class=\"swiper-slide\" role=\"group\" aria-roledescription=\"slide\" aria-label=\"4 von 11\"><figure class=\"swiper-slide-inner\"><img decoding=\"async\" class=\"swiper-slide-image\" src=\"https:\/\/www.grainau.de\/wp-content\/uploads\/2026\/03\/Zugspitzbad-Kinderplanschi-mit-Kindern\u00a9Zugspitzdorf-Grainau-H.-Ostler-20-scaled.jpg\" alt=\"Zugspitzbad, Kinderplanschi mit Kindern\u00a9Zugspitzdorf Grainau - H. Ostler (20)\" \/><\/figure><\/div><div class=\"swiper-slide\" role=\"group\" aria-roledescription=\"slide\" aria-label=\"5 von 11\"><figure class=\"swiper-slide-inner\"><img decoding=\"async\" class=\"swiper-slide-image\" src=\"https:\/\/www.grainau.de\/wp-content\/uploads\/2025\/09\/\u00a9Zugspitzdorf-Grainau-\u2013Ehn-195-scaled-e1772791959728.jpg\" alt=\"\u00a9Zugspitzdorf Grainau \u2013Ehn (195)\" \/><\/figure><\/div><div class=\"swiper-slide\" role=\"group\" aria-roledescription=\"slide\" aria-label=\"6 von 11\"><figure class=\"swiper-slide-inner\"><img decoding=\"async\" class=\"swiper-slide-image\" src=\"https:\/\/www.grainau.de\/wp-content\/uploads\/2025\/09\/\u00a9Zugspitzdorf-Grainau-\u2013Ehn-185-scaled.jpg\" alt=\"\u00a9Zugspitzdorf Grainau \u2013Ehn (185)\" \/><\/figure><\/div><div class=\"swiper-slide\" role=\"group\" aria-roledescription=\"slide\" aria-label=\"7 von 11\"><figure class=\"swiper-slide-inner\"><img decoding=\"async\" class=\"swiper-slide-image\" src=\"https:\/\/www.grainau.de\/wp-content\/uploads\/2025\/05\/\u00a9Zugspitzdorf-Grainau-\u2013Ehn-195-scaled-e1746514694192.jpg\" data-description=\"\u00a9Zugspitzdorf Grainau \u2013Ehn (195)\" alt=\"Schwimmerin in der Halle im Zugspitzbad\" \/><\/figure><\/div><div class=\"swiper-slide\" role=\"group\" aria-roledescription=\"slide\" aria-label=\"8 von 11\"><figure class=\"swiper-slide-inner\"><img decoding=\"async\" class=\"swiper-slide-image\" src=\"https:\/\/www.grainau.de\/wp-content\/uploads\/2024\/12\/Hallenbad6.jpeg\" data-description=\"Zugspitzdorf Grainau \u2013 Bernd Jauffmann\" alt=\"Zwei Damen in den Liegesesseln in der Halle des Zugspitzbades Grainau im Bademantel\" \/><\/figure><\/div><div class=\"swiper-slide\" role=\"group\" aria-roledescription=\"slide\" aria-label=\"9 von 11\"><figure class=\"swiper-slide-inner\"><img decoding=\"async\" class=\"swiper-slide-image\" src=\"https:\/\/www.grainau.de\/wp-content\/uploads\/2024\/12\/Hallenbad5.jpeg\" data-description=\"Zugspitzdorf Grainau \u2013 H.Ostler\" alt=\"Hallenbecken in Grainau mit Wasserspielzeug Krake des Zugspitzbades Grainau\" \/><\/figure><\/div><div class=\"swiper-slide\" role=\"group\" aria-roledescription=\"slide\" aria-label=\"10 von 11\"><figure class=\"swiper-slide-inner\"><img decoding=\"async\" class=\"swiper-slide-image\" src=\"https:\/\/www.grainau.de\/wp-content\/uploads\/2024\/12\/Hallenbad9.jpeg\" data-description=\"Zugspitzdorf Grainau \u2013 Bernd Jauffmann\" alt=\"Frauen im Ruheraum des Zugspiutzbades Grainau im Bademantel im herbst\" \/><\/figure><\/div><div class=\"swiper-slide\" role=\"group\" aria-roledescription=\"slide\" aria-label=\"11 von 11\"><figure class=\"swiper-slide-inner\"><img decoding=\"async\" class=\"swiper-slide-image\" src=\"https:\/\/www.grainau.de\/wp-content\/uploads\/2025\/05\/IMG-20250519-WA00204-1-scaled.jpg\" alt=\"IMG-20250519-WA0020~4\" \/><\/figure><\/div>\t\t\t<\/div>\n\t\t\t\t\t\t\t\n\t\t\t\t\t\t\t\t\t<\/div>\n\t\t\t\t\t\t<\/div>\n\t\t\t\t<\/div>\n\t\t\t\t<\/div>\n\t\t\t\t<div class=\"elementor-element elementor-element-9ddd18f elementor-widget__width-inherit elementor-repeater-item-none elementor-repeater-item-none_hover elementor-widget elementor-widget-text-editor\" data-id=\"9ddd18f\" data-element_type=\"widget\" data-e-type=\"widget\" data-widget_type=\"text-editor.default\">\n\t\t\t\t<div class=\"elementor-widget-container\">\n\t\t\t\t\t\t\t\t\t<p>Umgeben von der beeindruckenden Berglandschaft der Zugspitze, bietet unser Bad das perfekte Ambiente f\u00fcr unvergessliche Stunden voller Erholung und Freizeitspa\u00df.<\/p><h3 data-pm-slice=\"1 1 []\"><strong>Hallenbad \u2013 Wellness und Badespa\u00df f\u00fcr die ganze Familie<\/strong><\/h3><p>Eintauchen in die vielseitige Wasserwelt:<\/p><ul data-spread=\"false\"><li><p><strong>Solebecken<\/strong> \u2013 Wohltuende Wirkung des warmen Salzwassers f\u00fcr K\u00f6rper und Geist ca. 34 Grad warm<\/p><\/li><li><p><strong>Sportbecken<\/strong> \u2013 25-Meter-Becken mit idealen Bedingungen f\u00fcr sportliches Schwimmen mit abgeteilten Nichtschwimmerbereich.<\/p><\/li><li><p><strong>Nichtschwimmerbereich<\/strong> \u2013 Abgetrennter Bereich mit einer lustigen Kraken-Wasserspielfigur f\u00fcr Gro\u00df und Klein.<\/p><\/li><li><p><strong>Kleinkinderpool<\/strong> \u2013 Sicherer Bereich zum Planschen f\u00fcr die j\u00fcngsten Besucher.<\/p><\/li><li><p><strong>Dampfsauna &amp; Infrarotkabine<\/strong> \u2013 Tiefgehende Entspannung und wohltuende W\u00e4rme.<\/p><\/li><li><p><strong>Ruheraum mit Bergblick<\/strong> \u2013 Perfekt zum Abschalten und Genie\u00dfen der Aussicht.<\/p><\/li><li><strong>Kiosk -er\u00f6ffnet am 30. Mai zur Freibadesaison<\/strong><\/li><\/ul><h3><strong>\u00d6FFNUNGSZEITEN<\/strong><\/h3><p>Montag bis Freitag: 10 bis 21 Uhr\u00a0<\/p><p>Samstag, Sonntag und Feiertage: 10 bis 19 Uhr\u00a0<\/p><p>Die Sauna \u00f6ffnet jeden Tag um 12 Uhr.\u00a0<\/p>\t\t\t\t\t\t\t\t<\/div>\n\t\t\t\t<\/div>\n\t\t\t\t<\/div>\n\t\t<div class=\"elementor-element elementor-element-6130f40 sk-dark-bg e-con-full elementor-repeater-item-none_hover e-flex elementor-repeater-item-default_padding elementor-repeater-item-none e-con e-child\" data-id=\"6130f40\" data-element_type=\"container\" data-e-type=\"container\" data-settings=\"{&quot;background_background&quot;:&quot;classic&quot;,&quot;jet_parallax_layout_list&quot;:[],&quot;ang_container_spacing_size&quot;:&quot;default_padding&quot;}\">\n\t\t<div class=\"elementor-element elementor-element-a02550d e-con-full e-flex elementor-repeater-item-default_padding elementor-repeater-item-none elementor-repeater-item-none_hover e-con e-child\" data-id=\"a02550d\" data-element_type=\"container\" data-e-type=\"container\" data-settings=\"{&quot;jet_parallax_layout_list&quot;:[],&quot;ang_container_spacing_size&quot;:&quot;default_padding&quot;}\">\n\t\t\t\t<\/div>\n\t\t<div class=\"elementor-element elementor-element-e1e4a04 e-con-full elementor-repeater-item-ang_container_padding_4 elementor-repeater-item-shadow_2 sk-light-bg e-flex elementor-repeater-item-none_hover elementor-invisible e-con e-child\" data-id=\"e1e4a04\" data-element_type=\"container\" data-e-type=\"container\" data-settings=\"{&quot;ang_container_spacing_size&quot;:&quot;ang_container_padding_4&quot;,&quot;background_background&quot;:&quot;classic&quot;,&quot;jet_parallax_layout_list&quot;:[],&quot;animation&quot;:&quot;fadeInLeft&quot;}\">\n\t\t\t\t<div class=\"elementor-element elementor-element-7a5b9a0 elementor-widget__width-inherit elementor-repeater-item-none elementor-repeater-item-none_hover elementor-widget elementor-widget-text-editor\" data-id=\"7a5b9a0\" data-element_type=\"widget\" data-e-type=\"widget\" data-widget_type=\"text-editor.default\">\n\t\t\t\t<div class=\"elementor-widget-container\">\n\t\t\t\t\t\t\t\t\t<h3><strong>Saunabereich \u2013 Entspannung PUR<br \/><\/strong><\/h3><p>Im separaten Saunabereich gibt es:<\/p><ul data-spread=\"false\"><li><p><strong>Finnische Sauna<\/strong> \u2013 Traditionelle Hitze f\u00fcr tiefgehende Erholung.<\/p><\/li><li><p><strong>Bio-Sauna<\/strong> \u2013 Sanfte W\u00e4rme f\u00fcr Regeneration.<\/p><\/li><li><p><strong>Dampfbad<\/strong> \u2013 Wohltuende Feuchtigkeit f\u00fcr Haut und Atemwege.<\/p><\/li><li><p><strong>Fu\u00df-Wechselb\u00e4der<\/strong> \u2013 Aktivierung der Durchblutung und Steigerung des Wohlbefindens.<\/p><\/li><li><strong>Infrarotkabine &#8211; <\/strong>Tiefgehende Entspannung und wohltuende W\u00e4rme.<\/li><\/ul><p>Das <strong>Zugspitzbad Grainau<\/strong> bietet eine einzigartige Kombination aus Erholung und Freizeitspa\u00df \u2013 zu jeder Jahreszeit!<\/p>\t\t\t\t\t\t\t\t<\/div>\n\t\t\t\t<\/div>\n\t\t\t\t<div class=\"elementor-element elementor-element-2b0a5f1 elementor-repeater-item-none elementor-repeater-item-none_hover elementor-widget elementor-widget-image-carousel\" data-id=\"2b0a5f1\" data-element_type=\"widget\" data-e-type=\"widget\" data-settings=\"{&quot;slides_to_show&quot;:&quot;3&quot;,&quot;slides_to_show_tablet&quot;:&quot;2&quot;,&quot;slides_to_show_mobile&quot;:&quot;1&quot;,&quot;navigation&quot;:&quot;none&quot;,&quot;autoplay_speed&quot;:0,&quot;speed&quot;:10000,&quot;image_spacing_custom&quot;:{&quot;unit&quot;:&quot;px&quot;,&quot;size&quot;:&quot;10&quot;,&quot;sizes&quot;:[]},&quot;slides_to_scroll&quot;:&quot;1&quot;,&quot;autoplay&quot;:&quot;yes&quot;,&quot;pause_on_hover&quot;:&quot;yes&quot;,&quot;infinite&quot;:&quot;yes&quot;,&quot;image_spacing_custom_tablet&quot;:{&quot;unit&quot;:&quot;px&quot;,&quot;size&quot;:&quot;&quot;,&quot;sizes&quot;:[]}}\" data-widget_type=\"image-carousel.default\">\n\t\t\t\t<div class=\"elementor-widget-container\">\n\t\t\t\t\t\t\t<div class=\"elementor-image-carousel-wrapper swiper\" role=\"region\" aria-roledescription=\"carousel\" aria-label=\"Bild Karussell\" dir=\"ltr\">\n\t\t\t<div class=\"elementor-image-carousel swiper-wrapper\" aria-live=\"off\">\n\t\t\t\t\t\t\t\t<div class=\"swiper-slide\" role=\"group\" aria-roledescription=\"slide\" aria-label=\"1 von 5\"><figure class=\"swiper-slide-inner\"><img decoding=\"async\" class=\"swiper-slide-image\" src=\"https:\/\/www.grainau.de\/wp-content\/uploads\/2024\/12\/sauna-mit-aufguss.jpeg\" data-description=\"Zugspitzdorf Grainau - Bernd Jauffmann\" alt=\"sauna-mit-aufguss zwei Damen und Saunameister im Zugspitzbad Grainau\" \/><\/figure><\/div><div class=\"swiper-slide\" role=\"group\" aria-roledescription=\"slide\" aria-label=\"2 von 5\"><figure class=\"swiper-slide-inner\"><img decoding=\"async\" class=\"swiper-slide-image\" src=\"https:\/\/www.grainau.de\/wp-content\/uploads\/2025\/05\/Sauna-eine-person.jpg\" data-description=\"Zugspitzdorf Grainau- ZABT Bernd Jaufmann\" alt=\"Frau mit Handtuch in der Sauna\" \/><\/figure><\/div><div class=\"swiper-slide\" role=\"group\" aria-roledescription=\"slide\" aria-label=\"3 von 5\"><figure class=\"swiper-slide-inner\"><img decoding=\"async\" class=\"swiper-slide-image\" src=\"https:\/\/www.grainau.de\/wp-content\/uploads\/2024\/12\/mal-kurz-die-fuesse-abkuehlen.jpeg\" data-description=\"Zugspitzdorf Grainau -Bernd Jauffmann\" alt=\"Zwei damen im Zugspitzbad Grainaus Sauna im Fu\u00df Wechselbad\" \/><\/figure><\/div><div class=\"swiper-slide\" role=\"group\" aria-roledescription=\"slide\" aria-label=\"4 von 5\"><figure class=\"swiper-slide-inner\"><img decoding=\"async\" class=\"swiper-slide-image\" src=\"https:\/\/www.grainau.de\/wp-content\/uploads\/2024\/12\/zugspitzbad-sauna-1.jpeg\" data-description=\"Zugspitzdorf Grainau - C. B\u00e4ck\" alt=\"zwei Damen vor der Sauna im Zugspitzbad in Grainau\" \/><\/figure><\/div><div class=\"swiper-slide\" role=\"group\" aria-roledescription=\"slide\" aria-label=\"5 von 5\"><figure class=\"swiper-slide-inner\"><img decoding=\"async\" class=\"swiper-slide-image\" src=\"https:\/\/www.grainau.de\/wp-content\/uploads\/2024\/12\/zugspitzbad-sauna.jpeg\" data-description=\"Zugspitzdorf Grainau - B\u00e4ck\" alt=\"Zugspitzbad sauna, paar in der Blocksauna\" \/><\/figure><\/div>\t\t\t<\/div>\n\t\t\t\t\t\t\t\n\t\t\t\t\t\t\t\t\t<\/div>\n\t\t\t\t\t\t<\/div>\n\t\t\t\t<\/div>\n\t\t\t\t<\/div>\n\t\t<div class=\"elementor-element elementor-element-712ac92 e-con-full elementor-repeater-item-ang_container_padding_4 elementor-repeater-item-shadow_2 sk-light-bg e-flex elementor-repeater-item-none_hover elementor-invisible e-con e-child\" data-id=\"712ac92\" data-element_type=\"container\" data-e-type=\"container\" data-settings=\"{&quot;ang_container_spacing_size&quot;:&quot;ang_container_padding_4&quot;,&quot;background_background&quot;:&quot;classic&quot;,&quot;jet_parallax_layout_list&quot;:[],&quot;animation&quot;:&quot;fadeInLeft&quot;}\">\n\t\t\t\t<div class=\"elementor-element elementor-element-bcaf9f6 elementor-widget__width-inherit elementor-repeater-item-none elementor-repeater-item-none_hover elementor-widget elementor-widget-heading\" data-id=\"bcaf9f6\" data-element_type=\"widget\" data-e-type=\"widget\" data-widget_type=\"heading.default\">\n\t\t\t\t<div class=\"elementor-widget-container\">\n\t\t\t\t\t<h3 class=\"elementor-heading-title elementor-size-default\">Das Freibad \u00f6ffnet am Samstag den 30. Mai.<\/h3>\t\t\t\t<\/div>\n\t\t\t\t<\/div>\n\t\t\t\t<\/div>\n\t\t<div class=\"elementor-element elementor-element-79fe0f2 e-con-full elementor-repeater-item-ang_container_padding_4 elementor-repeater-item-shadow_2 sk-light-bg e-flex elementor-repeater-item-none_hover elementor-invisible e-con e-child\" data-id=\"79fe0f2\" data-element_type=\"container\" data-e-type=\"container\" data-settings=\"{&quot;ang_container_spacing_size&quot;:&quot;ang_container_padding_4&quot;,&quot;background_background&quot;:&quot;classic&quot;,&quot;jet_parallax_layout_list&quot;:[],&quot;animation&quot;:&quot;fadeInLeft&quot;}\">\n\t\t\t\t<div class=\"elementor-element elementor-element-58abd4b elementor-widget__width-inherit elementor-repeater-item-none elementor-repeater-item-none_hover elementor-widget elementor-widget-text-editor\" data-id=\"58abd4b\" data-element_type=\"widget\" data-e-type=\"widget\" data-widget_type=\"text-editor.default\">\n\t\t\t\t<div class=\"elementor-widget-container\">\n\t\t\t\t\t\t\t\t\t<h3><strong>Freibad\u00a0<\/strong><\/h3><ul data-spread=\"false\"><li><p><strong>Gro\u00dfes beheiztes Schwimmerbecken<\/strong> (50 x 16 Meter) ca. 23 Grad<\/p><\/li><li><p><strong>Nichtschwimmerbecken ca. 23 Grad\u00a0<\/strong><\/p><\/li><li><p><strong>Separates Kleinkinderbecken<\/strong><\/p><\/li><li><p><strong>Riesenrutsche &amp; Kinderrutsche<\/strong><\/p><\/li><li><p><strong>Kinderspielplatz<\/strong><\/p><\/li><\/ul>\t\t\t\t\t\t\t\t<\/div>\n\t\t\t\t<\/div>\n\t\t\t\t<\/div>\n\t\t\t\t<div class=\"elementor-element elementor-element-03c76ac elementor-repeater-item-none elementor-repeater-item-none_hover elementor-widget elementor-widget-image-carousel\" data-id=\"03c76ac\" data-element_type=\"widget\" data-e-type=\"widget\" data-settings=\"{&quot;slides_to_show&quot;:&quot;3&quot;,&quot;slides_to_show_tablet&quot;:&quot;2&quot;,&quot;slides_to_show_mobile&quot;:&quot;1&quot;,&quot;navigation&quot;:&quot;none&quot;,&quot;autoplay_speed&quot;:0,&quot;speed&quot;:10000,&quot;image_spacing_custom&quot;:{&quot;unit&quot;:&quot;px&quot;,&quot;size&quot;:&quot;10&quot;,&quot;sizes&quot;:[]},&quot;slides_to_scroll&quot;:&quot;1&quot;,&quot;autoplay&quot;:&quot;yes&quot;,&quot;pause_on_hover&quot;:&quot;yes&quot;,&quot;infinite&quot;:&quot;yes&quot;,&quot;image_spacing_custom_tablet&quot;:{&quot;unit&quot;:&quot;px&quot;,&quot;size&quot;:&quot;&quot;,&quot;sizes&quot;:[]}}\" data-widget_type=\"image-carousel.default\">\n\t\t\t\t<div class=\"elementor-widget-container\">\n\t\t\t\t\t\t\t<div class=\"elementor-image-carousel-wrapper swiper\" role=\"region\" aria-roledescription=\"carousel\" aria-label=\"Bild Karussell\" dir=\"rtl\">\n\t\t\t<div class=\"elementor-image-carousel swiper-wrapper\" aria-live=\"off\">\n\t\t\t\t\t\t\t\t<div class=\"swiper-slide\" role=\"group\" aria-roledescription=\"slide\" aria-label=\"1 von 11\"><figure class=\"swiper-slide-inner\"><img decoding=\"async\" class=\"swiper-slide-image\" src=\"https:\/\/www.grainau.de\/wp-content\/uploads\/2025\/09\/\u00a9Zugspitzdorf-Grainau-\u2013Ehn-104-scaled.jpg\" alt=\"\u00a9Zugspitzdorf Grainau \u2013Ehn (104)\" \/><\/figure><\/div><div class=\"swiper-slide\" role=\"group\" aria-roledescription=\"slide\" aria-label=\"2 von 11\"><figure class=\"swiper-slide-inner\"><img decoding=\"async\" class=\"swiper-slide-image\" src=\"https:\/\/www.grainau.de\/wp-content\/uploads\/2025\/09\/\u00a9Zugspitzdorf-Grainau-\u2013Ehn-151-scaled.jpg\" alt=\"\u00a9Zugspitzdorf Grainau \u2013Ehn (151)\" \/><\/figure><\/div><div class=\"swiper-slide\" role=\"group\" aria-roledescription=\"slide\" aria-label=\"3 von 11\"><figure class=\"swiper-slide-inner\"><img decoding=\"async\" class=\"swiper-slide-image\" src=\"https:\/\/www.grainau.de\/wp-content\/uploads\/2025\/09\/\u00a9Zugspitzdorf-Grainau-\u2013Ehn-107-scaled.jpg\" alt=\"\u00a9Zugspitzdorf Grainau \u2013Ehn (107)\" \/><\/figure><\/div><div class=\"swiper-slide\" role=\"group\" aria-roledescription=\"slide\" aria-label=\"4 von 11\"><figure class=\"swiper-slide-inner\"><img decoding=\"async\" class=\"swiper-slide-image\" src=\"https:\/\/www.grainau.de\/wp-content\/uploads\/2025\/09\/\u00a9Zugspitzdorf-Grainau-\u2013Ehn-20-scaled.jpg\" alt=\"\u00a9Zugspitzdorf Grainau \u2013Ehn (20)\" \/><\/figure><\/div><div class=\"swiper-slide\" role=\"group\" aria-roledescription=\"slide\" aria-label=\"5 von 11\"><figure class=\"swiper-slide-inner\"><img decoding=\"async\" class=\"swiper-slide-image\" src=\"https:\/\/www.grainau.de\/wp-content\/uploads\/2025\/09\/\u00a9Zugspitzdorf-Grainau-\u2013Ehn-15-scaled.jpg\" alt=\"\u00a9Zugspitzdorf Grainau \u2013Ehn (15)\" \/><\/figure><\/div><div class=\"swiper-slide\" role=\"group\" aria-roledescription=\"slide\" aria-label=\"6 von 11\"><figure class=\"swiper-slide-inner\"><img decoding=\"async\" class=\"swiper-slide-image\" src=\"https:\/\/www.grainau.de\/wp-content\/uploads\/2025\/03\/Zugspitzbad-Winter-ohne-Menschen\u00a9Ostler-24-scaled.jpg\" alt=\"Freibad Zugspitzbad, Rettungsring mit Aussicht auf Becken des Freibades und Zugspitzmassivblick\" \/><\/figure><\/div><div class=\"swiper-slide\" role=\"group\" aria-roledescription=\"slide\" aria-label=\"7 von 11\"><figure class=\"swiper-slide-inner\"><img decoding=\"async\" class=\"swiper-slide-image\" src=\"https:\/\/www.grainau.de\/wp-content\/uploads\/2025\/03\/\u00a9Zugspitzdorf-Grainau-\u2013Ehn-10-1-scaled.jpg\" data-description=\"Zugspitzdorf Grainau \u2013Ehn \" alt=\"Freibad Zugspitzbad, sPaar in Liegest\u00fchlen auf der Liegewiese im Hintergrund Waxensteine und Alpspitze\" \/><\/figure><\/div><div class=\"swiper-slide\" role=\"group\" aria-roledescription=\"slide\" aria-label=\"8 von 11\"><figure class=\"swiper-slide-inner\"><img decoding=\"async\" class=\"swiper-slide-image\" src=\"https:\/\/www.grainau.de\/wp-content\/uploads\/2025\/02\/\u00a9Zugspitzdorf-Grainau-\u2013Ehn-5-scaled.jpg\" data-description=\"Zugspitzdorf Grainau \u2013Ehn \" alt=\"Mann mit M\u00e4dchen rutschenin Wasserrutsche des Freibades des Zugspitzbads Grainaus\" \/><\/figure><\/div><div class=\"swiper-slide\" role=\"group\" aria-roledescription=\"slide\" aria-label=\"9 von 11\"><figure class=\"swiper-slide-inner\"><img decoding=\"async\" class=\"swiper-slide-image\" src=\"https:\/\/www.grainau.de\/wp-content\/uploads\/2025\/02\/\u00a9Zugspitzdorf-Grainau-\u2013Ehn-28-1-scaled.jpg\" data-description=\"Zugspitzdorf Grainau \u2013Ehn \" alt=\"Freibad ohne Menschen im Zugspitzbad mit Bergblick\" \/><\/figure><\/div><div class=\"swiper-slide\" role=\"group\" aria-roledescription=\"slide\" aria-label=\"10 von 11\"><figure class=\"swiper-slide-inner\"><img decoding=\"async\" class=\"swiper-slide-image\" src=\"https:\/\/www.grainau.de\/wp-content\/uploads\/2024\/12\/Freibad4.jpeg\" data-description=\"Zugspitzdorf Grainau \u2013Ehn \" alt=\"Babybeckenb im Freibad des zugspitzbades Grainau\" \/><\/figure><\/div><div class=\"swiper-slide\" role=\"group\" aria-roledescription=\"slide\" aria-label=\"11 von 11\"><figure class=\"swiper-slide-inner\"><img decoding=\"async\" class=\"swiper-slide-image\" src=\"https:\/\/www.grainau.de\/wp-content\/uploads\/2024\/12\/Freibad3.jpeg\" data-description=\"Zugspitzdorf Grainau \u2013Ehn \" alt=\"Schwimmerbecken im Zugspitzbad Grainau Paar das gerade ins Wasser steigt\" \/><\/figure><\/div>\t\t\t<\/div>\n\t\t\t\t\t\t\t\n\t\t\t\t\t\t\t\t\t<\/div>\n\t\t\t\t\t\t<\/div>\n\t\t\t\t<\/div>\n\t\t\t\t<div class=\"elementor-element elementor-element-a1e9051 elementor-widget__width-inherit e-transform elementor-icon-list--layout-traditional elementor-list-item-link-full_width elementor-repeater-item-none elementor-repeater-item-none_hover elementor-widget elementor-widget-icon-list\" data-id=\"a1e9051\" data-element_type=\"widget\" data-e-type=\"widget\" data-settings=\"{&quot;_transform_scale_effect_hover&quot;:{&quot;unit&quot;:&quot;px&quot;,&quot;size&quot;:1.015,&quot;sizes&quot;:[]},&quot;_transform_scale_effect_hover_tablet&quot;:{&quot;unit&quot;:&quot;px&quot;,&quot;size&quot;:&quot;&quot;,&quot;sizes&quot;:[]},&quot;_transform_scale_effect_hover_mobile&quot;:{&quot;unit&quot;:&quot;px&quot;,&quot;size&quot;:&quot;&quot;,&quot;sizes&quot;:[]}}\" data-widget_type=\"icon-list.default\">\n\t\t\t\t<div class=\"elementor-widget-container\">\n\t\t\t\t\t\t\t<ul class=\"elementor-icon-list-items\">\n\t\t\t\t\t\t\t<li class=\"elementor-icon-list-item\">\n\t\t\t\t\t\t\t\t\t\t\t<a href=\"\/wp-content\/uploads\/2024\/12\/Haus-Bade-und-Saunaordnung-fuer-das-Zugspitzbad-der-Gemeinde-Grainau-Aushang-1.pdf\" target=\"_blank\">\n\n\t\t\t\t\t\t\t\t\t\t\t\t<span class=\"elementor-icon-list-icon\">\n\t\t\t\t\t\t\t<i aria-hidden=\"true\" class=\"fas fa-file-download\"><\/i>\t\t\t\t\t\t<\/span>\n\t\t\t\t\t\t\t\t\t\t<span class=\"elementor-icon-list-text\">Haus-, Bade- und Saunaordnung f\u00fcr das Zugspitzbad der Gemeinde Grainau <\/span>\n\t\t\t\t\t\t\t\t\t\t\t<\/a>\n\t\t\t\t\t\t\t\t\t<\/li>\n\t\t\t\t\t\t<\/ul>\n\t\t\t\t\t\t<\/div>\n\t\t\t\t<\/div>\n\t\t\t\t<div class=\"elementor-element elementor-element-3fcfe07 elementor-repeater-item-none elementor-repeater-item-none_hover elementor-widget elementor-widget-html\" data-id=\"3fcfe07\" data-element_type=\"widget\" data-e-type=\"widget\" data-widget_type=\"html.default\">\n\t\t\t\t<div class=\"elementor-widget-container\">\n\t\t\t\t\t<script>\nwindow.dw = window.dw || function () { (dw.q = dw.q || []).push(arguments) };\ndw('onFilterOverride', '66cb9ca1-0e01-4d85-8605-c2a862471878', function (event) {\n    console.log(\"Event\",event);\n    let filter = event.filter;\n    filter.filterEvent.holidayThemes= [\"9a7a6085-87a2-4351-9ed8-4baf12511d70\"];\n               \n      console.log(\"Filter\",event.filter);\n});\ndw('settings','66cb9ca1-0e01-4d85-8605-c2a862471878',\n{\n\n\"lang\": 'de',\n\"context\": {\n                   \"targetRoute\": [\n                       \"\/veranstaltungen\"\n                   ]\n               }\n});\n<\/script>\n<script async src=\"https:\/\/resc.deskline.net\/DW5\/start\/GRAINAU\/66cb9ca1-0e01-4d85-8605-c2a862471878\/index.js\"><\/script>\t\t\t\t<\/div>\n\t\t\t\t<\/div>\n\t\t\t\t<\/div>\n\t\t\t\t<div class=\"elementor-element elementor-element-026b3de elementor-repeater-item-shadow_2 elementor-repeater-item-none_hover elementor-widget elementor-widget-n-accordion\" data-id=\"026b3de\" data-element_type=\"widget\" data-e-type=\"widget\" data-settings=\"{&quot;default_state&quot;:&quot;all_collapsed&quot;,&quot;max_items_expended&quot;:&quot;one&quot;,&quot;n_accordion_animation_duration&quot;:{&quot;unit&quot;:&quot;ms&quot;,&quot;size&quot;:400,&quot;sizes&quot;:[]}}\" data-widget_type=\"nested-accordion.default\">\n\t\t\t\t<div class=\"elementor-widget-container\">\n\t\t\t\t\t\t\t<div class=\"e-n-accordion\" aria-label=\"Accordion. Open links with Enter or Space, close with Escape, and navigate with Arrow Keys\">\n\t\t\t\t\t\t<details id=\"e-n-accordion-item-2530\" class=\"e-n-accordion-item\" >\n\t\t\t\t<summary class=\"e-n-accordion-item-title\" data-accordion-index=\"1\" tabindex=\"0\" aria-expanded=\"false\" aria-controls=\"e-n-accordion-item-2530\" >\n\t\t\t\t\t<span class='e-n-accordion-item-title-header'><div class=\"e-n-accordion-item-title-text\"> Preise <\/div><\/span>\n\t\t\t\t\t\t\t<span class='e-n-accordion-item-title-icon'>\n\t\t\t<span class='e-opened' ><i aria-hidden=\"true\" class=\"fas fa-minus\"><\/i><\/span>\n\t\t\t<span class='e-closed'><i aria-hidden=\"true\" class=\"fas fa-plus\"><\/i><\/span>\n\t\t<\/span>\n\n\t\t\t\t\t\t<\/summary>\n\t\t\t\t<div role=\"region\" aria-labelledby=\"e-n-accordion-item-2530\" class=\"elementor-element elementor-element-3d5ca3c e-con-full elementor-repeater-item-none_hover e-flex elementor-repeater-item-default_padding elementor-repeater-item-none e-con e-child\" data-id=\"3d5ca3c\" data-element_type=\"container\" data-e-type=\"container\" data-settings=\"{&quot;jet_parallax_layout_list&quot;:[],&quot;ang_container_spacing_size&quot;:&quot;default_padding&quot;}\">\n\t\t\t\t<div class=\"elementor-element elementor-element-610004b elementor-widget__width-inherit elementor-repeater-item-none elementor-repeater-item-none_hover elementor-widget elementor-widget-text-editor\" data-id=\"610004b\" data-element_type=\"widget\" data-e-type=\"widget\" data-widget_type=\"text-editor.default\">\n\t\t\t\t<div class=\"elementor-widget-container\">\n\t\t\t\t\t\t\t\t\t<table width=\"471\" cellspacing=\"10\" cellpadding=\"10\">\n<h4><strong>Eintrittspreise Schwimmbad ohne Sauna<\/strong><\/h4>\n<thead>\n<tr>\n<th scope=\"row\">Tarife<\/th>\n<th scope=\"col\">Erwachsene<\/th>\n<th scope=\"col\">Kinder 6 &#8211; 16\u00a0 Jahre \/ erm\u00e4\u00dfigt<\/th>\n<\/tr>\n<\/thead>\n<tbody>\n<tr>\n<th scope=\"row\">Kurzbadezeit &#8211; 3 Std<\/th>\n<td data-label=\"Erwachsene\">6,50 \u20ac<\/td>\n<td data-label=\"Kinder 6 - 16\u00a0 Jahre \/ erm\u00e4\u00dfigt\">3,50 \u20ac<\/td>\n<\/tr>\n<tr>\n<th scope=\"row\">Tageskarte<\/th>\n<td data-label=\"Erwachsene\">9,00 \u20ac<\/td>\n<td data-label=\"Kinder 6 - 16\u00a0 Jahre \/ erm\u00e4\u00dfigt\">5,00 \u20ac<\/td>\n<\/tr>\n<tr>\n<th scope=\"row\">Familienkarte &#8211; 3 Std<\/th>\n<td data-label=\"Erwachsene\">14,00 \u20ac<\/td>\n<td data-label=\"Kinder 6 - 16\u00a0 Jahre \/ erm\u00e4\u00dfigt\"><\/td>\n<\/tr>\n<tr>\n<th scope=\"row\">Familienkarte &#8211; Tageskarte<\/th>\n<td data-label=\"Erwachsene\">19,00 \u20ac<\/td>\n<td data-label=\"Kinder 6 - 16\u00a0 Jahre \/ erm\u00e4\u00dfigt\"><\/td>\n<\/tr>\n<tr>\n<th scope=\"row\">Abendkarte &#8211; letzten 2 Stunden<\/th>\n<td data-label=\"Erwachsene\">5,00 \u20ac<\/td>\n<td data-label=\"Kinder 6 - 16\u00a0 Jahre \/ erm\u00e4\u00dfigt\">3,50 \u20ac<\/td>\n<\/tr>\n<tr>\n<th scope=\"row\">Fr\u00fchschwimmerkarte (bis 12 Uhr)<\/th>\n<td data-label=\"Erwachsene\">5,00 \u20ac<\/td>\n<td data-label=\"Kinder 6 - 16\u00a0 Jahre \/ erm\u00e4\u00dfigt\">3,50 \u20ac<\/td>\n<\/tr>\n<tr>\n<th scope=\"row\">10er Karte &#8211; 3 Std. (11. Eintritt frei)<\/th>\n<td data-label=\"Erwachsene\">65,00 \u20ac<\/td>\n<td data-label=\"Kinder 6 - 16\u00a0 Jahre \/ erm\u00e4\u00dfigt\">35,00 \u20ac<\/td>\n<\/tr>\n<tr>\n<th scope=\"row\">10er Karte &#8211; Tageskarte (11. Eintritt frei)<\/th>\n<td data-label=\"Erwachsene\">90,00 \u20ac<\/td>\n<td data-label=\"Kinder 6 - 16\u00a0 Jahre \/ erm\u00e4\u00dfigt\">50,00 \u20ac<\/td>\n<\/tr>\n<tr>\n<th scope=\"row\">Saisonkarte Sommer<\/th>\n<td data-label=\"Erwachsene\">110,00 \u20ac<\/td>\n<td data-label=\"Kinder 6 - 16\u00a0 Jahre \/ erm\u00e4\u00dfigt\">50,00 \u20ac<\/td>\n<\/tr>\n<tr>\n<th scope=\"row\">Jahreskarte<\/th>\n<td data-label=\"Erwachsene\">250,00 \u20ac<\/td>\n<td data-label=\"Kinder 6 - 16\u00a0 Jahre \/ erm\u00e4\u00dfigt\">115,00 \u20ac<\/td>\n<\/tr>\n<\/tbody>\n<\/table>\t\t\t\t\t\t\t\t<\/div>\n\t\t\t\t<\/div>\n\t\t\t\t<div class=\"elementor-element elementor-element-b300b43 elementor-widget__width-inherit elementor-repeater-item-none elementor-repeater-item-none_hover elementor-widget elementor-widget-text-editor\" data-id=\"b300b43\" data-element_type=\"widget\" data-e-type=\"widget\" data-widget_type=\"text-editor.default\">\n\t\t\t\t<div class=\"elementor-widget-container\">\n\t\t\t\t\t\t\t\t\t<table border=\"1\" cellspacing=\"10\" cellpadding=\"10\">\n<h4><strong>Eintrittspreise Sauna<\/strong><\/h4>\n<thead>\n<tr>\n<th scope=\"row\">Tarife<\/th>\n<th scope=\"col\">Erwachsene<\/th>\n<th scope=\"col\">Kinder 6-16 Jahre \/ erm\u00e4\u00dfigt<\/th>\n<\/tr>\n<\/thead>\n<tbody>\n<tr>\n<th scope=\"row\">Ganztags<\/th>\n<td data-label=\"Erwachsene\">16,50 \u20ac<\/td>\n<td data-label=\"Kinder 6-16 Jahre \/ erm\u00e4\u00dfigt\">12,00 \u20ac<\/td>\n<\/tr>\n<tr>\n<th scope=\"row\">Zehnerkarte (11. Eintritt frei)<\/th>\n<td data-label=\"Erwachsene\">165,00 \u20ac<\/td>\n<td data-label=\"Kinder 6-16 Jahre \/ erm\u00e4\u00dfigt\">120,00 \u20ac<\/td>\n<\/tr>\n<tr>\n<th scope=\"row\">Abendkarte (letzten 3 Betriebsstunden)<\/th>\n<td data-label=\"Erwachsene\">13,00 \u20ac<\/td>\n<td data-label=\"Kinder 6-16 Jahre \/ erm\u00e4\u00dfigt\">9,50 \u20ac<\/td>\n<\/tr>\n<tr>\n<th scope=\"row\">Jahreskarte<\/th>\n<td data-label=\"Erwachsene\">420,00 \u20ac<\/td>\n<td data-label=\"Kinder 6-16 Jahre \/ erm\u00e4\u00dfigt\"><\/td>\n<\/tr>\n<\/tbody>\n<\/table>\n<p>\nPreise in EUR \/ Irrt\u00fcmer, Tippfehler &amp; \u00c4nderungen vorbehalten!<\/p>\t\t\t\t\t\t\t\t<\/div>\n\t\t\t\t<\/div>\n\t\t<div role=\"region\" aria-labelledby=\"e-n-accordion-item-2530\" class=\"elementor-element elementor-element-f31bd26 elementor-repeater-item-ang_container_padding_5 sk-dark-bg e-flex e-con-boxed elementor-repeater-item-none elementor-repeater-item-none_hover e-con e-child\" data-id=\"f31bd26\" data-element_type=\"container\" data-e-type=\"container\" data-settings=\"{&quot;ang_container_spacing_size&quot;:&quot;ang_container_padding_5&quot;,&quot;background_background&quot;:&quot;classic&quot;,&quot;jet_parallax_layout_list&quot;:[]}\">\n\t\t\t\t\t<div class=\"e-con-inner\">\n\t\t\t\t<div class=\"elementor-element elementor-element-4edf981 elementor-repeater-item-none elementor-repeater-item-none_hover elementor-widget elementor-widget-text-editor\" data-id=\"4edf981\" data-element_type=\"widget\" data-e-type=\"widget\" data-widget_type=\"text-editor.default\">\n\t\t\t\t<div class=\"elementor-widget-container\">\n\t\t\t\t\t\t\t\t\t<h4>Erwachsenen-Tarife:<\/h4>\n<ul>\n \t<li>Personen ab 17 Jahren<\/li>\n<\/ul>\n<h4>Kinder-Tarife:<\/h4>\n<ul>\n \t<li>Personen von 6 bis 16 Jahren<\/li>\n \t<li>Schwerbehinderte ab 70 % (unter Vorlage des Schwerbehindertenausweises)<\/li>\n<\/ul>\n<h4>Freier Eintritt:<\/h4>\n<ul>\n \t<li>Personen bis 5 Jahren<\/li>\n \t<li>Geburtstagskinder (bis 16 Jahren)<\/li>\n \t<li>Ein kostenloser Eintritt f\u00fcr Grainauer G\u00e4ste mit der G\u00e4stekarte pro begonnener Urlaubswoche in das Zugspitzbad.<\/li>\n \t<li>Bei der Zehnerkarte ist der 11. Eintritt frei<\/li>\n<\/ul>\n<h4>Aktionstage:<\/h4>\n<ul>\n \t<li>Freitag = Familientag: Reduzierter Preis f\u00fcr die Familien-Kurzbadezeit und den Familien-Ganztagespreis.<\/li>\n \t<li>Montag = Aktionstag. Ganzer Tag zum Kurztag.<\/li>\n<\/ul>\nDie angegebenen Preise beinhalten die Nutzung des Hallenbads und des Freibads entsprechend der saisonalen \u00d6ffnungszeiten.\t\t\t\t\t\t\t\t<\/div>\n\t\t\t\t<\/div>\n\t\t\t\t\t<\/div>\n\t\t\t\t<\/div>\n\t\t\t\t<div class=\"elementor-element elementor-element-73743ce elementor-repeater-item-none elementor-repeater-item-none_hover elementor-widget elementor-widget-heading\" data-id=\"73743ce\" data-element_type=\"widget\" data-e-type=\"widget\" data-widget_type=\"heading.default\">\n\t\t\t\t<div class=\"elementor-widget-container\">\n\t\t\t\t\t<h3 class=\"elementor-heading-title elementor-size-default\">Familienangebot Preise\n<\/h3>\t\t\t\t<\/div>\n\t\t\t\t<\/div>\n\t\t\t\t<div class=\"elementor-element elementor-element-2b27696 elementor-widget__width-inherit elementor-repeater-item-none elementor-repeater-item-none_hover elementor-widget elementor-widget-text-editor\" data-id=\"2b27696\" data-element_type=\"widget\" data-e-type=\"widget\" data-widget_type=\"text-editor.default\">\n\t\t\t\t<div class=\"elementor-widget-container\">\n\t\t\t\t\t\t\t\t\t<h4><strong>Attraktive Schwimmbad-Preise f\u00fcr Familien:<\/strong><\/h4><table border=\"1\" cellspacing=\"1\" cellpadding=\"1\" align=\"center\"><thead><tr><th scope=\"row\">Bezeichnung<\/th><th scope=\"col\">Preise<\/th><th scope=\"col\">Am Familientag jeden Freitag<\/th><\/tr><\/thead><tbody><tr><th scope=\"row\">Familienkarte &#8211; 3 Stunden<\/th><td data-label=\"Preise\">14,00 \u20ac<\/td><td data-label=\"Am Familientag jeden Freitag\">7,00 \u20ac<\/td><\/tr><tr><th scope=\"row\">Familienkarte &#8211; Tageskarte<\/th><td data-label=\"Preise\">19,00 \u20ac<\/td><td data-label=\"Am Familientag jeden Freitag\">9,50 \u20ac<\/td><\/tr><\/tbody><\/table><p>Preise in EUR \/ Irrt\u00fcmer, Tippfehler &amp; \u00c4nderungen vorbehalten!<\/p>\t\t\t\t\t\t\t\t<\/div>\n\t\t\t\t<\/div>\n\t\t\t\t<div class=\"elementor-element elementor-element-29d6ca3 elementor-repeater-item-none elementor-repeater-item-none_hover elementor-widget elementor-widget-heading\" data-id=\"29d6ca3\" data-element_type=\"widget\" data-e-type=\"widget\" data-widget_type=\"heading.default\">\n\t\t\t\t<div class=\"elementor-widget-container\">\n\t\t\t\t\t<h3 class=\"elementor-heading-title elementor-size-default\">Aktions-Montag\n<\/h3>\t\t\t\t<\/div>\n\t\t\t\t<\/div>\n\t\t\t\t<div class=\"elementor-element elementor-element-5f55acd elementor-widget__width-inherit elementor-repeater-item-none elementor-repeater-item-none_hover elementor-widget elementor-widget-text-editor\" data-id=\"5f55acd\" data-element_type=\"widget\" data-e-type=\"widget\" data-widget_type=\"text-editor.default\">\n\t\t\t\t<div class=\"elementor-widget-container\">\n\t\t\t\t\t\t\t\t\t<h4><strong>Attraktive Schwimmbad-Preise jeden Montag:<\/strong><\/h4><table border=\"1\" cellspacing=\"1\" cellpadding=\"1\"><thead><tr><th scope=\"col\"><strong>Bezeichnung<\/strong><\/th><th scope=\"col\"><strong>Preise<\/strong><\/th><th scope=\"col\"><strong>Preis am Aktions-<em>Montag<\/em><\/strong><\/th><\/tr><\/thead><tbody><tr><td data-label=\"Bezeichnung\">Tageskarte &#8211; Erw.<\/td><td data-label=\"Preise\">9,00 \u20ac<\/td><td data-label=\"Preis am Aktions-Montag\">6,50 \u20ac<\/td><\/tr><tr><td data-label=\"Bezeichnung\">Tageskarte &#8211; Kind<\/td><td data-label=\"Preise\">5,00 \u20ac<\/td><td data-label=\"Preis am Aktions-Montag\">3,50 \u20ac<\/td><\/tr><tr><td data-label=\"Bezeichnung\">Tageskarte &#8211; Familie<\/td><td data-label=\"Preise\">19,00 \u20ac<\/td><td data-label=\"Preis am Aktions-Montag\">14,00 \u20ac<\/td><\/tr><\/tbody><\/table><p><strong>Preise in EUR \/ Irrt\u00fcmer, Tippfehler &amp; \u00c4nderungen vorbehalten!<\/strong><\/p>\t\t\t\t\t\t\t\t<\/div>\n\t\t\t\t<\/div>\n\t\t\t\t<\/div>\n\t\t\t\t\t<\/details>\n\t\t\t\t\t<\/div>\n\t\t\t\t\t\t<\/div>\n\t\t\t\t<\/div>\n\t\t\t\t<div class=\"elementor-element elementor-element-6e44667 elementor-repeater-item-shadow_2 pa-display-conditions-yes elementor-repeater-item-none_hover elementor-widget elementor-widget-n-accordion\" data-id=\"6e44667\" data-element_type=\"widget\" data-e-type=\"widget\" data-settings=\"{&quot;default_state&quot;:&quot;all_collapsed&quot;,&quot;pa_display_conditions_switcher&quot;:&quot;yes&quot;,&quot;max_items_expended&quot;:&quot;one&quot;,&quot;n_accordion_animation_duration&quot;:{&quot;unit&quot;:&quot;ms&quot;,&quot;size&quot;:400,&quot;sizes&quot;:[]}}\" data-widget_type=\"nested-accordion.default\">\n\t\t\t\t<div class=\"elementor-widget-container\">\n\t\t\t\t\t\t\t<div class=\"e-n-accordion\" aria-label=\"Accordion. Open links with Enter or Space, close with Escape, and navigate with Arrow Keys\">\n\t\t\t\t\t\t<details id=\"e-n-accordion-item-1150\" class=\"e-n-accordion-item\" >\n\t\t\t\t<summary class=\"e-n-accordion-item-title\" data-accordion-index=\"1\" tabindex=\"0\" aria-expanded=\"false\" aria-controls=\"e-n-accordion-item-1150\" >\n\t\t\t\t\t<span class='e-n-accordion-item-title-header'><div class=\"e-n-accordion-item-title-text\"> \u00d6ffnungszeiten Winter <\/div><\/span>\n\t\t\t\t\t\t\t<span class='e-n-accordion-item-title-icon'>\n\t\t\t<span class='e-opened' ><i aria-hidden=\"true\" class=\"fas fa-minus\"><\/i><\/span>\n\t\t\t<span class='e-closed'><i aria-hidden=\"true\" class=\"fas fa-plus\"><\/i><\/span>\n\t\t<\/span>\n\n\t\t\t\t\t\t<\/summary>\n\t\t\t\t<div role=\"region\" aria-labelledby=\"e-n-accordion-item-1150\" class=\"elementor-element elementor-element-7749b4a e-con-full elementor-repeater-item-none_hover e-flex elementor-repeater-item-default_padding elementor-repeater-item-none e-con e-child\" data-id=\"7749b4a\" data-element_type=\"container\" data-e-type=\"container\" data-settings=\"{&quot;jet_parallax_layout_list&quot;:[],&quot;ang_container_spacing_size&quot;:&quot;default_padding&quot;}\">\n\t\t\t\t<div class=\"elementor-element elementor-element-e6a7ae2 elementor-widget__width-inherit elementor-repeater-item-none elementor-repeater-item-none_hover elementor-widget elementor-widget-text-editor\" data-id=\"e6a7ae2\" data-element_type=\"widget\" data-e-type=\"widget\" data-widget_type=\"text-editor.default\">\n\t\t\t\t<div class=\"elementor-widget-container\">\n\t\t\t\t\t\t\t\t\t<h3>\u00d6ffnungszeiten &#8211; Hallenbad und Sauna<\/h3><table border=\"1\" cellspacing=\"1\" cellpadding=\"1\" align=\"center\"><thead><tr><th scope=\"row\">\u00a0<\/th><th scope=\"col\"><strong>Hallenbad<\/strong><\/th><th scope=\"col\"><strong>Sauna<\/strong><\/th><\/tr><\/thead><tbody><tr><th scope=\"row\"><strong>Montag<\/strong><\/th><td data-label=\"Hallenbad\">10:00 &#8211; 21:00 Uhr<\/td><td data-label=\"Sauna\">12:00 &#8211; 21:00 Uhr<\/td><\/tr><tr><th scope=\"row\"><strong>Dienstag<\/strong><\/th><td data-label=\"Hallenbad\">10:00 &#8211; 21:00 Uhr<\/td><td data-label=\"Sauna\">12:00 &#8211; 21:00 Uhr<\/td><\/tr><tr><th scope=\"row\"><strong>Mittwoch<\/strong><\/th><td data-label=\"Hallenbad\">10:00 &#8211; 21:00 Uhr<\/td><td data-label=\"Sauna\">12:00 &#8211; 21:00 Uhr<\/td><\/tr><tr><th scope=\"row\"><strong>Donnerstag<\/strong><\/th><td data-label=\"Hallenbad\">10:00 &#8211; 21:00 Uhr<\/td><td data-label=\"Sauna\">12:00 &#8211; 21:00 Uhr<\/td><\/tr><tr><th scope=\"row\"><strong>Freitag<\/strong><\/th><td data-label=\"Hallenbad\">10:00 &#8211; 21:00 Uhr<\/td><td data-label=\"Sauna\">12:00 &#8211; 21:00 Uhr<\/td><\/tr><tr><th scope=\"row\"><strong>Samstag<\/strong><\/th><td data-label=\"Hallenbad\">10:00 &#8211; 19:00 Uhr<\/td><td data-label=\"Sauna\">12:00 &#8211; 19:00 Uhr\u00a0<\/td><\/tr><tr><th scope=\"row\"><strong>Sonntag &amp; Feiertag<\/strong><\/th><td data-label=\"Hallenbad\">10:00 &#8211; 19:00 Uhr\u00a0<\/td><td data-label=\"Sauna\">12:00 &#8211; 19:00 Uhr\u00a0<\/td><\/tr><\/tbody><\/table>\t\t\t\t\t\t\t\t<\/div>\n\t\t\t\t<\/div>\n\t\t\t\t<div class=\"elementor-element elementor-element-d4dc11c elementor-widget__width-inherit elementor-repeater-item-none elementor-repeater-item-none_hover elementor-widget elementor-widget-text-editor\" data-id=\"d4dc11c\" data-element_type=\"widget\" data-e-type=\"widget\" data-widget_type=\"text-editor.default\">\n\t\t\t\t<div class=\"elementor-widget-container\">\n\t\t\t\t\t\t\t\t\t<h3>\u00d6ffnungszeiten &#8211; Freibad<\/h3><table border=\"1\" cellspacing=\"1\" cellpadding=\"1\" align=\"center\"><thead><\/thead><tbody><tr><th scope=\"row\"><pre><strong><span style=\"font-size: 0.9em; text-align: start;\">Mitte Sept. - Mai<\/span><\/strong><\/pre><\/th><td data-label=\"Hallenbad\"><pre>geschlossen<\/pre><\/td><\/tr><\/tbody><\/table>\t\t\t\t\t\t\t\t<\/div>\n\t\t\t\t<\/div>\n\t\t\t\t<\/div>\n\t\t\t\t\t<\/details>\n\t\t\t\t\t<\/div>\n\t\t\t\t\t\t<\/div>\n\t\t\t\t<\/div>\n\t\t<div class=\"elementor-element elementor-element-66fe9c8 e-con-full elementor-repeater-item-ang_container_padding_4 elementor-repeater-item-shadow_2 sk-light-bg e-flex elementor-repeater-item-none_hover elementor-invisible e-con e-child\" data-id=\"66fe9c8\" data-element_type=\"container\" data-e-type=\"container\" data-settings=\"{&quot;ang_container_spacing_size&quot;:&quot;ang_container_padding_4&quot;,&quot;background_background&quot;:&quot;classic&quot;,&quot;jet_parallax_layout_list&quot;:[],&quot;animation&quot;:&quot;fadeInLeft&quot;}\">\n\t\t\t\t<div class=\"elementor-element elementor-element-a5ac603 elementor-widget__width-inherit elementor-repeater-item-none elementor-repeater-item-none_hover elementor-widget elementor-widget-heading\" data-id=\"a5ac603\" data-element_type=\"widget\" data-e-type=\"widget\" data-widget_type=\"heading.default\">\n\t\t\t\t<div class=\"elementor-widget-container\">\n\t\t\t\t\t<h4 class=\"elementor-heading-title elementor-size-default\"><b>Kontaktdaten Zugspitzbad<\/b><\/h4>\t\t\t\t<\/div>\n\t\t\t\t<\/div>\n\t\t\t\t<div class=\"elementor-element elementor-element-67dd8f4 elementor-widget__width-inherit elementor-repeater-item-none elementor-repeater-item-none_hover elementor-widget elementor-widget-text-editor\" data-id=\"67dd8f4\" data-element_type=\"widget\" data-e-type=\"widget\" data-widget_type=\"text-editor.default\">\n\t\t\t\t<div class=\"elementor-widget-container\">\n\t\t\t\t\t\t\t\t\t<p>Parkweg 8<br \/>82491 Grainau<\/p><div>Telefon: +49-8821-9818-26<\/div><p><a href=\"mailto:info@grainau.de\">zugspitzbad@grainau.de<\/a><\/p>\t\t\t\t\t\t\t\t<\/div>\n\t\t\t\t<\/div>\n\t\t\t\t<\/div>\n\t\t\t\t\t<\/div>\n\t\t\t\t<\/div>\n\t\t\t\t<\/div>\n\t\t","protected":false},"excerpt":{"rendered":"<p>Das Zugspitzbad ist vom 13. April bis 3. Mai 2026 komplett geschlossen (Revisionszeit). Das Freibad \u00f6ffnet dann am Samstag den 30. Mai. Betriebsferien Revisionszeiten von Montag den 13. April bis Sonntag den 03. Mai 2026 Revisionszeiten von Montag den 09. bis Sonntag den 29. November 2026 Revisionszeiten von Montag den 13. April bis Sonntag den [&hellip;]<\/p>\n","protected":false},"author":12,"featured_media":47069,"parent":0,"menu_order":0,"comment_status":"closed","ping_status":"closed","template":"","meta":{"iawp_total_views":147638,"footnotes":""},"categories":[],"tags":[],"class_list":["post-39198","page","type-page","status-publish","has-post-thumbnail","hentry"],"yoast_head":"<!-- This site is optimized with the Yoast SEO plugin v27.4 - https:\/\/yoast.com\/product\/yoast-seo-wordpress\/ -->\n<title>Zugspitzbad - Zugspitzdorf Grainau<\/title>\n<meta name=\"description\" content=\"Genie\u00dfen Sie Entspannung im Zugspitzbad Grainau: Panorama-Hallenbad, Saunalandschaft &amp; Familienbereich \u2013 mit Blick auf die Zugspitze. Jetzt entdecken!\" \/>\n<meta name=\"robots\" content=\"index, follow, max-snippet:-1, max-image-preview:large, max-video-preview:-1\" \/>\n<link rel=\"canonical\" href=\"https:\/\/www.grainau.de\/en\/zugspitzbad\/\" \/>\n<meta property=\"og:locale\" content=\"en_US\" \/>\n<meta property=\"og:type\" content=\"article\" \/>\n<meta property=\"og:title\" content=\"Zugspitzbad - Zugspitzdorf Grainau\" \/>\n<meta property=\"og:description\" content=\"Genie\u00dfen Sie Entspannung im Zugspitzbad Grainau: Panorama-Hallenbad, Saunalandschaft &amp; Familienbereich \u2013 mit Blick auf die Zugspitze. Jetzt entdecken!\" \/>\n<meta property=\"og:url\" content=\"https:\/\/www.grainau.de\/en\/zugspitzbad\/\" \/>\n<meta property=\"og:site_name\" content=\"Zugspitzdorf Grainau\" \/>\n<meta property=\"article:modified_time\" content=\"2026-04-16T13:30:20+00:00\" \/>\n<meta property=\"og:image\" content=\"https:\/\/www.grainau.de\/wp-content\/uploads\/2025\/09\/\u00a9Zugspitzdorf-Grainau-\u2013Ehn-195-scaled-e1772791959728.jpg\" \/>\n\t<meta property=\"og:image:width\" content=\"2048\" \/>\n\t<meta property=\"og:image:height\" content=\"963\" \/>\n\t<meta property=\"og:image:type\" content=\"image\/jpeg\" \/>\n<meta name=\"twitter:card\" content=\"summary_large_image\" \/>\n<meta name=\"twitter:label1\" content=\"Est. reading time\" \/>\n\t<meta name=\"twitter:data1\" content=\"18 minutes\" \/>\n<script type=\"application\/ld+json\" class=\"yoast-schema-graph\">{\"@context\":\"https:\\\/\\\/schema.org\",\"@graph\":[{\"@type\":\"WebPage\",\"@id\":\"https:\\\/\\\/www.grainau.de\\\/zugspitzbad\\\/\",\"url\":\"https:\\\/\\\/www.grainau.de\\\/zugspitzbad\\\/\",\"name\":\"Zugspitzbad - Zugspitzdorf Grainau\",\"isPartOf\":{\"@id\":\"https:\\\/\\\/www.grainau.de\\\/#website\"},\"primaryImageOfPage\":{\"@id\":\"https:\\\/\\\/www.grainau.de\\\/zugspitzbad\\\/#primaryimage\"},\"image\":{\"@id\":\"https:\\\/\\\/www.grainau.de\\\/zugspitzbad\\\/#primaryimage\"},\"thumbnailUrl\":\"https:\\\/\\\/www.grainau.de\\\/wp-content\\\/uploads\\\/2025\\\/09\\\/\u00a9Zugspitzdorf-Grainau-\u2013Ehn-195-scaled-e1772791959728.jpg\",\"datePublished\":\"2024-12-10T22:55:33+00:00\",\"dateModified\":\"2026-04-16T13:30:20+00:00\",\"description\":\"Genie\u00dfen Sie Entspannung im Zugspitzbad Grainau: Panorama-Hallenbad, Saunalandschaft & Familienbereich \u2013 mit Blick auf die Zugspitze. Jetzt entdecken!\",\"breadcrumb\":{\"@id\":\"https:\\\/\\\/www.grainau.de\\\/zugspitzbad\\\/#breadcrumb\"},\"inLanguage\":\"en-US\",\"potentialAction\":[{\"@type\":\"ReadAction\",\"target\":[\"https:\\\/\\\/www.grainau.de\\\/zugspitzbad\\\/\"]}]},{\"@type\":\"ImageObject\",\"inLanguage\":\"en-US\",\"@id\":\"https:\\\/\\\/www.grainau.de\\\/zugspitzbad\\\/#primaryimage\",\"url\":\"https:\\\/\\\/www.grainau.de\\\/wp-content\\\/uploads\\\/2025\\\/09\\\/\u00a9Zugspitzdorf-Grainau-\u2013Ehn-195-scaled-e1772791959728.jpg\",\"contentUrl\":\"https:\\\/\\\/www.grainau.de\\\/wp-content\\\/uploads\\\/2025\\\/09\\\/\u00a9Zugspitzdorf-Grainau-\u2013Ehn-195-scaled-e1772791959728.jpg\",\"width\":2048,\"height\":963},{\"@type\":\"BreadcrumbList\",\"@id\":\"https:\\\/\\\/www.grainau.de\\\/zugspitzbad\\\/#breadcrumb\",\"itemListElement\":[{\"@type\":\"ListItem\",\"position\":1,\"name\":\"Home\",\"item\":\"https:\\\/\\\/www.grainau.de\\\/\"},{\"@type\":\"ListItem\",\"position\":2,\"name\":\"Zugspitzbad\"}]},{\"@type\":\"WebSite\",\"@id\":\"https:\\\/\\\/www.grainau.de\\\/#website\",\"url\":\"https:\\\/\\\/www.grainau.de\\\/\",\"name\":\"Zugspitzdorf Grainau\",\"description\":\"\",\"publisher\":{\"@id\":\"https:\\\/\\\/www.grainau.de\\\/#organization\"},\"potentialAction\":[{\"@type\":\"SearchAction\",\"target\":{\"@type\":\"EntryPoint\",\"urlTemplate\":\"https:\\\/\\\/www.grainau.de\\\/?s={search_term_string}\"},\"query-input\":{\"@type\":\"PropertyValueSpecification\",\"valueRequired\":true,\"valueName\":\"search_term_string\"}}],\"inLanguage\":\"en-US\"},{\"@type\":\"Organization\",\"@id\":\"https:\\\/\\\/www.grainau.de\\\/#organization\",\"name\":\"Zugspitzdorf Grainau\",\"url\":\"https:\\\/\\\/www.grainau.de\\\/\",\"logo\":{\"@type\":\"ImageObject\",\"inLanguage\":\"en-US\",\"@id\":\"https:\\\/\\\/www.grainau.de\\\/#\\\/schema\\\/logo\\\/image\\\/\",\"url\":\"\",\"contentUrl\":\"\",\"caption\":\"Zugspitzdorf Grainau\"},\"image\":{\"@id\":\"https:\\\/\\\/www.grainau.de\\\/#\\\/schema\\\/logo\\\/image\\\/\"}}]}<\/script>\n<!-- \/ Yoast SEO plugin. -->","yoast_head_json":{"title":"Zugspitzbad - Zugspitzdorf Grainau","description":"Enjoy relaxation at the Zugspitzbad Grainau: panoramic indoor pool, sauna area &amp; family area - with a view of the Zugspitze. Discover it now!","robots":{"index":"index","follow":"follow","max-snippet":"max-snippet:-1","max-image-preview":"max-image-preview:large","max-video-preview":"max-video-preview:-1"},"canonical":"https:\/\/www.grainau.de\/en\/zugspitzbad\/","og_locale":"en_US","og_type":"article","og_title":"Zugspitzbad - Zugspitzdorf Grainau","og_description":"Genie\u00dfen Sie Entspannung im Zugspitzbad Grainau: Panorama-Hallenbad, Saunalandschaft & Familienbereich \u2013 mit Blick auf die Zugspitze. Jetzt entdecken!","og_url":"https:\/\/www.grainau.de\/en\/zugspitzbad\/","og_site_name":"Zugspitzdorf Grainau","article_modified_time":"2026-04-16T13:30:20+00:00","og_image":[{"width":2048,"height":963,"url":"https:\/\/www.grainau.de\/wp-content\/uploads\/2025\/09\/\u00a9Zugspitzdorf-Grainau-\u2013Ehn-195-scaled-e1772791959728.jpg","type":"image\/jpeg"}],"twitter_card":"summary_large_image","twitter_misc":{"Est. reading time":"18 minutes"},"schema":{"@context":"https:\/\/schema.org","@graph":[{"@type":"WebPage","@id":"https:\/\/www.grainau.de\/zugspitzbad\/","url":"https:\/\/www.grainau.de\/zugspitzbad\/","name":"Zugspitzbad - Zugspitzdorf Grainau","isPartOf":{"@id":"https:\/\/www.grainau.de\/#website"},"primaryImageOfPage":{"@id":"https:\/\/www.grainau.de\/zugspitzbad\/#primaryimage"},"image":{"@id":"https:\/\/www.grainau.de\/zugspitzbad\/#primaryimage"},"thumbnailUrl":"https:\/\/www.grainau.de\/wp-content\/uploads\/2025\/09\/\u00a9Zugspitzdorf-Grainau-\u2013Ehn-195-scaled-e1772791959728.jpg","datePublished":"2024-12-10T22:55:33+00:00","dateModified":"2026-04-16T13:30:20+00:00","description":"Enjoy relaxation at the Zugspitzbad Grainau: panoramic indoor pool, sauna area &amp; family area - with a view of the Zugspitze. Discover it now!","breadcrumb":{"@id":"https:\/\/www.grainau.de\/zugspitzbad\/#breadcrumb"},"inLanguage":"en-US","potentialAction":[{"@type":"ReadAction","target":["https:\/\/www.grainau.de\/zugspitzbad\/"]}]},{"@type":"ImageObject","inLanguage":"en-US","@id":"https:\/\/www.grainau.de\/zugspitzbad\/#primaryimage","url":"https:\/\/www.grainau.de\/wp-content\/uploads\/2025\/09\/\u00a9Zugspitzdorf-Grainau-\u2013Ehn-195-scaled-e1772791959728.jpg","contentUrl":"https:\/\/www.grainau.de\/wp-content\/uploads\/2025\/09\/\u00a9Zugspitzdorf-Grainau-\u2013Ehn-195-scaled-e1772791959728.jpg","width":2048,"height":963},{"@type":"BreadcrumbList","@id":"https:\/\/www.grainau.de\/zugspitzbad\/#breadcrumb","itemListElement":[{"@type":"ListItem","position":1,"name":"Home","item":"https:\/\/www.grainau.de\/"},{"@type":"ListItem","position":2,"name":"Zugspitzbad"}]},{"@type":"WebSite","@id":"https:\/\/www.grainau.de\/#website","url":"https:\/\/www.grainau.de\/","name":"Zugspitz village Grainau","description":"","publisher":{"@id":"https:\/\/www.grainau.de\/#organization"},"potentialAction":[{"@type":"SearchAction","target":{"@type":"EntryPoint","urlTemplate":"https:\/\/www.grainau.de\/?s={search_term_string}"},"query-input":{"@type":"PropertyValueSpecification","valueRequired":true,"valueName":"search_term_string"}}],"inLanguage":"en-US"},{"@type":"Organization","@id":"https:\/\/www.grainau.de\/#organization","name":"Zugspitz village Grainau","url":"https:\/\/www.grainau.de\/","logo":{"@type":"ImageObject","inLanguage":"en-US","@id":"https:\/\/www.grainau.de\/#\/schema\/logo\/image\/","url":"","contentUrl":"","caption":"Zugspitzdorf Grainau"},"image":{"@id":"https:\/\/www.grainau.de\/#\/schema\/logo\/image\/"}}]}},"_links":{"self":[{"href":"https:\/\/www.grainau.de\/en\/wp-json\/wp\/v2\/pages\/39198","targetHints":{"allow":["GET"]}}],"collection":[{"href":"https:\/\/www.grainau.de\/en\/wp-json\/wp\/v2\/pages"}],"about":[{"href":"https:\/\/www.grainau.de\/en\/wp-json\/wp\/v2\/types\/page"}],"author":[{"embeddable":true,"href":"https:\/\/www.grainau.de\/en\/wp-json\/wp\/v2\/users\/12"}],"replies":[{"embeddable":true,"href":"https:\/\/www.grainau.de\/en\/wp-json\/wp\/v2\/comments?post=39198"}],"version-history":[{"count":10,"href":"https:\/\/www.grainau.de\/en\/wp-json\/wp\/v2\/pages\/39198\/revisions"}],"predecessor-version":[{"id":49757,"href":"https:\/\/www.grainau.de\/en\/wp-json\/wp\/v2\/pages\/39198\/revisions\/49757"}],"wp:featuredmedia":[{"embeddable":true,"href":"https:\/\/www.grainau.de\/en\/wp-json\/wp\/v2\/media\/47069"}],"wp:attachment":[{"href":"https:\/\/www.grainau.de\/en\/wp-json\/wp\/v2\/media?parent=39198"}],"wp:term":[{"taxonomy":"category","embeddable":true,"href":"https:\/\/www.grainau.de\/en\/wp-json\/wp\/v2\/categories?post=39198"},{"taxonomy":"post_tag","embeddable":true,"href":"https:\/\/www.grainau.de\/en\/wp-json\/wp\/v2\/tags?post=39198"}],"curies":[{"name":"wp","href":"https:\/\/api.w.org\/{rel}","templated":true}]}}