{"id":39288,"date":"2024-12-11T00:06:30","date_gmt":"2024-12-10T23:06:30","guid":{"rendered":"https:\/\/grainau-tourismus.gemeinde-entwickler.de\/?page_id=39288"},"modified":"2025-08-01T08:43:06","modified_gmt":"2025-08-01T06:43:06","slug":"seen","status":"publish","type":"page","link":"https:\/\/www.grainau.de\/en\/seen\/","title":{"rendered":"Lakes"},"content":{"rendered":"<div data-elementor-type=\"wp-page\" data-elementor-id=\"39288\" class=\"elementor elementor-39288\" data-elementor-post-type=\"page\">\n\t\t\t\t<div class=\"elementor-element elementor-element-0a91b0f elementor-repeater-item-ang_container_padding_3 sk-dark-bg e-flex e-con-boxed elementor-repeater-item-none elementor-repeater-item-none_hover e-con e-parent\" data-id=\"0a91b0f\" data-element_type=\"container\" data-e-type=\"container\" data-settings=\"{&quot;jet_parallax_layout_list&quot;:[],&quot;background_background&quot;:&quot;classic&quot;,&quot;ang_container_spacing_size&quot;:&quot;ang_container_padding_3&quot;}\">\n\t\t\t\t\t<div class=\"e-con-inner\">\n\t\t<div class=\"elementor-element elementor-element-519c618 e-con-full elementor-repeater-item-ang_container_padding_4 elementor-repeater-item-shadow_2 sk-light-bg e-flex elementor-repeater-item-none_hover elementor-invisible e-con e-child\" data-id=\"519c618\" data-element_type=\"container\" data-e-type=\"container\" data-settings=\"{&quot;ang_container_spacing_size&quot;:&quot;ang_container_padding_4&quot;,&quot;background_background&quot;:&quot;classic&quot;,&quot;jet_parallax_layout_list&quot;:[],&quot;animation&quot;:&quot;fadeInLeft&quot;}\">\n\t\t\t\t<div class=\"elementor-element elementor-element-7e0c306 elementor-widget__width-inherit elementor-repeater-item-none elementor-repeater-item-none_hover elementor-widget elementor-widget-heading\" data-id=\"7e0c306\" data-element_type=\"widget\" data-e-type=\"widget\" data-widget_type=\"heading.default\">\n\t\t\t\t<div class=\"elementor-widget-container\">\n\t\t\t\t\t<h3 class=\"elementor-heading-title elementor-size-default\">Water, reflections, foggy moods - addiction to lakes<\/h3>\t\t\t\t<\/div>\n\t\t\t\t<\/div>\n\t\t\t\t<div class=\"elementor-element elementor-element-9ddd18f elementor-widget__width-inherit elementor-repeater-item-none elementor-repeater-item-none_hover elementor-widget elementor-widget-text-editor\" data-id=\"9ddd18f\" data-element_type=\"widget\" data-e-type=\"widget\" data-widget_type=\"text-editor.default\">\n\t\t\t\t<div class=\"elementor-widget-container\">\n\t\t\t\t\t\t\t\t\t<p>A trip to the lake is always an experience - at any time of year. Here are a few lakes that are no more than 30 minutes by car from Grainau.<\/p>\t\t\t\t\t\t\t\t<\/div>\n\t\t\t\t<\/div>\n\t\t\t\t<\/div>\n\t\t\t\t<div class=\"elementor-element elementor-element-75b7cff elementor-repeater-item-none elementor-repeater-item-none_hover elementor-widget elementor-widget-n-accordion\" data-id=\"75b7cff\" data-element_type=\"widget\" data-e-type=\"widget\" data-settings=\"{&quot;default_state&quot;:&quot;all_collapsed&quot;,&quot;max_items_expended&quot;:&quot;one&quot;,&quot;n_accordion_animation_duration&quot;:{&quot;unit&quot;:&quot;ms&quot;,&quot;size&quot;:400,&quot;sizes&quot;:[]}}\" data-widget_type=\"nested-accordion.default\">\n\t\t\t\t<div class=\"elementor-widget-container\">\n\t\t\t\t\t\t\t<div class=\"e-n-accordion\" aria-label=\"Accordion. Open links with Enter or Space, close with Escape, and navigate with Arrow Keys\">\n\t\t\t\t\t\t<details id=\"e-n-accordion-item-1230\" class=\"e-n-accordion-item\" >\n\t\t\t\t<summary class=\"e-n-accordion-item-title\" data-accordion-index=\"1\" tabindex=\"0\" aria-expanded=\"false\" aria-controls=\"e-n-accordion-item-1230\" >\n\t\t\t\t\t<span class='e-n-accordion-item-title-header'><div class=\"e-n-accordion-item-title-text\"> The Badersee <\/div><\/span>\n\t\t\t\t\t\t\t<span class='e-n-accordion-item-title-icon'>\n\t\t\t<span class='e-opened' ><i aria-hidden=\"true\" class=\"fas fa-minus\"><\/i><\/span>\n\t\t\t<span class='e-closed'><i aria-hidden=\"true\" class=\"fas fa-plus\"><\/i><\/span>\n\t\t<\/span>\n\n\t\t\t\t\t\t<\/summary>\n\t\t\t\t<div role=\"region\" aria-labelledby=\"e-n-accordion-item-1230\" class=\"elementor-element elementor-element-f4024fc e-con-full elementor-repeater-item-none_hover e-flex elementor-repeater-item-default_padding elementor-repeater-item-none e-con e-child\" data-id=\"f4024fc\" data-element_type=\"container\" data-e-type=\"container\" data-settings=\"{&quot;jet_parallax_layout_list&quot;:[],&quot;ang_container_spacing_size&quot;:&quot;default_padding&quot;}\">\n\t\t\t\t<div class=\"elementor-element elementor-element-d10a50a elementor-repeater-item-none elementor-repeater-item-none_hover elementor-widget elementor-widget-text-editor\" data-id=\"d10a50a\" data-element_type=\"widget\" data-e-type=\"widget\" data-widget_type=\"text-editor.default\">\n\t\t\t\t<div class=\"elementor-widget-container\">\n\t\t\t\t\t\t\t\t\t<strong>The emerald green mountain lake<\/strong>\n<br>Picturesquely nestled at the foot of the Zugspitze massif with unforgettable views of the Waxenstein and Zugspitze, you will find an island of relaxation and recreation here.\n\nThe Badersee is a small mountain lake in the municipality of Grainau. The lake got its name from its former owners, the Bader family. The emerald green lake is beautifully situated. It is 18 m deep and underground springs prevent the lake from freezing even in winter. Lake Bader has no inflow or outflow above ground. In the lake, to the west of the island, there is a life-size sculpture of a mermaid on a boulder at a depth of around 5 meters. The art object was placed there in the middle of the 19th century and can be easily seen from the boat. The sculpture played a major role in making the lake famous.\n\n<u>Tip:<\/u>\n\nEnjoy the Badersee on a short tour. Perhaps you will discover the mermaid at the bottom of the lake in the crystal-clear water. Afterwards, it's worth stopping off at the<strong><a href=\"https:\/\/www.hotelambadersee.de\/\" target=\"_blank\" rel=\"noopener noreferrer nofollow\">\u00a0Hotel am Badersee.<\/a><\/strong>\n\t\t\t\t\t\t\t\t<\/div>\n\t\t\t\t<\/div>\n\t\t\t\t<div class=\"elementor-element elementor-element-fe0d09b external_elementor-repeater-item-none_external elementor-repeater-item-none elementor-repeater-item-none_hover elementor-widget elementor-widget-image\" data-id=\"fe0d09b\" data-element_type=\"widget\" data-e-type=\"widget\" data-widget_type=\"image.default\">\n\t\t\t\t<div class=\"elementor-widget-container\">\n\t\t\t\t\t\t\t\t\t\t\t\t\t\t\t<img fetchpriority=\"high\" decoding=\"async\" data-description=\"Zugspitzdorf Grainau - Wolfgang Ehn\" width=\"830\" height=\"471\" src=\"https:\/\/www.grainau.de\/wp-content\/uploads\/2024\/12\/badersee-mit-blick-auf-insel.jpeg\" class=\"attachment-full size-full wp-image-39765\" alt=\"badersee-mit-blick-auf-insel\" srcset=\"https:\/\/www.grainau.de\/wp-content\/uploads\/2024\/12\/badersee-mit-blick-auf-insel.jpeg 830w, https:\/\/www.grainau.de\/wp-content\/uploads\/2024\/12\/badersee-mit-blick-auf-insel-300x170.jpeg 300w, https:\/\/www.grainau.de\/wp-content\/uploads\/2024\/12\/badersee-mit-blick-auf-insel-768x436.jpeg 768w\" sizes=\"(max-width: 830px) 100vw, 830px\" \/>\t\t\t\t\t\t\t\t\t\t\t\t\t\t\t<\/div>\n\t\t\t\t<\/div>\n\t\t\t\t<\/div>\n\t\t\t\t\t<\/details>\n\t\t\t\t\t<\/div>\n\t\t\t\t\t\t<\/div>\n\t\t\t\t<\/div>\n\t\t\t\t<div class=\"elementor-element elementor-element-a528129 elementor-repeater-item-none elementor-repeater-item-none_hover elementor-widget elementor-widget-n-accordion\" data-id=\"a528129\" data-element_type=\"widget\" data-e-type=\"widget\" data-settings=\"{&quot;default_state&quot;:&quot;all_collapsed&quot;,&quot;max_items_expended&quot;:&quot;one&quot;,&quot;n_accordion_animation_duration&quot;:{&quot;unit&quot;:&quot;ms&quot;,&quot;size&quot;:400,&quot;sizes&quot;:[]}}\" data-widget_type=\"nested-accordion.default\">\n\t\t\t\t<div class=\"elementor-widget-container\">\n\t\t\t\t\t\t\t<div class=\"e-n-accordion\" aria-label=\"Accordion. Open links with Enter or Space, close with Escape, and navigate with Arrow Keys\">\n\t\t\t\t\t\t<details id=\"e-n-accordion-item-1730\" class=\"e-n-accordion-item\" >\n\t\t\t\t<summary class=\"e-n-accordion-item-title\" data-accordion-index=\"1\" tabindex=\"0\" aria-expanded=\"false\" aria-controls=\"e-n-accordion-item-1730\" >\n\t\t\t\t\t<span class='e-n-accordion-item-title-header'><div class=\"e-n-accordion-item-title-text\"> The Riessersee <\/div><\/span>\n\t\t\t\t\t\t\t<span class='e-n-accordion-item-title-icon'>\n\t\t\t<span class='e-opened' ><i aria-hidden=\"true\" class=\"fas fa-minus\"><\/i><\/span>\n\t\t\t<span class='e-closed'><i aria-hidden=\"true\" class=\"fas fa-plus\"><\/i><\/span>\n\t\t<\/span>\n\n\t\t\t\t\t\t<\/summary>\n\t\t\t\t<div role=\"region\" aria-labelledby=\"e-n-accordion-item-1730\" class=\"elementor-element elementor-element-93dddb5 e-con-full elementor-repeater-item-none_hover e-flex elementor-repeater-item-default_padding elementor-repeater-item-none e-con e-child\" data-id=\"93dddb5\" data-element_type=\"container\" data-e-type=\"container\" data-settings=\"{&quot;jet_parallax_layout_list&quot;:[],&quot;ang_container_spacing_size&quot;:&quot;default_padding&quot;}\">\n\t\t\t\t<div class=\"elementor-element elementor-element-079bea6 elementor-repeater-item-none elementor-repeater-item-none_hover elementor-widget elementor-widget-text-editor\" data-id=\"079bea6\" data-element_type=\"widget\" data-e-type=\"widget\" data-widget_type=\"text-editor.default\">\n\t\t\t\t<div class=\"elementor-widget-container\">\n\t\t\t\t\t\t\t\t\t<p><strong>At the historic bobsleigh run<\/strong><br \/><br \/>Lake Riessersee was artificially created in a forest clearing in the Middle Ages and lies at an altitude of around 785 meters. The water supply is mainly provided by a hillside spring on the south-eastern shore.<\/p><p>The lake is also the namesake of the traditional winter sports club and ice hockey club SC Riessersee, which used to play its matches on the frozen lake.<\/p><p>A circular path leads directly around the lake in about 30 minutes.<\/p><p>Many ice sports competitions used to be held on the lake, such as speed skating and ice hockey at the 1936 Olympic Games. The lake first became famous for the legendary 1936 Olympic bobsleigh run, which was built in 1909 and is now a listed building. From 1910, numerous races were held here on one of the most dangerous tracks in the world. The finish curve of the historic natural bobsleigh run is located in the south-west of the lake. Just a few hundred meters from the lake is the\u00a0<a href=\"http:\/\/www.scr-bob.de\/bobmuseum.html\" target=\"_blank\" rel=\"noopener noreferrer nofollow\">\"Bobshed\"<\/a>\u00a0with numerous historical exhibits and original film material.<\/p><p><strong>Data on the Rie\u00dfersee:<\/strong><\/p><table border=\"1\" cellspacing=\"1\" cellpadding=\"1\"><tbody><tr><td><strong>Surface area<\/strong><\/td><td><strong>Length<\/strong><\/td><td><strong>Width<\/strong><\/td><td><strong>Depth<\/strong><\/td><\/tr><tr><td>3.05 ha<\/td><td>480 m<\/td><td>70 m<\/td><td>3,5 m<\/td><\/tr><\/tbody><\/table><div class=\"textWrapper\" data-ident=\"{a9bc6f7a-5558-dfa5-f2a5-e6b99f067cc0}\"><article class=\"bodyCopy grid__el--lg--10 grid__el--ty--12 responsiveTable\">On the southern side there is a small lido with a kiosk and boat hire. The water temperature in summer is up to 24\u00b0C, making it a popular bathing lake.\u00a0<a href=\"https:\/\/www.riessersee-hotel.de\/kulinarik\" target=\"_blank\" rel=\"noopener noreferrer nofollow\">Lake restaurant Rie\u00dfersee<\/a>. From there you can enjoy a unique view of the Waxensteine and the Zugspitze.<\/article><\/div>\t\t\t\t\t\t\t\t<\/div>\n\t\t\t\t<\/div>\n\t\t\t\t<div class=\"elementor-element elementor-element-68eb45f external_elementor-repeater-item-none_external elementor-repeater-item-none elementor-repeater-item-none_hover elementor-widget elementor-widget-image\" data-id=\"68eb45f\" data-element_type=\"widget\" data-e-type=\"widget\" data-widget_type=\"image.default\">\n\t\t\t\t<div class=\"elementor-widget-container\">\n\t\t\t\t\t\t\t\t\t\t\t\t\t\t\t<img decoding=\"async\" data-description=\"Riessersee Hotel\" width=\"830\" height=\"471\" src=\"https:\/\/www.grainau.de\/wp-content\/uploads\/2024\/12\/riessersee-in-garmisch-partenkirchen.jpeg\" class=\"attachment-full size-full wp-image-39766\" alt=\"riessersee-in-garmisch-partenkirchen mit Boot\" srcset=\"https:\/\/www.grainau.de\/wp-content\/uploads\/2024\/12\/riessersee-in-garmisch-partenkirchen.jpeg 830w, https:\/\/www.grainau.de\/wp-content\/uploads\/2024\/12\/riessersee-in-garmisch-partenkirchen-300x170.jpeg 300w, https:\/\/www.grainau.de\/wp-content\/uploads\/2024\/12\/riessersee-in-garmisch-partenkirchen-768x436.jpeg 768w\" sizes=\"(max-width: 830px) 100vw, 830px\" \/>\t\t\t\t\t\t\t\t\t\t\t\t\t\t\t<\/div>\n\t\t\t\t<\/div>\n\t\t\t\t<\/div>\n\t\t\t\t\t<\/details>\n\t\t\t\t\t<\/div>\n\t\t\t\t\t\t<\/div>\n\t\t\t\t<\/div>\n\t\t\t\t<div class=\"elementor-element elementor-element-3e6bc06 elementor-repeater-item-none elementor-repeater-item-none_hover elementor-widget elementor-widget-n-accordion\" data-id=\"3e6bc06\" data-element_type=\"widget\" data-e-type=\"widget\" data-settings=\"{&quot;default_state&quot;:&quot;all_collapsed&quot;,&quot;max_items_expended&quot;:&quot;one&quot;,&quot;n_accordion_animation_duration&quot;:{&quot;unit&quot;:&quot;ms&quot;,&quot;size&quot;:400,&quot;sizes&quot;:[]}}\" data-widget_type=\"nested-accordion.default\">\n\t\t\t\t<div class=\"elementor-widget-container\">\n\t\t\t\t\t\t\t<div class=\"e-n-accordion\" aria-label=\"Accordion. Open links with Enter or Space, close with Escape, and navigate with Arrow Keys\">\n\t\t\t\t\t\t<details id=\"e-n-accordion-item-6540\" class=\"e-n-accordion-item\" >\n\t\t\t\t<summary class=\"e-n-accordion-item-title\" data-accordion-index=\"1\" tabindex=\"0\" aria-expanded=\"false\" aria-controls=\"e-n-accordion-item-6540\" >\n\t\t\t\t\t<span class='e-n-accordion-item-title-header'><div class=\"e-n-accordion-item-title-text\"> Pflegersee with lido <\/div><\/span>\n\t\t\t\t\t\t\t<span class='e-n-accordion-item-title-icon'>\n\t\t\t<span class='e-opened' ><i aria-hidden=\"true\" class=\"fas fa-minus\"><\/i><\/span>\n\t\t\t<span class='e-closed'><i aria-hidden=\"true\" class=\"fas fa-plus\"><\/i><\/span>\n\t\t<\/span>\n\n\t\t\t\t\t\t<\/summary>\n\t\t\t\t<div role=\"region\" aria-labelledby=\"e-n-accordion-item-6540\" class=\"elementor-element elementor-element-1cb2018 e-con-full elementor-repeater-item-none_hover e-flex elementor-repeater-item-default_padding elementor-repeater-item-none e-con e-child\" data-id=\"1cb2018\" data-element_type=\"container\" data-e-type=\"container\" data-settings=\"{&quot;jet_parallax_layout_list&quot;:[],&quot;ang_container_spacing_size&quot;:&quot;default_padding&quot;}\">\n\t\t\t\t<div class=\"elementor-element elementor-element-c5ff2bc elementor-repeater-item-none elementor-repeater-item-none_hover elementor-widget elementor-widget-text-editor\" data-id=\"c5ff2bc\" data-element_type=\"widget\" data-e-type=\"widget\" data-widget_type=\"text-editor.default\">\n\t\t\t\t<div class=\"elementor-widget-container\">\n\t\t\t\t\t\t\t\t\t<strong>The bathing lake under the King's Stand<\/strong>\nThe Pflegersee is located approx. 2 km from Garmisch-Partenkirchen and approx. 11 km from Grainau. In the Middle Ages, it provided the water supply for the nearby Werdenfels castle ruins and has been a popular excursion destination since the 1930s.\n\nOn the north bank is the\u00a0<a href=\"https:\/\/pflegersee.com\/\" target=\"_blank\" rel=\"noopener noreferrer nofollow\">Pflegersee mountain inn<\/a>\u00a0and on the eastern bank is the lido with a kiosk and rowing boat hire.\n\nThe water temperature is between 18\u00b0 and 22\u00b0 in the summer months. The Pflegersee is a popular little bathing lake, especially with the locals.\n\n<strong>Data of the Pflegersee:<\/strong>\n<table border=\"1\" cellspacing=\"1\" cellpadding=\"1\">\n<tbody>\n<tr>\n<td><strong>Surface area<\/strong><\/td>\n<td><strong>Length<\/strong><\/td>\n<td><strong>Width<\/strong><\/td>\n<td><strong>Depth<\/strong><\/td>\n<\/tr>\n<tr>\n<td>2.14 ha<\/td>\n<td>200 m<\/td>\n<td>155 m<\/td>\n<td>3,20 m<\/td>\n<\/tr>\n<\/tbody>\n<\/table>\t\t\t\t\t\t\t\t<\/div>\n\t\t\t\t<\/div>\n\t\t\t\t<div class=\"elementor-element elementor-element-fe5ff84 external_elementor-repeater-item-none_external elementor-repeater-item-none elementor-repeater-item-none_hover elementor-widget elementor-widget-image\" data-id=\"fe5ff84\" data-element_type=\"widget\" data-e-type=\"widget\" data-widget_type=\"image.default\">\n\t\t\t\t<div class=\"elementor-widget-container\">\n\t\t\t\t\t\t\t\t\t\t\t\t\t\t\t<img decoding=\"async\" data-description=\"Pflegersee Garmisch\" width=\"800\" height=\"471\" src=\"https:\/\/www.grainau.de\/wp-content\/uploads\/2024\/12\/pflegersee-in-garmisch-partenkirchen.jpeg\" class=\"attachment-full size-full wp-image-39767\" alt=\"pflegersee-in-garmisch-partenkirchen\" srcset=\"https:\/\/www.grainau.de\/wp-content\/uploads\/2024\/12\/pflegersee-in-garmisch-partenkirchen.jpeg 800w, https:\/\/www.grainau.de\/wp-content\/uploads\/2024\/12\/pflegersee-in-garmisch-partenkirchen-300x177.jpeg 300w, https:\/\/www.grainau.de\/wp-content\/uploads\/2024\/12\/pflegersee-in-garmisch-partenkirchen-768x452.jpeg 768w\" sizes=\"(max-width: 800px) 100vw, 800px\" \/>\t\t\t\t\t\t\t\t\t\t\t\t\t\t\t<\/div>\n\t\t\t\t<\/div>\n\t\t\t\t<\/div>\n\t\t\t\t\t<\/details>\n\t\t\t\t\t<\/div>\n\t\t\t\t\t\t<\/div>\n\t\t\t\t<\/div>\n\t\t\t\t<div class=\"elementor-element elementor-element-f6f2719 elementor-repeater-item-none elementor-repeater-item-none_hover elementor-widget elementor-widget-n-accordion\" data-id=\"f6f2719\" data-element_type=\"widget\" data-e-type=\"widget\" data-settings=\"{&quot;default_state&quot;:&quot;all_collapsed&quot;,&quot;max_items_expended&quot;:&quot;one&quot;,&quot;n_accordion_animation_duration&quot;:{&quot;unit&quot;:&quot;ms&quot;,&quot;size&quot;:400,&quot;sizes&quot;:[]}}\" data-widget_type=\"nested-accordion.default\">\n\t\t\t\t<div class=\"elementor-widget-container\">\n\t\t\t\t\t\t\t<div class=\"e-n-accordion\" aria-label=\"Accordion. Open links with Enter or Space, close with Escape, and navigate with Arrow Keys\">\n\t\t\t\t\t\t<details id=\"e-n-accordion-item-2580\" class=\"e-n-accordion-item\" >\n\t\t\t\t<summary class=\"e-n-accordion-item-title\" data-accordion-index=\"1\" tabindex=\"0\" aria-expanded=\"false\" aria-controls=\"e-n-accordion-item-2580\" >\n\t\t\t\t\t<span class='e-n-accordion-item-title-header'><div class=\"e-n-accordion-item-title-text\"> The Staffelsee <\/div><\/span>\n\t\t\t\t\t\t\t<span class='e-n-accordion-item-title-icon'>\n\t\t\t<span class='e-opened' ><i aria-hidden=\"true\" class=\"fas fa-minus\"><\/i><\/span>\n\t\t\t<span class='e-closed'><i aria-hidden=\"true\" class=\"fas fa-plus\"><\/i><\/span>\n\t\t<\/span>\n\n\t\t\t\t\t\t<\/summary>\n\t\t\t\t<div role=\"region\" aria-labelledby=\"e-n-accordion-item-2580\" class=\"elementor-element elementor-element-770b148 e-con-full elementor-repeater-item-none_hover e-flex elementor-repeater-item-default_padding elementor-repeater-item-none e-con e-child\" data-id=\"770b148\" data-element_type=\"container\" data-e-type=\"container\" data-settings=\"{&quot;jet_parallax_layout_list&quot;:[],&quot;ang_container_spacing_size&quot;:&quot;default_padding&quot;}\">\n\t\t\t\t<div class=\"elementor-element elementor-element-6548d9c elementor-repeater-item-none elementor-repeater-item-none_hover elementor-widget elementor-widget-text-editor\" data-id=\"6548d9c\" data-element_type=\"widget\" data-e-type=\"widget\" data-widget_type=\"text-editor.default\">\n\t\t\t\t<div class=\"elementor-widget-container\">\n\t\t\t\t\t\t\t\t\t<strong>Murnau's largest lake<\/strong>\nIts water is mild and boggy and warms up quickly in summer. In winter, however, it cools down very quickly. The lake magically attracts swimmers, curlers and ice skaters alike. Hikers and cyclists will also find their place somewhere on the shore. Because the\u00a0<a href=\"https:\/\/www.seehausen-am-staffelsee.de\/see-inseln.html\" target=\"_blank\" rel=\"noopener noreferrer nofollow\">Staffelsee<\/a>\u00a0is not too big to walk around. You can also swim across it and get out of the water at one of its seven islands to enjoy the pre-alpine landscape. On its shores, lidos invite you to linger. The entire length of the Staffelsee, including all its islands, belongs to the municipality of Seehausen am Staffelsee. Between the neighboring communities of Seehausen, Murnau and Uffing, the<a href=\"https:\/\/www.staffelsee.org\/\" target=\"_blank\" rel=\"noopener noreferrer nofollow\">\u00a0Passenger ship MS Seehausen<\/a>.\n\n<strong>Data on the Staffelsee:<\/strong>\n<table border=\"1\" cellspacing=\"1\" cellpadding=\"1\">\n<tbody>\n<tr>\n<td><strong>Surface area<\/strong><\/td>\n<td><strong>Length<\/strong><\/td>\n<td><strong>Width<\/strong><\/td>\n<td><strong>Depth<\/strong><\/td>\n<\/tr>\n<tr>\n<td>8 km\u00b2<\/td>\n<td>10 km<\/td>\n<td>7 km<\/td>\n<td>40 m<\/td>\n<\/tr>\n<\/tbody>\n<\/table>\t\t\t\t\t\t\t\t<\/div>\n\t\t\t\t<\/div>\n\t\t\t\t<div class=\"elementor-element elementor-element-261c486 external_elementor-repeater-item-none_external elementor-repeater-item-none elementor-repeater-item-none_hover elementor-widget elementor-widget-image\" data-id=\"261c486\" data-element_type=\"widget\" data-e-type=\"widget\" data-widget_type=\"image.default\">\n\t\t\t\t<div class=\"elementor-widget-container\">\n\t\t\t\t\t\t\t\t\t\t\t\t\t\t\t<img loading=\"lazy\" decoding=\"async\" data-description=\"Murnau am Staaffelsee\" width=\"830\" height=\"471\" src=\"https:\/\/www.grainau.de\/wp-content\/uploads\/2024\/12\/staffelsee-schifffahrt.jpeg\" class=\"attachment-full size-full wp-image-39768\" alt=\"staffelsee-schifffahrt\" srcset=\"https:\/\/www.grainau.de\/wp-content\/uploads\/2024\/12\/staffelsee-schifffahrt.jpeg 830w, https:\/\/www.grainau.de\/wp-content\/uploads\/2024\/12\/staffelsee-schifffahrt-300x170.jpeg 300w, https:\/\/www.grainau.de\/wp-content\/uploads\/2024\/12\/staffelsee-schifffahrt-768x436.jpeg 768w\" sizes=\"(max-width: 830px) 100vw, 830px\" \/>\t\t\t\t\t\t\t\t\t\t\t\t\t\t\t<\/div>\n\t\t\t\t<\/div>\n\t\t\t\t<\/div>\n\t\t\t\t\t<\/details>\n\t\t\t\t\t<\/div>\n\t\t\t\t\t\t<\/div>\n\t\t\t\t<\/div>\n\t\t\t\t<div class=\"elementor-element elementor-element-c355799 elementor-repeater-item-none elementor-repeater-item-none_hover elementor-widget elementor-widget-n-accordion\" data-id=\"c355799\" data-element_type=\"widget\" data-e-type=\"widget\" data-settings=\"{&quot;default_state&quot;:&quot;all_collapsed&quot;,&quot;max_items_expended&quot;:&quot;one&quot;,&quot;n_accordion_animation_duration&quot;:{&quot;unit&quot;:&quot;ms&quot;,&quot;size&quot;:400,&quot;sizes&quot;:[]}}\" data-widget_type=\"nested-accordion.default\">\n\t\t\t\t<div class=\"elementor-widget-container\">\n\t\t\t\t\t\t\t<div class=\"e-n-accordion\" aria-label=\"Accordion. Open links with Enter or Space, close with Escape, and navigate with Arrow Keys\">\n\t\t\t\t\t\t<details id=\"e-n-accordion-item-2040\" class=\"e-n-accordion-item\" >\n\t\t\t\t<summary class=\"e-n-accordion-item-title\" data-accordion-index=\"1\" tabindex=\"0\" aria-expanded=\"false\" aria-controls=\"e-n-accordion-item-2040\" >\n\t\t\t\t\t<span class='e-n-accordion-item-title-header'><div class=\"e-n-accordion-item-title-text\"> Geroldsee the moor lake <\/div><\/span>\n\t\t\t\t\t\t\t<span class='e-n-accordion-item-title-icon'>\n\t\t\t<span class='e-opened' ><i aria-hidden=\"true\" class=\"fas fa-minus\"><\/i><\/span>\n\t\t\t<span class='e-closed'><i aria-hidden=\"true\" class=\"fas fa-plus\"><\/i><\/span>\n\t\t<\/span>\n\n\t\t\t\t\t\t<\/summary>\n\t\t\t\t<div role=\"region\" aria-labelledby=\"e-n-accordion-item-2040\" class=\"elementor-element elementor-element-bb7a56e e-con-full elementor-repeater-item-none_hover e-flex elementor-repeater-item-default_padding elementor-repeater-item-none e-con e-child\" data-id=\"bb7a56e\" data-element_type=\"container\" data-e-type=\"container\" data-settings=\"{&quot;jet_parallax_layout_list&quot;:[],&quot;ang_container_spacing_size&quot;:&quot;default_padding&quot;}\">\n\t\t\t\t<div class=\"elementor-element elementor-element-693af82 elementor-repeater-item-none elementor-repeater-item-none_hover elementor-widget elementor-widget-text-editor\" data-id=\"693af82\" data-element_type=\"widget\" data-e-type=\"widget\" data-widget_type=\"text-editor.default\">\n\t\t\t\t<div class=\"elementor-widget-container\">\n\t\t\t\t\t\t\t\t\tThe small village of Gerold lies between Garmisch-Partenkirchen and Mittenwald. A dirt track leads to the beautifully situated moorland lake Geroldsee. From there you can enjoy a unique view of the Karwendel and Wetterstein mountains.\n\nAs the \"Gerolder\" is a moor lake, pleasant water temperatures of up to 24\u00b0C are possible in summer.\n\n<strong>Data on Lake Geroldsee:<\/strong>\n<table border=\"1\" cellspacing=\"1\" cellpadding=\"1\">\n<tbody>\n<tr>\n<td><strong>Surface area:<\/strong><\/td>\n<td><strong>Length:<\/strong><\/td>\n<td><strong>Width:<\/strong><\/td>\n<td><strong>Depth:<\/strong><\/td>\n<\/tr>\n<tr>\n<td>10 ha<\/td>\n<td>840 m<\/td>\n<td>320 m<\/td>\n<td>14 m<\/td>\n<\/tr>\n<\/tbody>\n<\/table>\n\t\t\t\t\t\t\t\t<\/div>\n\t\t\t\t<\/div>\n\t\t\t\t<div class=\"elementor-element elementor-element-1dbbe19 external_elementor-repeater-item-none_external elementor-repeater-item-none elementor-repeater-item-none_hover elementor-widget elementor-widget-image\" data-id=\"1dbbe19\" data-element_type=\"widget\" data-e-type=\"widget\" data-widget_type=\"image.default\">\n\t\t\t\t<div class=\"elementor-widget-container\">\n\t\t\t\t\t\t\t\t\t\t\t\t\t\t\t<img loading=\"lazy\" decoding=\"async\" data-description=\"Geroldsee\" width=\"830\" height=\"471\" src=\"https:\/\/www.grainau.de\/wp-content\/uploads\/2024\/12\/geroldsee-bei-kruen.jpeg\" class=\"attachment-full size-full wp-image-39769\" alt=\"geroldsee-bei-kruen mit Fr\u00fchjahrs Bergwiese\" srcset=\"https:\/\/www.grainau.de\/wp-content\/uploads\/2024\/12\/geroldsee-bei-kruen.jpeg 830w, https:\/\/www.grainau.de\/wp-content\/uploads\/2024\/12\/geroldsee-bei-kruen-300x170.jpeg 300w, https:\/\/www.grainau.de\/wp-content\/uploads\/2024\/12\/geroldsee-bei-kruen-768x436.jpeg 768w\" sizes=\"(max-width: 830px) 100vw, 830px\" \/>\t\t\t\t\t\t\t\t\t\t\t\t\t\t\t<\/div>\n\t\t\t\t<\/div>\n\t\t\t\t<\/div>\n\t\t\t\t\t<\/details>\n\t\t\t\t\t<\/div>\n\t\t\t\t\t\t<\/div>\n\t\t\t\t<\/div>\n\t\t\t\t\t<\/div>\n\t\t\t\t<\/div>\n\t\t\t\t<\/div>","protected":false},"excerpt":{"rendered":"<p>Wasser, Spiegelungen, Nebelstimmungen &#8211; Seensucht Ein Ausflug zum See ist immer ein Erlebnis &#8211; und das zu jeder Jahreszeit. Hier stellen wir Ihnen einige Seen vor, die max. 30 Minuten mit dem Auto von Grainau entfernt sind. Der Badersee Der smaragdgr\u00fcne Bergsee Malerisch eingebettet zu F\u00fc\u00dfen des Zugspitzmassivs mit unvergesslichem Blick auf Waxenstein und Zugspitze [&hellip;]<\/p>\n","protected":false},"author":12,"featured_media":0,"parent":0,"menu_order":0,"comment_status":"closed","ping_status":"closed","template":"","meta":{"iawp_total_views":107,"footnotes":""},"categories":[],"tags":[],"class_list":["post-39288","page","type-page","status-publish","hentry"],"yoast_head":"<!-- This site is optimized with the Yoast SEO plugin v27.5 - https:\/\/yoast.com\/product\/yoast-seo-wordpress\/ -->\n<title>Seen - Zugspitzdorf Grainau<\/title>\n<meta name=\"description\" content=\"Entdecken Sie die sch\u00f6nsten Seen rund um Grainau: klare Bergseen zum Baden, Wandern und Entspannen inmitten der faszinierenden Natur der Zugspitzregion.\" \/>\n<meta name=\"robots\" content=\"index, follow, max-snippet:-1, max-image-preview:large, max-video-preview:-1\" \/>\n<link rel=\"canonical\" href=\"https:\/\/www.grainau.de\/en\/seen\/\" \/>\n<meta property=\"og:locale\" content=\"en_US\" \/>\n<meta property=\"og:type\" content=\"article\" \/>\n<meta property=\"og:title\" content=\"Seen - Zugspitzdorf Grainau\" \/>\n<meta property=\"og:description\" content=\"Entdecken Sie die sch\u00f6nsten Seen rund um Grainau: klare Bergseen zum Baden, Wandern und Entspannen inmitten der faszinierenden Natur der Zugspitzregion.\" \/>\n<meta property=\"og:url\" content=\"https:\/\/www.grainau.de\/en\/seen\/\" \/>\n<meta property=\"og:site_name\" content=\"Zugspitzdorf Grainau\" \/>\n<meta property=\"article:modified_time\" content=\"2025-08-01T06:43:06+00:00\" \/>\n<meta property=\"og:image\" content=\"https:\/\/www.grainau.de\/wp-content\/uploads\/2024\/12\/badersee-mit-blick-auf-insel.jpeg\" \/>\n<meta name=\"twitter:card\" content=\"summary_large_image\" \/>\n<meta name=\"twitter:label1\" content=\"Est. reading time\" \/>\n\t<meta name=\"twitter:data1\" content=\"10 minutes\" \/>\n<script type=\"application\/ld+json\" class=\"yoast-schema-graph\">{\"@context\":\"https:\\\/\\\/schema.org\",\"@graph\":[{\"@type\":\"WebPage\",\"@id\":\"https:\\\/\\\/www.grainau.de\\\/seen\\\/\",\"url\":\"https:\\\/\\\/www.grainau.de\\\/seen\\\/\",\"name\":\"Seen - Zugspitzdorf Grainau\",\"isPartOf\":{\"@id\":\"https:\\\/\\\/www.grainau.de\\\/#website\"},\"primaryImageOfPage\":{\"@id\":\"https:\\\/\\\/www.grainau.de\\\/seen\\\/#primaryimage\"},\"image\":{\"@id\":\"https:\\\/\\\/www.grainau.de\\\/seen\\\/#primaryimage\"},\"thumbnailUrl\":\"https:\\\/\\\/www.grainau.de\\\/wp-content\\\/uploads\\\/2024\\\/12\\\/badersee-mit-blick-auf-insel.jpeg\",\"datePublished\":\"2024-12-10T23:06:30+00:00\",\"dateModified\":\"2025-08-01T06:43:06+00:00\",\"description\":\"Entdecken Sie die sch\u00f6nsten Seen rund um Grainau: klare Bergseen zum Baden, Wandern und Entspannen inmitten der faszinierenden Natur der Zugspitzregion.\",\"breadcrumb\":{\"@id\":\"https:\\\/\\\/www.grainau.de\\\/seen\\\/#breadcrumb\"},\"inLanguage\":\"en-US\",\"potentialAction\":[{\"@type\":\"ReadAction\",\"target\":[\"https:\\\/\\\/www.grainau.de\\\/seen\\\/\"]}]},{\"@type\":\"ImageObject\",\"inLanguage\":\"en-US\",\"@id\":\"https:\\\/\\\/www.grainau.de\\\/seen\\\/#primaryimage\",\"url\":\"https:\\\/\\\/www.grainau.de\\\/wp-content\\\/uploads\\\/2024\\\/12\\\/badersee-mit-blick-auf-insel.jpeg\",\"contentUrl\":\"https:\\\/\\\/www.grainau.de\\\/wp-content\\\/uploads\\\/2024\\\/12\\\/badersee-mit-blick-auf-insel.jpeg\"},{\"@type\":\"BreadcrumbList\",\"@id\":\"https:\\\/\\\/www.grainau.de\\\/seen\\\/#breadcrumb\",\"itemListElement\":[{\"@type\":\"ListItem\",\"position\":1,\"name\":\"Home\",\"item\":\"https:\\\/\\\/www.grainau.de\\\/\"},{\"@type\":\"ListItem\",\"position\":2,\"name\":\"Seen\"}]},{\"@type\":\"WebSite\",\"@id\":\"https:\\\/\\\/www.grainau.de\\\/#website\",\"url\":\"https:\\\/\\\/www.grainau.de\\\/\",\"name\":\"Zugspitzdorf Grainau\",\"description\":\"\",\"publisher\":{\"@id\":\"https:\\\/\\\/www.grainau.de\\\/#organization\"},\"potentialAction\":[{\"@type\":\"SearchAction\",\"target\":{\"@type\":\"EntryPoint\",\"urlTemplate\":\"https:\\\/\\\/www.grainau.de\\\/?s={search_term_string}\"},\"query-input\":{\"@type\":\"PropertyValueSpecification\",\"valueRequired\":true,\"valueName\":\"search_term_string\"}}],\"inLanguage\":\"en-US\"},{\"@type\":\"Organization\",\"@id\":\"https:\\\/\\\/www.grainau.de\\\/#organization\",\"name\":\"Zugspitzdorf Grainau\",\"url\":\"https:\\\/\\\/www.grainau.de\\\/\",\"logo\":{\"@type\":\"ImageObject\",\"inLanguage\":\"en-US\",\"@id\":\"https:\\\/\\\/www.grainau.de\\\/#\\\/schema\\\/logo\\\/image\\\/\",\"url\":\"\",\"contentUrl\":\"\",\"caption\":\"Zugspitzdorf Grainau\"},\"image\":{\"@id\":\"https:\\\/\\\/www.grainau.de\\\/#\\\/schema\\\/logo\\\/image\\\/\"}}]}<\/script>\n<!-- \/ Yoast SEO plugin. -->","yoast_head_json":{"title":"Lakes - Zugspitzdorf Grainau","description":"Discover the most beautiful lakes around Grainau: clear mountain lakes for swimming, hiking and relaxing in the midst of the fascinating nature of the Zugspitze region.","robots":{"index":"index","follow":"follow","max-snippet":"max-snippet:-1","max-image-preview":"max-image-preview:large","max-video-preview":"max-video-preview:-1"},"canonical":"https:\/\/www.grainau.de\/en\/seen\/","og_locale":"en_US","og_type":"article","og_title":"Seen - Zugspitzdorf Grainau","og_description":"Entdecken Sie die sch\u00f6nsten Seen rund um Grainau: klare Bergseen zum Baden, Wandern und Entspannen inmitten der faszinierenden Natur der Zugspitzregion.","og_url":"https:\/\/www.grainau.de\/en\/seen\/","og_site_name":"Zugspitzdorf Grainau","article_modified_time":"2025-08-01T06:43:06+00:00","og_image":[{"url":"https:\/\/www.grainau.de\/wp-content\/uploads\/2024\/12\/badersee-mit-blick-auf-insel.jpeg","type":"","width":"","height":""}],"twitter_card":"summary_large_image","twitter_misc":{"Est. reading time":"10 minutes"},"schema":{"@context":"https:\/\/schema.org","@graph":[{"@type":"WebPage","@id":"https:\/\/www.grainau.de\/seen\/","url":"https:\/\/www.grainau.de\/seen\/","name":"Lakes - Zugspitzdorf Grainau","isPartOf":{"@id":"https:\/\/www.grainau.de\/#website"},"primaryImageOfPage":{"@id":"https:\/\/www.grainau.de\/seen\/#primaryimage"},"image":{"@id":"https:\/\/www.grainau.de\/seen\/#primaryimage"},"thumbnailUrl":"https:\/\/www.grainau.de\/wp-content\/uploads\/2024\/12\/badersee-mit-blick-auf-insel.jpeg","datePublished":"2024-12-10T23:06:30+00:00","dateModified":"2025-08-01T06:43:06+00:00","description":"Discover the most beautiful lakes around Grainau: clear mountain lakes for swimming, hiking and relaxing in the midst of the fascinating nature of the Zugspitze region.","breadcrumb":{"@id":"https:\/\/www.grainau.de\/seen\/#breadcrumb"},"inLanguage":"en-US","potentialAction":[{"@type":"ReadAction","target":["https:\/\/www.grainau.de\/seen\/"]}]},{"@type":"ImageObject","inLanguage":"en-US","@id":"https:\/\/www.grainau.de\/seen\/#primaryimage","url":"https:\/\/www.grainau.de\/wp-content\/uploads\/2024\/12\/badersee-mit-blick-auf-insel.jpeg","contentUrl":"https:\/\/www.grainau.de\/wp-content\/uploads\/2024\/12\/badersee-mit-blick-auf-insel.jpeg"},{"@type":"BreadcrumbList","@id":"https:\/\/www.grainau.de\/seen\/#breadcrumb","itemListElement":[{"@type":"ListItem","position":1,"name":"Home","item":"https:\/\/www.grainau.de\/"},{"@type":"ListItem","position":2,"name":"Seen"}]},{"@type":"WebSite","@id":"https:\/\/www.grainau.de\/#website","url":"https:\/\/www.grainau.de\/","name":"Zugspitz village Grainau","description":"","publisher":{"@id":"https:\/\/www.grainau.de\/#organization"},"potentialAction":[{"@type":"SearchAction","target":{"@type":"EntryPoint","urlTemplate":"https:\/\/www.grainau.de\/?s={search_term_string}"},"query-input":{"@type":"PropertyValueSpecification","valueRequired":true,"valueName":"search_term_string"}}],"inLanguage":"en-US"},{"@type":"Organization","@id":"https:\/\/www.grainau.de\/#organization","name":"Zugspitz village Grainau","url":"https:\/\/www.grainau.de\/","logo":{"@type":"ImageObject","inLanguage":"en-US","@id":"https:\/\/www.grainau.de\/#\/schema\/logo\/image\/","url":"","contentUrl":"","caption":"Zugspitzdorf Grainau"},"image":{"@id":"https:\/\/www.grainau.de\/#\/schema\/logo\/image\/"}}]}},"_links":{"self":[{"href":"https:\/\/www.grainau.de\/en\/wp-json\/wp\/v2\/pages\/39288","targetHints":{"allow":["GET"]}}],"collection":[{"href":"https:\/\/www.grainau.de\/en\/wp-json\/wp\/v2\/pages"}],"about":[{"href":"https:\/\/www.grainau.de\/en\/wp-json\/wp\/v2\/types\/page"}],"author":[{"embeddable":true,"href":"https:\/\/www.grainau.de\/en\/wp-json\/wp\/v2\/users\/12"}],"replies":[{"embeddable":true,"href":"https:\/\/www.grainau.de\/en\/wp-json\/wp\/v2\/comments?post=39288"}],"version-history":[{"count":10,"href":"https:\/\/www.grainau.de\/en\/wp-json\/wp\/v2\/pages\/39288\/revisions"}],"predecessor-version":[{"id":43028,"href":"https:\/\/www.grainau.de\/en\/wp-json\/wp\/v2\/pages\/39288\/revisions\/43028"}],"wp:attachment":[{"href":"https:\/\/www.grainau.de\/en\/wp-json\/wp\/v2\/media?parent=39288"}],"wp:term":[{"taxonomy":"category","embeddable":true,"href":"https:\/\/www.grainau.de\/en\/wp-json\/wp\/v2\/categories?post=39288"},{"taxonomy":"post_tag","embeddable":true,"href":"https:\/\/www.grainau.de\/en\/wp-json\/wp\/v2\/tags?post=39288"}],"curies":[{"name":"wp","href":"https:\/\/api.w.org\/{rel}","templated":true}]}}