{"id":39300,"date":"2024-12-11T00:10:12","date_gmt":"2024-12-10T23:10:12","guid":{"rendered":"https:\/\/grainau-tourismus.gemeinde-entwickler.de\/?page_id=39300"},"modified":"2026-04-21T09:51:43","modified_gmt":"2026-04-21T07:51:43","slug":"buecherei","status":"publish","type":"page","link":"https:\/\/www.grainau.de\/en\/buecherei\/","title":{"rendered":"Library"},"content":{"rendered":"<div data-elementor-type=\"wp-page\" data-elementor-id=\"39300\" class=\"elementor elementor-39300\" data-elementor-post-type=\"page\">\n\t\t\t\t<div class=\"elementor-element elementor-element-b970dde elementor-repeater-item-ang_container_padding_3 sk-dark-bg e-flex e-con-boxed elementor-repeater-item-none elementor-repeater-item-none_hover e-con e-parent\" data-id=\"b970dde\" data-element_type=\"container\" data-e-type=\"container\" id=\"content\" data-settings=\"{&quot;jet_parallax_layout_list&quot;:[],&quot;background_background&quot;:&quot;classic&quot;,&quot;ang_container_spacing_size&quot;:&quot;ang_container_padding_3&quot;}\">\n\t\t\t\t\t<div class=\"e-con-inner\">\n\t\t<div class=\"elementor-element elementor-element-7393ed8 e-con-full elementor-repeater-item-ang_container_padding_4 elementor-repeater-item-shadow_2 sk-light-bg e-flex elementor-repeater-item-none_hover e-con e-child\" data-id=\"7393ed8\" data-element_type=\"container\" data-e-type=\"container\" data-settings=\"{&quot;ang_container_spacing_size&quot;:&quot;ang_container_padding_4&quot;,&quot;jet_parallax_layout_list&quot;:[],&quot;background_background&quot;:&quot;classic&quot;}\">\n\t\t<div class=\"elementor-element elementor-element-cd37f66 e-con-full e-flex elementor-repeater-item-default_padding elementor-repeater-item-none elementor-repeater-item-none_hover e-con e-child\" data-id=\"cd37f66\" data-element_type=\"container\" data-e-type=\"container\" data-settings=\"{&quot;jet_parallax_layout_list&quot;:[],&quot;ang_container_spacing_size&quot;:&quot;default_padding&quot;}\">\n\t\t\t\t<div class=\"elementor-element elementor-element-3a9e310 elementor-widget__width-inherit elementor-repeater-item-none elementor-repeater-item-none_hover elementor-widget elementor-widget-heading\" data-id=\"3a9e310\" data-element_type=\"widget\" data-e-type=\"widget\" data-widget_type=\"heading.default\">\n\t\t\t\t<div class=\"elementor-widget-container\">\n\t\t\t\t\t<h4 class=\"elementor-heading-title elementor-size-default\">Grainau library - Reading fun in the Zugspitz village<\/h4>\t\t\t\t<\/div>\n\t\t\t\t<\/div>\n\t\t\t\t<\/div>\n\t\t\t\t<div class=\"elementor-element elementor-element-61da450 elementor-repeater-item-none elementor-repeater-item-none_hover elementor-widget elementor-widget-text-editor\" data-id=\"61da450\" data-element_type=\"widget\" data-e-type=\"widget\" data-widget_type=\"text-editor.default\">\n\t\t\t\t<div class=\"elementor-widget-container\">\n\t\t\t\t\t\t\t\t\t<p data-start=\"278\" data-end=\"495\">Whether exciting novels, gripping thrillers, lovingly illustrated children's books or interesting non-fiction - in our library in Grainau, bookworms young and old will always find the right book.<\/p><p data-start=\"497\" data-end=\"737\">In addition to a diverse selection of print media, we also offer audio books. Seasonal themed corners and regularly changing new publications ensure that there is always something new to discover.<\/p><p data-start=\"739\" data-end=\"763\"><strong data-start=\"739\" data-end=\"761\">Service &amp; offers<\/strong><\/p><ul data-start=\"764\" data-end=\"1014\"><li data-start=\"764\" data-end=\"816\"><p data-start=\"766\" data-end=\"816\">Free lending for all residents and guests<\/p><\/li><li data-start=\"817\" data-end=\"868\"><p data-start=\"819\" data-end=\"868\">Advice from our friendly library team<\/p><\/li><li data-start=\"904\" data-end=\"966\"><p data-start=\"906\" data-end=\"966\">Events such as readings and reading sessions for children<\/p><\/li><li data-start=\"967\" data-end=\"1014\"><p data-start=\"969\" data-end=\"1014\">Book flea market with bargains to take home at the Tourist Information Office in the Kurhaus on the 1st floor.<\/p><\/li><\/ul><p data-start=\"1146\" data-end=\"1306\">Come by, browse through our selection and let yourself be enchanted by the charm of our small, fine library - right in the heart of Grainau.<\/p>\t\t\t\t\t\t\t\t<\/div>\n\t\t\t\t<\/div>\n\t\t\t\t<\/div>\n\t\t<div class=\"elementor-element elementor-element-f75277f e-con-full elementor-repeater-item-ang_container_padding_4 elementor-repeater-item-shadow_2 sk-light-bg e-flex elementor-repeater-item-none_hover e-con e-child\" data-id=\"f75277f\" data-element_type=\"container\" data-e-type=\"container\" data-settings=\"{&quot;ang_container_spacing_size&quot;:&quot;ang_container_padding_4&quot;,&quot;jet_parallax_layout_list&quot;:[],&quot;background_background&quot;:&quot;classic&quot;}\">\n\t\t<div class=\"elementor-element elementor-element-981ae52 e-con-full e-flex elementor-repeater-item-default_padding elementor-repeater-item-none elementor-repeater-item-none_hover e-con e-child\" data-id=\"981ae52\" data-element_type=\"container\" data-e-type=\"container\" data-settings=\"{&quot;jet_parallax_layout_list&quot;:[],&quot;ang_container_spacing_size&quot;:&quot;default_padding&quot;}\">\n\t\t\t\t<div class=\"elementor-element elementor-element-e28e431 elementor-widget__width-inherit elementor-repeater-item-none elementor-repeater-item-none_hover elementor-widget elementor-widget-heading\" data-id=\"e28e431\" data-element_type=\"widget\" data-e-type=\"widget\" data-widget_type=\"heading.default\">\n\t\t\t\t<div class=\"elementor-widget-container\">\n\t\t\t\t\t<h4 class=\"elementor-heading-title elementor-size-default\">Opening hours<\/h4>\t\t\t\t<\/div>\n\t\t\t\t<\/div>\n\t\t\t\t<\/div>\n\t\t<div class=\"elementor-element elementor-element-29c9dea e-con-full e-flex elementor-repeater-item-default_padding elementor-repeater-item-none elementor-repeater-item-none_hover e-con e-child\" data-id=\"29c9dea\" data-element_type=\"container\" data-e-type=\"container\" data-settings=\"{&quot;jet_parallax_layout_list&quot;:[],&quot;ang_container_spacing_size&quot;:&quot;default_padding&quot;}\">\n\t\t<div class=\"elementor-element elementor-element-69a9e54 e-con-full elementor-repeater-item-none_hover e-flex elementor-repeater-item-default_padding elementor-repeater-item-none e-con e-child\" data-id=\"69a9e54\" data-element_type=\"container\" data-e-type=\"container\" data-settings=\"{&quot;jet_parallax_layout_list&quot;:[],&quot;ang_container_spacing_size&quot;:&quot;default_padding&quot;}\">\n\t\t\t\t<div class=\"elementor-element elementor-element-88ef8d9 elementor-widget__width-initial elementor-repeater-item-none elementor-repeater-item-none_hover elementor-widget elementor-widget-heading\" data-id=\"88ef8d9\" data-element_type=\"widget\" data-e-type=\"widget\" data-widget_type=\"heading.default\">\n\t\t\t\t<div class=\"elementor-widget-container\">\n\t\t\t\t\t<p class=\"elementor-heading-title elementor-size-default\">Tuesday<\/p>\t\t\t\t<\/div>\n\t\t\t\t<\/div>\n\t\t\t\t<div class=\"elementor-element elementor-element-cf37d65 elementor-repeater-item-none elementor-repeater-item-none_hover elementor-widget elementor-widget-text-editor\" data-id=\"cf37d65\" data-element_type=\"widget\" data-e-type=\"widget\" data-widget_type=\"text-editor.default\">\n\t\t\t\t<div class=\"elementor-widget-container\">\n\t\t\t\t\t\t\t\t\t<p>09.00 to 11.00 and 15.00 to 17.00<\/p>\t\t\t\t\t\t\t\t<\/div>\n\t\t\t\t<\/div>\n\t\t\t\t<\/div>\n\t\t<div class=\"elementor-element elementor-element-de059c5 e-con-full elementor-repeater-item-none_hover e-flex elementor-repeater-item-default_padding elementor-repeater-item-none e-con e-child\" data-id=\"de059c5\" data-element_type=\"container\" data-e-type=\"container\" data-settings=\"{&quot;jet_parallax_layout_list&quot;:[],&quot;ang_container_spacing_size&quot;:&quot;default_padding&quot;}\">\n\t\t\t\t<div class=\"elementor-element elementor-element-d107138 elementor-widget__width-initial elementor-repeater-item-none elementor-repeater-item-none_hover elementor-widget elementor-widget-heading\" data-id=\"d107138\" data-element_type=\"widget\" data-e-type=\"widget\" data-widget_type=\"heading.default\">\n\t\t\t\t<div class=\"elementor-widget-container\">\n\t\t\t\t\t<p class=\"elementor-heading-title elementor-size-default\">Thursday<\/p>\t\t\t\t<\/div>\n\t\t\t\t<\/div>\n\t\t\t\t<div class=\"elementor-element elementor-element-89e47d0 elementor-repeater-item-none elementor-repeater-item-none_hover elementor-widget elementor-widget-text-editor\" data-id=\"89e47d0\" data-element_type=\"widget\" data-e-type=\"widget\" data-widget_type=\"text-editor.default\">\n\t\t\t\t<div class=\"elementor-widget-container\">\n\t\t\t\t\t\t\t\t\t<p>16.00 to 18.00<\/p>\t\t\t\t\t\t\t\t<\/div>\n\t\t\t\t<\/div>\n\t\t\t\t<\/div>\n\t\t\t\t<\/div>\n\t\t\t\t<div class=\"elementor-element elementor-element-e9a7375 elementor-widget__width-inherit elementor-repeater-item-none elementor-repeater-item-none_hover elementor-widget elementor-widget-heading\" data-id=\"e9a7375\" data-element_type=\"widget\" data-e-type=\"widget\" data-widget_type=\"heading.default\">\n\t\t\t\t<div class=\"elementor-widget-container\">\n\t\t\t\t\t<h4 class=\"elementor-heading-title elementor-size-default\">Address<\/h4>\t\t\t\t<\/div>\n\t\t\t\t<\/div>\n\t\t\t\t<div class=\"elementor-element elementor-element-047121d elementor-repeater-item-none elementor-repeater-item-none_hover elementor-widget elementor-widget-text-editor\" data-id=\"047121d\" data-element_type=\"widget\" data-e-type=\"widget\" data-widget_type=\"text-editor.default\">\n\t\t\t\t<div class=\"elementor-widget-container\">\n\t\t\t\t\t\t\t\t\t<p>In the Grainau Kurhaus - new on the 2nd floor<br><strong>Parkweg 8<\/strong><br><strong>82491 Grainau<br><\/strong>Phone:&nbsp;<a href=\"tel:+498821981863\">+49 88 21-98 18 63<\/a><br>Email: <a href=\"mailto:buecherei@grainau.de\">buecherei@grainau.de<\/a><\/p>\t\t\t\t\t\t\t\t<\/div>\n\t\t\t\t<\/div>\n\t\t\t\t<\/div>\n\t\t\t\t<div class=\"elementor-element elementor-element-ba1f1fc elementor-widget__width-inherit e-transform elementor-icon-list--layout-traditional elementor-list-item-link-full_width elementor-repeater-item-none elementor-repeater-item-none_hover elementor-widget elementor-widget-icon-list\" data-id=\"ba1f1fc\" data-element_type=\"widget\" data-e-type=\"widget\" data-settings=\"{&quot;_transform_scale_effect_hover&quot;:{&quot;unit&quot;:&quot;px&quot;,&quot;size&quot;:1.015,&quot;sizes&quot;:[]},&quot;_transform_scale_effect_hover_tablet&quot;:{&quot;unit&quot;:&quot;px&quot;,&quot;size&quot;:&quot;&quot;,&quot;sizes&quot;:[]},&quot;_transform_scale_effect_hover_mobile&quot;:{&quot;unit&quot;:&quot;px&quot;,&quot;size&quot;:&quot;&quot;,&quot;sizes&quot;:[]}}\" data-widget_type=\"icon-list.default\">\n\t\t\t\t<div class=\"elementor-widget-container\">\n\t\t\t\t\t\t\t<ul class=\"elementor-icon-list-items\">\n\t\t\t\t\t\t\t<li class=\"elementor-icon-list-item\">\n\t\t\t\t\t\t\t\t\t\t\t<a href=\"https:\/\/biblino.de\/grainau\" target=\"_blank\" rel=\"noopener noreferrer nofollow\">\n\n\t\t\t\t\t\t\t\t\t\t\t\t<span class=\"elementor-icon-list-icon\">\n\t\t\t\t\t\t\t<i aria-hidden=\"true\" class=\"fas fa-external-link-square-alt\"><\/i>\t\t\t\t\t\t<\/span>\n\t\t\t\t\t\t\t\t\t\t<span class=\"elementor-icon-list-text\">to the online library<\/span>\n\t\t\t\t\t\t\t\t\t\t\t<\/a>\n\t\t\t\t\t\t\t\t\t<\/li>\n\t\t\t\t\t\t<\/ul>\n\t\t\t\t\t\t<\/div>\n\t\t\t\t<\/div>\n\t\t\t\t\t<\/div>\n\t\t\t\t<\/div>\n\t\t\t\t<\/div>","protected":false},"excerpt":{"rendered":"<p>DIe B\u00fccherei hat vom 27.04. bid 30.04. geschlossen! B\u00fccherei Grainau &#8211; Lesespa\u00df im Zugspitzdorf Egal ob spannende Romane, packende Krimis, liebevoll illustrierte Kinderb\u00fccher oder interessante Sachliteratur \u2013 in unserer B\u00fccherei in Grainau finden kleine und gro\u00dfe Leseratten immer das passende Buch. Neben einer vielf\u00e4ltigen Auswahl an Printmedien bieten wir auch H\u00f6rb\u00fccher. Saisonale Themenecken und regelm\u00e4\u00dfig [&hellip;]<\/p>\n","protected":false},"author":12,"featured_media":41497,"parent":0,"menu_order":0,"comment_status":"closed","ping_status":"closed","template":"","meta":{"iawp_total_views":1122,"footnotes":""},"categories":[],"tags":[],"class_list":["post-39300","page","type-page","status-publish","has-post-thumbnail","hentry"],"yoast_head":"<!-- This site is optimized with the Yoast SEO plugin v27.5 - https:\/\/yoast.com\/product\/yoast-seo-wordpress\/ -->\n<title>B\u00fccherei - Zugspitzdorf Grainau<\/title>\n<meta name=\"description\" content=\"Entdecken Sie die B\u00fccherei Grainau \u2013 gem\u00fctlich st\u00f6bern, lesen &amp; B\u00fccher ausleihen im Herzen des Zugspitzdorfs. F\u00fcr G\u00e4ste und Einheimische.\" \/>\n<meta name=\"robots\" content=\"index, follow, max-snippet:-1, max-image-preview:large, max-video-preview:-1\" \/>\n<link rel=\"canonical\" href=\"https:\/\/www.grainau.de\/en\/buecherei\/\" \/>\n<meta property=\"og:locale\" content=\"en_US\" \/>\n<meta property=\"og:type\" content=\"article\" \/>\n<meta property=\"og:title\" content=\"B\u00fccherei - Zugspitzdorf Grainau\" \/>\n<meta property=\"og:description\" content=\"Entdecken Sie die B\u00fccherei Grainau \u2013 gem\u00fctlich st\u00f6bern, lesen &amp; B\u00fccher ausleihen im Herzen des Zugspitzdorfs. F\u00fcr G\u00e4ste und Einheimische.\" \/>\n<meta property=\"og:url\" content=\"https:\/\/www.grainau.de\/en\/buecherei\/\" \/>\n<meta property=\"og:site_name\" content=\"Zugspitzdorf Grainau\" \/>\n<meta property=\"article:modified_time\" content=\"2026-04-21T07:51:43+00:00\" \/>\n<meta property=\"og:image\" content=\"https:\/\/www.grainau.de\/wp-content\/uploads\/2025\/02\/file-1024x682.png\" \/>\n\t<meta property=\"og:image:width\" content=\"1024\" \/>\n\t<meta property=\"og:image:height\" content=\"682\" \/>\n\t<meta property=\"og:image:type\" content=\"image\/png\" \/>\n<meta name=\"twitter:card\" content=\"summary_large_image\" \/>\n<meta name=\"twitter:label1\" content=\"Est. reading time\" \/>\n\t<meta name=\"twitter:data1\" content=\"1 minute\" \/>\n<script type=\"application\/ld+json\" class=\"yoast-schema-graph\">{\"@context\":\"https:\\\/\\\/schema.org\",\"@graph\":[{\"@type\":\"WebPage\",\"@id\":\"https:\\\/\\\/www.grainau.de\\\/buecherei\\\/\",\"url\":\"https:\\\/\\\/www.grainau.de\\\/buecherei\\\/\",\"name\":\"B\u00fccherei - Zugspitzdorf Grainau\",\"isPartOf\":{\"@id\":\"https:\\\/\\\/www.grainau.de\\\/#website\"},\"primaryImageOfPage\":{\"@id\":\"https:\\\/\\\/www.grainau.de\\\/buecherei\\\/#primaryimage\"},\"image\":{\"@id\":\"https:\\\/\\\/www.grainau.de\\\/buecherei\\\/#primaryimage\"},\"thumbnailUrl\":\"https:\\\/\\\/www.grainau.de\\\/wp-content\\\/uploads\\\/2025\\\/02\\\/file.png\",\"datePublished\":\"2024-12-10T23:10:12+00:00\",\"dateModified\":\"2026-04-21T07:51:43+00:00\",\"description\":\"Entdecken Sie die B\u00fccherei Grainau \u2013 gem\u00fctlich st\u00f6bern, lesen & B\u00fccher ausleihen im Herzen des Zugspitzdorfs. F\u00fcr G\u00e4ste und Einheimische.\",\"breadcrumb\":{\"@id\":\"https:\\\/\\\/www.grainau.de\\\/buecherei\\\/#breadcrumb\"},\"inLanguage\":\"en-US\",\"potentialAction\":[{\"@type\":\"ReadAction\",\"target\":[\"https:\\\/\\\/www.grainau.de\\\/buecherei\\\/\"]}]},{\"@type\":\"ImageObject\",\"inLanguage\":\"en-US\",\"@id\":\"https:\\\/\\\/www.grainau.de\\\/buecherei\\\/#primaryimage\",\"url\":\"https:\\\/\\\/www.grainau.de\\\/wp-content\\\/uploads\\\/2025\\\/02\\\/file.png\",\"contentUrl\":\"https:\\\/\\\/www.grainau.de\\\/wp-content\\\/uploads\\\/2025\\\/02\\\/file.png\",\"width\":2048,\"height\":1365,\"caption\":\"B\u00fccherei in Grainau, sortierte B\u00fccher\"},{\"@type\":\"BreadcrumbList\",\"@id\":\"https:\\\/\\\/www.grainau.de\\\/buecherei\\\/#breadcrumb\",\"itemListElement\":[{\"@type\":\"ListItem\",\"position\":1,\"name\":\"Home\",\"item\":\"https:\\\/\\\/www.grainau.de\\\/\"},{\"@type\":\"ListItem\",\"position\":2,\"name\":\"B\u00fccherei\"}]},{\"@type\":\"WebSite\",\"@id\":\"https:\\\/\\\/www.grainau.de\\\/#website\",\"url\":\"https:\\\/\\\/www.grainau.de\\\/\",\"name\":\"Zugspitzdorf Grainau\",\"description\":\"\",\"publisher\":{\"@id\":\"https:\\\/\\\/www.grainau.de\\\/#organization\"},\"potentialAction\":[{\"@type\":\"SearchAction\",\"target\":{\"@type\":\"EntryPoint\",\"urlTemplate\":\"https:\\\/\\\/www.grainau.de\\\/?s={search_term_string}\"},\"query-input\":{\"@type\":\"PropertyValueSpecification\",\"valueRequired\":true,\"valueName\":\"search_term_string\"}}],\"inLanguage\":\"en-US\"},{\"@type\":\"Organization\",\"@id\":\"https:\\\/\\\/www.grainau.de\\\/#organization\",\"name\":\"Zugspitzdorf Grainau\",\"url\":\"https:\\\/\\\/www.grainau.de\\\/\",\"logo\":{\"@type\":\"ImageObject\",\"inLanguage\":\"en-US\",\"@id\":\"https:\\\/\\\/www.grainau.de\\\/#\\\/schema\\\/logo\\\/image\\\/\",\"url\":\"\",\"contentUrl\":\"\",\"caption\":\"Zugspitzdorf Grainau\"},\"image\":{\"@id\":\"https:\\\/\\\/www.grainau.de\\\/#\\\/schema\\\/logo\\\/image\\\/\"}}]}<\/script>\n<!-- \/ Yoast SEO plugin. -->","yoast_head_json":{"title":"Library - Zugspitzdorf Grainau","description":"Discover the Grainau library - browse, read &amp; borrow books in the heart of the Zugspitz village. For guests and locals.","robots":{"index":"index","follow":"follow","max-snippet":"max-snippet:-1","max-image-preview":"max-image-preview:large","max-video-preview":"max-video-preview:-1"},"canonical":"https:\/\/www.grainau.de\/en\/buecherei\/","og_locale":"en_US","og_type":"article","og_title":"B\u00fccherei - Zugspitzdorf Grainau","og_description":"Entdecken Sie die B\u00fccherei Grainau \u2013 gem\u00fctlich st\u00f6bern, lesen & B\u00fccher ausleihen im Herzen des Zugspitzdorfs. F\u00fcr G\u00e4ste und Einheimische.","og_url":"https:\/\/www.grainau.de\/en\/buecherei\/","og_site_name":"Zugspitzdorf Grainau","article_modified_time":"2026-04-21T07:51:43+00:00","og_image":[{"width":1024,"height":682,"url":"https:\/\/www.grainau.de\/wp-content\/uploads\/2025\/02\/file-1024x682.png","type":"image\/png"}],"twitter_card":"summary_large_image","twitter_misc":{"Est. reading time":"1 minute"},"schema":{"@context":"https:\/\/schema.org","@graph":[{"@type":"WebPage","@id":"https:\/\/www.grainau.de\/buecherei\/","url":"https:\/\/www.grainau.de\/buecherei\/","name":"Library - Zugspitzdorf Grainau","isPartOf":{"@id":"https:\/\/www.grainau.de\/#website"},"primaryImageOfPage":{"@id":"https:\/\/www.grainau.de\/buecherei\/#primaryimage"},"image":{"@id":"https:\/\/www.grainau.de\/buecherei\/#primaryimage"},"thumbnailUrl":"https:\/\/www.grainau.de\/wp-content\/uploads\/2025\/02\/file.png","datePublished":"2024-12-10T23:10:12+00:00","dateModified":"2026-04-21T07:51:43+00:00","description":"Discover the Grainau library - browse, read &amp; borrow books in the heart of the Zugspitz village. For guests and locals.","breadcrumb":{"@id":"https:\/\/www.grainau.de\/buecherei\/#breadcrumb"},"inLanguage":"en-US","potentialAction":[{"@type":"ReadAction","target":["https:\/\/www.grainau.de\/buecherei\/"]}]},{"@type":"ImageObject","inLanguage":"en-US","@id":"https:\/\/www.grainau.de\/buecherei\/#primaryimage","url":"https:\/\/www.grainau.de\/wp-content\/uploads\/2025\/02\/file.png","contentUrl":"https:\/\/www.grainau.de\/wp-content\/uploads\/2025\/02\/file.png","width":2048,"height":1365,"caption":"B\u00fccherei in Grainau, sortierte B\u00fccher"},{"@type":"BreadcrumbList","@id":"https:\/\/www.grainau.de\/buecherei\/#breadcrumb","itemListElement":[{"@type":"ListItem","position":1,"name":"Home","item":"https:\/\/www.grainau.de\/"},{"@type":"ListItem","position":2,"name":"B\u00fccherei"}]},{"@type":"WebSite","@id":"https:\/\/www.grainau.de\/#website","url":"https:\/\/www.grainau.de\/","name":"Zugspitz village Grainau","description":"","publisher":{"@id":"https:\/\/www.grainau.de\/#organization"},"potentialAction":[{"@type":"SearchAction","target":{"@type":"EntryPoint","urlTemplate":"https:\/\/www.grainau.de\/?s={search_term_string}"},"query-input":{"@type":"PropertyValueSpecification","valueRequired":true,"valueName":"search_term_string"}}],"inLanguage":"en-US"},{"@type":"Organization","@id":"https:\/\/www.grainau.de\/#organization","name":"Zugspitz village Grainau","url":"https:\/\/www.grainau.de\/","logo":{"@type":"ImageObject","inLanguage":"en-US","@id":"https:\/\/www.grainau.de\/#\/schema\/logo\/image\/","url":"","contentUrl":"","caption":"Zugspitzdorf Grainau"},"image":{"@id":"https:\/\/www.grainau.de\/#\/schema\/logo\/image\/"}}]}},"_links":{"self":[{"href":"https:\/\/www.grainau.de\/en\/wp-json\/wp\/v2\/pages\/39300","targetHints":{"allow":["GET"]}}],"collection":[{"href":"https:\/\/www.grainau.de\/en\/wp-json\/wp\/v2\/pages"}],"about":[{"href":"https:\/\/www.grainau.de\/en\/wp-json\/wp\/v2\/types\/page"}],"author":[{"embeddable":true,"href":"https:\/\/www.grainau.de\/en\/wp-json\/wp\/v2\/users\/12"}],"replies":[{"embeddable":true,"href":"https:\/\/www.grainau.de\/en\/wp-json\/wp\/v2\/comments?post=39300"}],"version-history":[{"count":10,"href":"https:\/\/www.grainau.de\/en\/wp-json\/wp\/v2\/pages\/39300\/revisions"}],"predecessor-version":[{"id":49779,"href":"https:\/\/www.grainau.de\/en\/wp-json\/wp\/v2\/pages\/39300\/revisions\/49779"}],"wp:featuredmedia":[{"embeddable":true,"href":"https:\/\/www.grainau.de\/en\/wp-json\/wp\/v2\/media\/41497"}],"wp:attachment":[{"href":"https:\/\/www.grainau.de\/en\/wp-json\/wp\/v2\/media?parent=39300"}],"wp:term":[{"taxonomy":"category","embeddable":true,"href":"https:\/\/www.grainau.de\/en\/wp-json\/wp\/v2\/categories?post=39300"},{"taxonomy":"post_tag","embeddable":true,"href":"https:\/\/www.grainau.de\/en\/wp-json\/wp\/v2\/tags?post=39300"}],"curies":[{"name":"wp","href":"https:\/\/api.w.org\/{rel}","templated":true}]}}