{"id":39305,"date":"2024-12-11T00:10:46","date_gmt":"2024-12-10T23:10:46","guid":{"rendered":"https:\/\/grainau-tourismus.gemeinde-entwickler.de\/?page_id=39305"},"modified":"2025-07-29T09:34:39","modified_gmt":"2025-07-29T07:34:39","slug":"geodaetischer-referenzpunkt-in-grainau-vermessung-kartenwesen-am-alpenrand","status":"publish","type":"page","link":"https:\/\/www.grainau.de\/en\/geodaetischer-referenzpunkt-in-grainau-vermessung-kartenwesen-am-alpenrand\/","title":{"rendered":"Geodetic reference point"},"content":{"rendered":"<div data-elementor-type=\"wp-page\" data-elementor-id=\"39305\" class=\"elementor elementor-39305\" data-elementor-post-type=\"page\">\n\t\t\t\t<div class=\"elementor-element elementor-element-b970dde elementor-repeater-item-ang_container_padding_3 sk-dark-bg e-flex e-con-boxed elementor-repeater-item-none elementor-repeater-item-none_hover e-con e-parent\" data-id=\"b970dde\" data-element_type=\"container\" data-e-type=\"container\" id=\"content\" data-settings=\"{&quot;jet_parallax_layout_list&quot;:[],&quot;background_background&quot;:&quot;classic&quot;,&quot;ang_container_spacing_size&quot;:&quot;ang_container_padding_3&quot;}\">\n\t\t\t\t\t<div class=\"e-con-inner\">\n\t\t<div class=\"elementor-element elementor-element-519c618 e-con-full elementor-repeater-item-ang_container_padding_4 elementor-repeater-item-shadow_2 sk-light-bg e-flex elementor-repeater-item-none_hover elementor-invisible e-con e-child\" data-id=\"519c618\" data-element_type=\"container\" data-e-type=\"container\" data-settings=\"{&quot;ang_container_spacing_size&quot;:&quot;ang_container_padding_4&quot;,&quot;background_background&quot;:&quot;classic&quot;,&quot;jet_parallax_layout_list&quot;:[],&quot;animation&quot;:&quot;fadeInLeft&quot;}\">\n\t\t\t\t<div class=\"elementor-element elementor-element-9ddd18f elementor-widget__width-inherit elementor-repeater-item-none elementor-repeater-item-none_hover elementor-widget elementor-widget-text-editor\" data-id=\"9ddd18f\" data-element_type=\"widget\" data-e-type=\"widget\" data-widget_type=\"text-editor.default\">\n\t\t\t\t<div class=\"elementor-widget-container\">\n\t\t\t\t\t\t\t\t\t<p>Whether for smartphones or navigation devices - coordinates are required for exact positioning. Without them, precise navigation would not be possible.<br \/><br \/>Since 2022, there has been a geodetic reference point at Unterer Dorfplatz in Grainau. With a view of the Zugspitze and Waxensteine, guests, day-trippers and locals can easily check the coordinates of their smartphone or GPS device and find out about mathematical and geodetic details.<\/p>\t\t\t\t\t\t\t\t<\/div>\n\t\t\t\t<\/div>\n\t\t\t\t<div class=\"elementor-element elementor-element-b250dfc elementor-widget__width-inherit elementor-repeater-item-none elementor-repeater-item-none_hover elementor-widget elementor-widget-text-editor\" data-id=\"b250dfc\" data-element_type=\"widget\" data-e-type=\"widget\" data-widget_type=\"text-editor.default\">\n\t\t\t\t<div class=\"elementor-widget-container\">\n\t\t\t\t\t\t\t\t\t<p>The coordinates of the reference point in Grainau are as follows:<\/p>\n<ul>\n<li>Geographical: 47\u00b0 28.6439' north latitude, 11\u00b0 1.3958' east longitude<\/li>\n<li>UTM: 32T 652441.6 E, 5260202.1 N<\/li>\n<li>748.4 meters above sea level (normal altitude zero)<\/li>\n<\/ul>\t\t\t\t\t\t\t\t<\/div>\n\t\t\t\t<\/div>\n\t\t\t\t<\/div>\n\t\t\t\t\t<\/div>\n\t\t\t\t<\/div>\n\t\t\t\t<\/div>","protected":false},"excerpt":{"rendered":"<p>Ob f\u00fcr Smartphones oder Navigationsger\u00e4te &#8211; zur exakten Positionsbestimmung werden Koordinaten ben\u00f6tigt. Ohne sie w\u00e4re eine genaue Navigation nicht m\u00f6glich. Seit 2022 gibt es einen geod\u00e4tischen Referenzpunkt am Unteren Dorfplatz in Grainau. Mit Blick auf Zugspitze und Waxensteine k\u00f6nnen G\u00e4ste, Ausfl\u00fcgler und Einheimische die Koordinaten von Smartphone oder GPS-Ger\u00e4t ohne gro\u00dfen Aufwand \u00fcberpr\u00fcfen und sich [&hellip;]<\/p>\n","protected":false},"author":12,"featured_media":43883,"parent":0,"menu_order":0,"comment_status":"closed","ping_status":"closed","template":"","meta":{"iawp_total_views":115,"footnotes":""},"categories":[],"tags":[],"class_list":["post-39305","page","type-page","status-publish","has-post-thumbnail","hentry"],"yoast_head":"<!-- This site is optimized with the Yoast SEO plugin v27.5 - https:\/\/yoast.com\/product\/yoast-seo-wordpress\/ -->\n<title>Geod\u00e4tischer Referenzpunkt - Zugspitzdorf Grainau<\/title>\n<meta name=\"description\" content=\"Entdecken Sie den geod\u00e4tischen Referenzpunkt in Grainau \u2013 zentraler Vermessungspunkt f\u00fcr pr\u00e4zise Kartografie und geografische Messungen in der Region.\" \/>\n<meta name=\"robots\" content=\"index, follow, max-snippet:-1, max-image-preview:large, max-video-preview:-1\" \/>\n<link rel=\"canonical\" href=\"https:\/\/www.grainau.de\/en\/geodaetischer-referenzpunkt-in-grainau-vermessung-kartenwesen-am-alpenrand\/\" \/>\n<meta property=\"og:locale\" content=\"en_US\" \/>\n<meta property=\"og:type\" content=\"article\" \/>\n<meta property=\"og:title\" content=\"Geod\u00e4tischer Referenzpunkt - Zugspitzdorf Grainau\" \/>\n<meta property=\"og:description\" content=\"Entdecken Sie den geod\u00e4tischen Referenzpunkt in Grainau \u2013 zentraler Vermessungspunkt f\u00fcr pr\u00e4zise Kartografie und geografische Messungen in der Region.\" \/>\n<meta property=\"og:url\" content=\"https:\/\/www.grainau.de\/en\/geodaetischer-referenzpunkt-in-grainau-vermessung-kartenwesen-am-alpenrand\/\" \/>\n<meta property=\"og:site_name\" content=\"Zugspitzdorf Grainau\" \/>\n<meta property=\"article:modified_time\" content=\"2025-07-29T07:34:39+00:00\" \/>\n<meta property=\"og:image\" content=\"https:\/\/www.grainau.de\/wp-content\/uploads\/2025\/03\/\u00a9Zugspitzdorf-Grainau-\u2013Ehn-2-2-scaled.jpg\" \/>\n\t<meta property=\"og:image:width\" content=\"2048\" \/>\n\t<meta property=\"og:image:height\" content=\"1365\" \/>\n\t<meta property=\"og:image:type\" content=\"image\/jpeg\" \/>\n<meta name=\"twitter:card\" content=\"summary_large_image\" \/>\n<meta name=\"twitter:label1\" content=\"Est. reading time\" \/>\n\t<meta name=\"twitter:data1\" content=\"1 minute\" \/>\n<script type=\"application\/ld+json\" class=\"yoast-schema-graph\">{\"@context\":\"https:\\\/\\\/schema.org\",\"@graph\":[{\"@type\":\"WebPage\",\"@id\":\"https:\\\/\\\/www.grainau.de\\\/geodaetischer-referenzpunkt-in-grainau-vermessung-kartenwesen-am-alpenrand\\\/\",\"url\":\"https:\\\/\\\/www.grainau.de\\\/geodaetischer-referenzpunkt-in-grainau-vermessung-kartenwesen-am-alpenrand\\\/\",\"name\":\"Geod\u00e4tischer Referenzpunkt - Zugspitzdorf Grainau\",\"isPartOf\":{\"@id\":\"https:\\\/\\\/www.grainau.de\\\/#website\"},\"primaryImageOfPage\":{\"@id\":\"https:\\\/\\\/www.grainau.de\\\/geodaetischer-referenzpunkt-in-grainau-vermessung-kartenwesen-am-alpenrand\\\/#primaryimage\"},\"image\":{\"@id\":\"https:\\\/\\\/www.grainau.de\\\/geodaetischer-referenzpunkt-in-grainau-vermessung-kartenwesen-am-alpenrand\\\/#primaryimage\"},\"thumbnailUrl\":\"https:\\\/\\\/www.grainau.de\\\/wp-content\\\/uploads\\\/2025\\\/03\\\/\u00a9Zugspitzdorf-Grainau-\u2013Ehn-2-2-scaled.jpg\",\"datePublished\":\"2024-12-10T23:10:46+00:00\",\"dateModified\":\"2025-07-29T07:34:39+00:00\",\"description\":\"Entdecken Sie den geod\u00e4tischen Referenzpunkt in Grainau \u2013 zentraler Vermessungspunkt f\u00fcr pr\u00e4zise Kartografie und geografische Messungen in der Region.\",\"breadcrumb\":{\"@id\":\"https:\\\/\\\/www.grainau.de\\\/geodaetischer-referenzpunkt-in-grainau-vermessung-kartenwesen-am-alpenrand\\\/#breadcrumb\"},\"inLanguage\":\"en-US\",\"potentialAction\":[{\"@type\":\"ReadAction\",\"target\":[\"https:\\\/\\\/www.grainau.de\\\/geodaetischer-referenzpunkt-in-grainau-vermessung-kartenwesen-am-alpenrand\\\/\"]}]},{\"@type\":\"ImageObject\",\"inLanguage\":\"en-US\",\"@id\":\"https:\\\/\\\/www.grainau.de\\\/geodaetischer-referenzpunkt-in-grainau-vermessung-kartenwesen-am-alpenrand\\\/#primaryimage\",\"url\":\"https:\\\/\\\/www.grainau.de\\\/wp-content\\\/uploads\\\/2025\\\/03\\\/\u00a9Zugspitzdorf-Grainau-\u2013Ehn-2-2-scaled.jpg\",\"contentUrl\":\"https:\\\/\\\/www.grainau.de\\\/wp-content\\\/uploads\\\/2025\\\/03\\\/\u00a9Zugspitzdorf-Grainau-\u2013Ehn-2-2-scaled.jpg\",\"width\":2048,\"height\":1365,\"caption\":\"Verschneite Berge mit Wiese\"},{\"@type\":\"BreadcrumbList\",\"@id\":\"https:\\\/\\\/www.grainau.de\\\/geodaetischer-referenzpunkt-in-grainau-vermessung-kartenwesen-am-alpenrand\\\/#breadcrumb\",\"itemListElement\":[{\"@type\":\"ListItem\",\"position\":1,\"name\":\"Home\",\"item\":\"https:\\\/\\\/www.grainau.de\\\/\"},{\"@type\":\"ListItem\",\"position\":2,\"name\":\"Geod\u00e4tischer Referenzpunkt\"}]},{\"@type\":\"WebSite\",\"@id\":\"https:\\\/\\\/www.grainau.de\\\/#website\",\"url\":\"https:\\\/\\\/www.grainau.de\\\/\",\"name\":\"Zugspitzdorf Grainau\",\"description\":\"\",\"publisher\":{\"@id\":\"https:\\\/\\\/www.grainau.de\\\/#organization\"},\"potentialAction\":[{\"@type\":\"SearchAction\",\"target\":{\"@type\":\"EntryPoint\",\"urlTemplate\":\"https:\\\/\\\/www.grainau.de\\\/?s={search_term_string}\"},\"query-input\":{\"@type\":\"PropertyValueSpecification\",\"valueRequired\":true,\"valueName\":\"search_term_string\"}}],\"inLanguage\":\"en-US\"},{\"@type\":\"Organization\",\"@id\":\"https:\\\/\\\/www.grainau.de\\\/#organization\",\"name\":\"Zugspitzdorf Grainau\",\"url\":\"https:\\\/\\\/www.grainau.de\\\/\",\"logo\":{\"@type\":\"ImageObject\",\"inLanguage\":\"en-US\",\"@id\":\"https:\\\/\\\/www.grainau.de\\\/#\\\/schema\\\/logo\\\/image\\\/\",\"url\":\"\",\"contentUrl\":\"\",\"caption\":\"Zugspitzdorf Grainau\"},\"image\":{\"@id\":\"https:\\\/\\\/www.grainau.de\\\/#\\\/schema\\\/logo\\\/image\\\/\"}}]}<\/script>\n<!-- \/ Yoast SEO plugin. -->","yoast_head_json":{"title":"Geodetic reference point - Zugspitzdorf Grainau","description":"Discover the geodetic reference point in Grainau - the central surveying point for precise cartography and geographical measurements in the region.","robots":{"index":"index","follow":"follow","max-snippet":"max-snippet:-1","max-image-preview":"max-image-preview:large","max-video-preview":"max-video-preview:-1"},"canonical":"https:\/\/www.grainau.de\/en\/geodaetischer-referenzpunkt-in-grainau-vermessung-kartenwesen-am-alpenrand\/","og_locale":"en_US","og_type":"article","og_title":"Geod\u00e4tischer Referenzpunkt - Zugspitzdorf Grainau","og_description":"Entdecken Sie den geod\u00e4tischen Referenzpunkt in Grainau \u2013 zentraler Vermessungspunkt f\u00fcr pr\u00e4zise Kartografie und geografische Messungen in der Region.","og_url":"https:\/\/www.grainau.de\/en\/geodaetischer-referenzpunkt-in-grainau-vermessung-kartenwesen-am-alpenrand\/","og_site_name":"Zugspitzdorf Grainau","article_modified_time":"2025-07-29T07:34:39+00:00","og_image":[{"width":2048,"height":1365,"url":"https:\/\/www.grainau.de\/wp-content\/uploads\/2025\/03\/\u00a9Zugspitzdorf-Grainau-\u2013Ehn-2-2-scaled.jpg","type":"image\/jpeg"}],"twitter_card":"summary_large_image","twitter_misc":{"Est. reading time":"1 minute"},"schema":{"@context":"https:\/\/schema.org","@graph":[{"@type":"WebPage","@id":"https:\/\/www.grainau.de\/geodaetischer-referenzpunkt-in-grainau-vermessung-kartenwesen-am-alpenrand\/","url":"https:\/\/www.grainau.de\/geodaetischer-referenzpunkt-in-grainau-vermessung-kartenwesen-am-alpenrand\/","name":"Geodetic reference point - Zugspitzdorf Grainau","isPartOf":{"@id":"https:\/\/www.grainau.de\/#website"},"primaryImageOfPage":{"@id":"https:\/\/www.grainau.de\/geodaetischer-referenzpunkt-in-grainau-vermessung-kartenwesen-am-alpenrand\/#primaryimage"},"image":{"@id":"https:\/\/www.grainau.de\/geodaetischer-referenzpunkt-in-grainau-vermessung-kartenwesen-am-alpenrand\/#primaryimage"},"thumbnailUrl":"https:\/\/www.grainau.de\/wp-content\/uploads\/2025\/03\/\u00a9Zugspitzdorf-Grainau-\u2013Ehn-2-2-scaled.jpg","datePublished":"2024-12-10T23:10:46+00:00","dateModified":"2025-07-29T07:34:39+00:00","description":"Discover the geodetic reference point in Grainau - the central surveying point for precise cartography and geographical measurements in the region.","breadcrumb":{"@id":"https:\/\/www.grainau.de\/geodaetischer-referenzpunkt-in-grainau-vermessung-kartenwesen-am-alpenrand\/#breadcrumb"},"inLanguage":"en-US","potentialAction":[{"@type":"ReadAction","target":["https:\/\/www.grainau.de\/geodaetischer-referenzpunkt-in-grainau-vermessung-kartenwesen-am-alpenrand\/"]}]},{"@type":"ImageObject","inLanguage":"en-US","@id":"https:\/\/www.grainau.de\/geodaetischer-referenzpunkt-in-grainau-vermessung-kartenwesen-am-alpenrand\/#primaryimage","url":"https:\/\/www.grainau.de\/wp-content\/uploads\/2025\/03\/\u00a9Zugspitzdorf-Grainau-\u2013Ehn-2-2-scaled.jpg","contentUrl":"https:\/\/www.grainau.de\/wp-content\/uploads\/2025\/03\/\u00a9Zugspitzdorf-Grainau-\u2013Ehn-2-2-scaled.jpg","width":2048,"height":1365,"caption":"Verschneite Berge mit Wiese"},{"@type":"BreadcrumbList","@id":"https:\/\/www.grainau.de\/geodaetischer-referenzpunkt-in-grainau-vermessung-kartenwesen-am-alpenrand\/#breadcrumb","itemListElement":[{"@type":"ListItem","position":1,"name":"Home","item":"https:\/\/www.grainau.de\/"},{"@type":"ListItem","position":2,"name":"Geod\u00e4tischer Referenzpunkt"}]},{"@type":"WebSite","@id":"https:\/\/www.grainau.de\/#website","url":"https:\/\/www.grainau.de\/","name":"Zugspitz village Grainau","description":"","publisher":{"@id":"https:\/\/www.grainau.de\/#organization"},"potentialAction":[{"@type":"SearchAction","target":{"@type":"EntryPoint","urlTemplate":"https:\/\/www.grainau.de\/?s={search_term_string}"},"query-input":{"@type":"PropertyValueSpecification","valueRequired":true,"valueName":"search_term_string"}}],"inLanguage":"en-US"},{"@type":"Organization","@id":"https:\/\/www.grainau.de\/#organization","name":"Zugspitz village Grainau","url":"https:\/\/www.grainau.de\/","logo":{"@type":"ImageObject","inLanguage":"en-US","@id":"https:\/\/www.grainau.de\/#\/schema\/logo\/image\/","url":"","contentUrl":"","caption":"Zugspitzdorf Grainau"},"image":{"@id":"https:\/\/www.grainau.de\/#\/schema\/logo\/image\/"}}]}},"_links":{"self":[{"href":"https:\/\/www.grainau.de\/en\/wp-json\/wp\/v2\/pages\/39305","targetHints":{"allow":["GET"]}}],"collection":[{"href":"https:\/\/www.grainau.de\/en\/wp-json\/wp\/v2\/pages"}],"about":[{"href":"https:\/\/www.grainau.de\/en\/wp-json\/wp\/v2\/types\/page"}],"author":[{"embeddable":true,"href":"https:\/\/www.grainau.de\/en\/wp-json\/wp\/v2\/users\/12"}],"replies":[{"embeddable":true,"href":"https:\/\/www.grainau.de\/en\/wp-json\/wp\/v2\/comments?post=39305"}],"version-history":[{"count":10,"href":"https:\/\/www.grainau.de\/en\/wp-json\/wp\/v2\/pages\/39305\/revisions"}],"predecessor-version":[{"id":45967,"href":"https:\/\/www.grainau.de\/en\/wp-json\/wp\/v2\/pages\/39305\/revisions\/45967"}],"wp:featuredmedia":[{"embeddable":true,"href":"https:\/\/www.grainau.de\/en\/wp-json\/wp\/v2\/media\/43883"}],"wp:attachment":[{"href":"https:\/\/www.grainau.de\/en\/wp-json\/wp\/v2\/media?parent=39305"}],"wp:term":[{"taxonomy":"category","embeddable":true,"href":"https:\/\/www.grainau.de\/en\/wp-json\/wp\/v2\/categories?post=39305"},{"taxonomy":"post_tag","embeddable":true,"href":"https:\/\/www.grainau.de\/en\/wp-json\/wp\/v2\/tags?post=39305"}],"curies":[{"name":"wp","href":"https:\/\/api.w.org\/{rel}","templated":true}]}}