{"id":48865,"date":"2026-01-27T09:11:44","date_gmt":"2026-01-27T08:11:44","guid":{"rendered":"https:\/\/www.grainau.de\/?page_id=48865"},"modified":"2026-02-27T11:02:01","modified_gmt":"2026-02-27T10:02:01","slug":"saal-waxenstein","status":"publish","type":"page","link":"https:\/\/www.grainau.de\/en\/saal-waxenstein\/","title":{"rendered":"Waxenstein Hall"},"content":{"rendered":"<div data-elementor-type=\"wp-page\" data-elementor-id=\"48865\" class=\"elementor elementor-48865\" data-elementor-post-type=\"page\">\n\t\t\t\t<div class=\"elementor-element elementor-element-8234d7b elementor-repeater-item-ang_container_padding_3 sk-dark-bg e-flex e-con-boxed elementor-repeater-item-none elementor-repeater-item-none_hover e-con e-parent\" data-id=\"8234d7b\" data-element_type=\"container\" data-e-type=\"container\" id=\"content\" data-settings=\"{&quot;jet_parallax_layout_list&quot;:[],&quot;background_background&quot;:&quot;classic&quot;,&quot;ang_container_spacing_size&quot;:&quot;ang_container_padding_3&quot;}\">\n\t\t\t\t\t<div class=\"e-con-inner\">\n\t\t<div class=\"elementor-element elementor-element-e1e4a04 e-con-full elementor-repeater-item-ang_container_padding_4 elementor-repeater-item-shadow_2 sk-light-bg e-flex elementor-repeater-item-none_hover elementor-invisible e-con e-child\" data-id=\"e1e4a04\" data-element_type=\"container\" data-e-type=\"container\" data-settings=\"{&quot;ang_container_spacing_size&quot;:&quot;ang_container_padding_4&quot;,&quot;background_background&quot;:&quot;classic&quot;,&quot;jet_parallax_layout_list&quot;:[],&quot;animation&quot;:&quot;fadeInLeft&quot;}\">\n\t\t\t\t<div class=\"elementor-element elementor-element-7a5b9a0 elementor-widget__width-inherit elementor-repeater-item-none elementor-repeater-item-none_hover elementor-widget elementor-widget-text-editor\" data-id=\"7a5b9a0\" data-element_type=\"widget\" data-e-type=\"widget\" data-widget_type=\"text-editor.default\">\n\t\t\t\t<div class=\"elementor-widget-container\">\n\t\t\t\t\t\t\t\t\t<h3 data-start=\"155\" data-end=\"214\">Waxenstein Hall<\/h3><h1 data-start=\"155\" data-end=\"214\">Space for your event in Grainau<\/h1><p data-start=\"216\" data-end=\"483\">The <strong data-start=\"220\" data-end=\"239\">Waxenstein Hall<\/strong> offers the ideal setting for events of all kinds - in the middle of the impressive mountain world of Grainau. Whether a celebration, club event, conference or cultural event: the flexibly usable hall combines functionality with alpine flair.<\/p><p data-start=\"485\" data-end=\"746\">Thanks to the spacious room layout, the hall is suitable for larger events. Good accessibility, barrier-free and sufficient parking facilities ensure that your event runs smoothly.<\/p><p data-start=\"748\" data-end=\"810\">The Waxenstein hall can be used in a variety of ways, including for:<\/p><ul data-start=\"811\" data-end=\"969\"><li data-start=\"811\" data-end=\"847\"><p data-start=\"813\" data-end=\"847\">Family celebrations and private parties<\/p><\/li><li data-start=\"848\" data-end=\"889\"><p data-start=\"850\" data-end=\"889\">Club and community events<\/p><\/li><li data-start=\"890\" data-end=\"925\"><p data-start=\"892\" data-end=\"925\">Seminars, lectures and conferences<\/p><\/li><li data-start=\"926\" data-end=\"969\"><p data-start=\"928\" data-end=\"969\">Cultural events and concerts<\/p><\/li><\/ul><p data-start=\"971\" data-end=\"1180\">We are happy to assist you with the planning and organization. <strong data-start=\"1032\" data-end=\"1066\">Rent the Waxenstein hall<\/strong> and create the perfect setting for special moments - in one of the most beautiful regions of the Zugspitz area.<\/p><p data-start=\"1182\" data-end=\"1281\">\ud83d\udc49 <strong data-start=\"1185\" data-end=\"1281\">Inquiries and further information on hall hire can be obtained from the Grainau Tourist Information Office.<\/strong><\/p>\t\t\t\t\t\t\t\t<\/div>\n\t\t\t\t<\/div>\n\t\t\t\t<div class=\"elementor-element elementor-element-2b0a5f1 elementor-repeater-item-none elementor-repeater-item-none_hover elementor-widget elementor-widget-image-carousel\" data-id=\"2b0a5f1\" data-element_type=\"widget\" data-e-type=\"widget\" data-settings=\"{&quot;slides_to_show&quot;:&quot;3&quot;,&quot;slides_to_show_tablet&quot;:&quot;2&quot;,&quot;slides_to_show_mobile&quot;:&quot;1&quot;,&quot;navigation&quot;:&quot;none&quot;,&quot;autoplay_speed&quot;:0,&quot;speed&quot;:10000,&quot;image_spacing_custom&quot;:{&quot;unit&quot;:&quot;px&quot;,&quot;size&quot;:&quot;10&quot;,&quot;sizes&quot;:[]},&quot;slides_to_scroll&quot;:&quot;1&quot;,&quot;autoplay&quot;:&quot;yes&quot;,&quot;pause_on_hover&quot;:&quot;yes&quot;,&quot;infinite&quot;:&quot;yes&quot;,&quot;image_spacing_custom_tablet&quot;:{&quot;unit&quot;:&quot;px&quot;,&quot;size&quot;:&quot;&quot;,&quot;sizes&quot;:[]}}\" data-widget_type=\"image-carousel.default\">\n\t\t\t\t<div class=\"elementor-widget-container\">\n\t\t\t\t\t\t\t<div class=\"elementor-image-carousel-wrapper swiper\" role=\"region\" aria-roledescription=\"carousel\" aria-label=\"Picture carousel\" dir=\"ltr\">\n\t\t\t<div class=\"elementor-image-carousel swiper-wrapper\" aria-live=\"off\">\n\t\t\t\t\t\t\t\t<div class=\"swiper-slide\" role=\"group\" aria-roledescription=\"slide\" aria-label=\"1 of 9\"><figure class=\"swiper-slide-inner\"><img decoding=\"async\" class=\"swiper-slide-image\" src=\"https:\/\/www.grainau.de\/wp-content\/uploads\/2026\/01\/Saal-Waxenstein-Hochzeit.jpg\" data-description=\"Zugspitzdorf Grainau - \" alt=\"Saal Waxenstein festliche Tische\" \/><\/figure><\/div><div class=\"swiper-slide\" role=\"group\" aria-roledescription=\"slide\" aria-label=\"2 of 9\"><figure class=\"swiper-slide-inner\"><img decoding=\"async\" class=\"swiper-slide-image\" src=\"https:\/\/www.grainau.de\/wp-content\/uploads\/2026\/01\/Radu-3.jpg\" data-description=\"Zugspitzdorf Grainau\" alt=\"Saal Waxenstein festliche Tische\" \/><\/figure><\/div><div class=\"swiper-slide\" role=\"group\" aria-roledescription=\"slide\" aria-label=\"3 of 9\"><figure class=\"swiper-slide-inner\"><img decoding=\"async\" class=\"swiper-slide-image\" src=\"https:\/\/www.grainau.de\/wp-content\/uploads\/2026\/01\/Radu-2.jpg\" data-description=\"Zugspitzdorf Grainau\" alt=\"Saal Waxenstein festliche Tische\" \/><\/figure><\/div><div class=\"swiper-slide\" role=\"group\" aria-roledescription=\"slide\" aria-label=\"4 of 9\"><figure class=\"swiper-slide-inner\"><img decoding=\"async\" class=\"swiper-slide-image\" src=\"https:\/\/www.grainau.de\/wp-content\/uploads\/2026\/01\/Radu-1.jpg\" data-description=\"Zugspitzdorf Grainau\" alt=\"Saal Waxenstein festliche Tische\" \/><\/figure><\/div><div class=\"swiper-slide\" role=\"group\" aria-roledescription=\"slide\" aria-label=\"5 of 9\"><figure class=\"swiper-slide-inner\"><img decoding=\"async\" class=\"swiper-slide-image\" src=\"https:\/\/www.grainau.de\/wp-content\/uploads\/2026\/01\/Saal-Waxenstein-Hochzeit-4.jpg\" data-description=\"Zugspitzdrof Grainau\" alt=\"Saal Waxenstein festliche Tische\" \/><\/figure><\/div><div class=\"swiper-slide\" role=\"group\" aria-roledescription=\"slide\" aria-label=\"6 of 9\"><figure class=\"swiper-slide-inner\"><img decoding=\"async\" class=\"swiper-slide-image\" src=\"https:\/\/www.grainau.de\/wp-content\/uploads\/2026\/01\/Saal-Waxenstein-Hochzeit-2.jpg\" data-description=\"Zugspitzdorf Grainau\" alt=\"Saal Waxenstein festliche Tische\" \/><\/figure><\/div><div class=\"swiper-slide\" role=\"group\" aria-roledescription=\"slide\" aria-label=\"7 of 9\"><figure class=\"swiper-slide-inner\"><img decoding=\"async\" class=\"swiper-slide-image\" src=\"https:\/\/www.grainau.de\/wp-content\/uploads\/2026\/01\/Radu.jpg\" data-description=\"Zugspitzdorf Grainau\" alt=\"Saal Waxenstein festliche Tische\" \/><\/figure><\/div><div class=\"swiper-slide\" role=\"group\" aria-roledescription=\"slide\" aria-label=\"8 of 9\"><figure class=\"swiper-slide-inner\"><img decoding=\"async\" class=\"swiper-slide-image\" src=\"https:\/\/www.grainau.de\/wp-content\/uploads\/2026\/01\/Saal-Waxenstein-Hochzeit-7.jpg\" data-description=\"Zugspitzdorf Grainau\" alt=\"Saal Waxenstein festliche Tische\" \/><\/figure><\/div><div class=\"swiper-slide\" role=\"group\" aria-roledescription=\"slide\" aria-label=\"9 of 9\"><figure class=\"swiper-slide-inner\"><img decoding=\"async\" class=\"swiper-slide-image\" src=\"https:\/\/www.grainau.de\/wp-content\/uploads\/2026\/01\/Saal-Waxenstein-Hochzeit-6.jpg\" data-description=\"Zugspitzdorf Grainau\" alt=\"Saal Waxenstein festliche Tische\" \/><\/figure><\/div>\t\t\t<\/div>\n\t\t\t\t\t\t\t\n\t\t\t\t\t\t\t\t\t<\/div>\n\t\t\t\t\t\t<\/div>\n\t\t\t\t<\/div>\n\t\t<div class=\"elementor-element elementor-element-66fe9c8 e-con-full elementor-repeater-item-ang_container_padding_4 elementor-repeater-item-shadow_2 sk-light-bg e-flex elementor-repeater-item-none_hover elementor-invisible e-con e-child\" data-id=\"66fe9c8\" data-element_type=\"container\" data-e-type=\"container\" data-settings=\"{&quot;ang_container_spacing_size&quot;:&quot;ang_container_padding_4&quot;,&quot;background_background&quot;:&quot;classic&quot;,&quot;jet_parallax_layout_list&quot;:[],&quot;animation&quot;:&quot;fadeInLeft&quot;}\">\n\t\t\t\t<div class=\"elementor-element elementor-element-a5ac603 elementor-widget__width-inherit elementor-repeater-item-none elementor-repeater-item-none_hover elementor-widget elementor-widget-heading\" data-id=\"a5ac603\" data-element_type=\"widget\" data-e-type=\"widget\" data-widget_type=\"heading.default\">\n\t\t\t\t<div class=\"elementor-widget-container\">\n\t\t\t\t\t<h4 class=\"elementor-heading-title elementor-size-default\"><b>Tourist information<\/b><\/h4>\t\t\t\t<\/div>\n\t\t\t\t<\/div>\n\t\t\t\t<div class=\"elementor-element elementor-element-67dd8f4 elementor-widget__width-inherit elementor-repeater-item-none elementor-repeater-item-none_hover elementor-widget elementor-widget-text-editor\" data-id=\"67dd8f4\" data-element_type=\"widget\" data-e-type=\"widget\" data-widget_type=\"text-editor.default\">\n\t\t\t\t<div class=\"elementor-widget-container\">\n\t\t\t\t\t\t\t\t\t<p>Parkweg 8<br \/>82491 Grainau<\/p><div>Phone: +49-8821-9818-50<\/div><p><a href=\"mailto:info@grainau.de\">info@grainau.de<\/a><\/p>\t\t\t\t\t\t\t\t<\/div>\n\t\t\t\t<\/div>\n\t\t\t\t<div class=\"elementor-element elementor-element-a1e9051 elementor-widget__width-inherit e-transform elementor-icon-list--layout-traditional elementor-list-item-link-full_width elementor-repeater-item-none elementor-repeater-item-none_hover elementor-widget elementor-widget-icon-list\" data-id=\"a1e9051\" data-element_type=\"widget\" data-e-type=\"widget\" data-settings=\"{&quot;_transform_scale_effect_hover&quot;:{&quot;unit&quot;:&quot;px&quot;,&quot;size&quot;:1.015,&quot;sizes&quot;:[]},&quot;_transform_scale_effect_hover_tablet&quot;:{&quot;unit&quot;:&quot;px&quot;,&quot;size&quot;:&quot;&quot;,&quot;sizes&quot;:[]},&quot;_transform_scale_effect_hover_mobile&quot;:{&quot;unit&quot;:&quot;px&quot;,&quot;size&quot;:&quot;&quot;,&quot;sizes&quot;:[]}}\" data-widget_type=\"icon-list.default\">\n\t\t\t\t<div class=\"elementor-widget-container\">\n\t\t\t\t\t\t\t<ul class=\"elementor-icon-list-items\">\n\t\t\t\t\t\t\t<li class=\"elementor-icon-list-item\">\n\t\t\t\t\t\t\t\t\t\t\t<a href=\"https:\/\/www.grainau.de\/wp-content\/uploads\/2026\/02\/Bestuhlungsbeispiel-Saal-Waxentein.pdf.pdf\" target=\"_blank\">\n\n\t\t\t\t\t\t\t\t\t\t\t\t<span class=\"elementor-icon-list-icon\">\n\t\t\t\t\t\t\t<i aria-hidden=\"true\" class=\"fas fa-file-download\"><\/i>\t\t\t\t\t\t<\/span>\n\t\t\t\t\t\t\t\t\t\t<span class=\"elementor-icon-list-text\">Plan room Waxenstein <\/span>\n\t\t\t\t\t\t\t\t\t\t\t<\/a>\n\t\t\t\t\t\t\t\t\t<\/li>\n\t\t\t\t\t\t<\/ul>\n\t\t\t\t\t\t<\/div>\n\t\t\t\t<\/div>\n\t\t\t\t<\/div>\n\t\t\t\t<\/div>\n\t\t\t\t\t<\/div>\n\t\t\t\t<\/div>\n\t\t\t\t<\/div>","protected":false},"excerpt":{"rendered":"<p>Saal Waxenstein Raum f\u00fcr Ihre Veranstaltung in Grainau Der Saal Waxenstein bietet den idealen Rahmen f\u00fcr Veranstaltungen aller Art \u2013 mitten in der beeindruckenden Bergwelt von Grainau. Ob Feier, Vereinsveranstaltung, Tagung oder kulturelles Event: Der flexibel nutzbare Saal verbindet Funktionalit\u00e4t mit alpinem Flair. Dank der gro\u00dfz\u00fcgigen Raumaufteilung eignet sich der Saal\u00a0 f\u00fcr gr\u00f6\u00dfere Veranstaltungen. Gute [&hellip;]<\/p>\n","protected":false},"author":7,"featured_media":48868,"parent":0,"menu_order":0,"comment_status":"closed","ping_status":"closed","template":"","meta":{"iawp_total_views":384,"footnotes":""},"categories":[],"tags":[],"class_list":["post-48865","page","type-page","status-publish","has-post-thumbnail","hentry"],"yoast_head":"<!-- This site is optimized with the Yoast SEO plugin v27.4 - https:\/\/yoast.com\/product\/yoast-seo-wordpress\/ -->\n<title>Saal Waxenstein - Zugspitzdorf Grainau<\/title>\n<meta name=\"description\" content=\"Genie\u00dfen Sie Entspannung im Zugspitzbad Grainau: Panorama-Hallenbad, Saunalandschaft &amp; Familienbereich \u2013 mit Blick auf die Zugspitze. Jetzt entdecken!\" \/>\n<meta name=\"robots\" content=\"index, follow, max-snippet:-1, max-image-preview:large, max-video-preview:-1\" \/>\n<link rel=\"canonical\" href=\"https:\/\/www.grainau.de\/en\/saal-waxenstein\/\" \/>\n<meta property=\"og:locale\" content=\"en_US\" \/>\n<meta property=\"og:type\" content=\"article\" \/>\n<meta property=\"og:title\" content=\"Saal Waxenstein - Zugspitzdorf Grainau\" \/>\n<meta property=\"og:description\" content=\"Genie\u00dfen Sie Entspannung im Zugspitzbad Grainau: Panorama-Hallenbad, Saunalandschaft &amp; Familienbereich \u2013 mit Blick auf die Zugspitze. Jetzt entdecken!\" \/>\n<meta property=\"og:url\" content=\"https:\/\/www.grainau.de\/en\/saal-waxenstein\/\" \/>\n<meta property=\"og:site_name\" content=\"Zugspitzdorf Grainau\" \/>\n<meta property=\"article:modified_time\" content=\"2026-02-27T10:02:01+00:00\" \/>\n<meta property=\"og:image\" content=\"https:\/\/www.grainau.de\/wp-content\/uploads\/2026\/01\/Radu-1.jpg\" \/>\n\t<meta property=\"og:image:width\" content=\"2048\" \/>\n\t<meta property=\"og:image:height\" content=\"1366\" \/>\n\t<meta property=\"og:image:type\" content=\"image\/jpeg\" \/>\n<meta name=\"twitter:card\" content=\"summary_large_image\" \/>\n<meta name=\"twitter:label1\" content=\"Est. reading time\" \/>\n\t<meta name=\"twitter:data1\" content=\"3 minutes\" \/>\n<script type=\"application\/ld+json\" class=\"yoast-schema-graph\">{\"@context\":\"https:\\\/\\\/schema.org\",\"@graph\":[{\"@type\":\"WebPage\",\"@id\":\"https:\\\/\\\/www.grainau.de\\\/saal-waxenstein\\\/\",\"url\":\"https:\\\/\\\/www.grainau.de\\\/saal-waxenstein\\\/\",\"name\":\"Saal Waxenstein - Zugspitzdorf Grainau\",\"isPartOf\":{\"@id\":\"https:\\\/\\\/www.grainau.de\\\/#website\"},\"primaryImageOfPage\":{\"@id\":\"https:\\\/\\\/www.grainau.de\\\/saal-waxenstein\\\/#primaryimage\"},\"image\":{\"@id\":\"https:\\\/\\\/www.grainau.de\\\/saal-waxenstein\\\/#primaryimage\"},\"thumbnailUrl\":\"https:\\\/\\\/www.grainau.de\\\/wp-content\\\/uploads\\\/2026\\\/01\\\/Radu-1.jpg\",\"datePublished\":\"2026-01-27T08:11:44+00:00\",\"dateModified\":\"2026-02-27T10:02:01+00:00\",\"description\":\"Genie\u00dfen Sie Entspannung im Zugspitzbad Grainau: Panorama-Hallenbad, Saunalandschaft & Familienbereich \u2013 mit Blick auf die Zugspitze. Jetzt entdecken!\",\"breadcrumb\":{\"@id\":\"https:\\\/\\\/www.grainau.de\\\/saal-waxenstein\\\/#breadcrumb\"},\"inLanguage\":\"en-US\",\"potentialAction\":[{\"@type\":\"ReadAction\",\"target\":[\"https:\\\/\\\/www.grainau.de\\\/saal-waxenstein\\\/\"]}]},{\"@type\":\"ImageObject\",\"inLanguage\":\"en-US\",\"@id\":\"https:\\\/\\\/www.grainau.de\\\/saal-waxenstein\\\/#primaryimage\",\"url\":\"https:\\\/\\\/www.grainau.de\\\/wp-content\\\/uploads\\\/2026\\\/01\\\/Radu-1.jpg\",\"contentUrl\":\"https:\\\/\\\/www.grainau.de\\\/wp-content\\\/uploads\\\/2026\\\/01\\\/Radu-1.jpg\",\"width\":2048,\"height\":1366,\"caption\":\"Saal Waxenstein festliche Tische\"},{\"@type\":\"BreadcrumbList\",\"@id\":\"https:\\\/\\\/www.grainau.de\\\/saal-waxenstein\\\/#breadcrumb\",\"itemListElement\":[{\"@type\":\"ListItem\",\"position\":1,\"name\":\"Home\",\"item\":\"https:\\\/\\\/www.grainau.de\\\/\"},{\"@type\":\"ListItem\",\"position\":2,\"name\":\"Saal Waxenstein\"}]},{\"@type\":\"WebSite\",\"@id\":\"https:\\\/\\\/www.grainau.de\\\/#website\",\"url\":\"https:\\\/\\\/www.grainau.de\\\/\",\"name\":\"Zugspitzdorf Grainau\",\"description\":\"\",\"publisher\":{\"@id\":\"https:\\\/\\\/www.grainau.de\\\/#organization\"},\"potentialAction\":[{\"@type\":\"SearchAction\",\"target\":{\"@type\":\"EntryPoint\",\"urlTemplate\":\"https:\\\/\\\/www.grainau.de\\\/?s={search_term_string}\"},\"query-input\":{\"@type\":\"PropertyValueSpecification\",\"valueRequired\":true,\"valueName\":\"search_term_string\"}}],\"inLanguage\":\"en-US\"},{\"@type\":\"Organization\",\"@id\":\"https:\\\/\\\/www.grainau.de\\\/#organization\",\"name\":\"Zugspitzdorf Grainau\",\"url\":\"https:\\\/\\\/www.grainau.de\\\/\",\"logo\":{\"@type\":\"ImageObject\",\"inLanguage\":\"en-US\",\"@id\":\"https:\\\/\\\/www.grainau.de\\\/#\\\/schema\\\/logo\\\/image\\\/\",\"url\":\"\",\"contentUrl\":\"\",\"caption\":\"Zugspitzdorf Grainau\"},\"image\":{\"@id\":\"https:\\\/\\\/www.grainau.de\\\/#\\\/schema\\\/logo\\\/image\\\/\"}}]}<\/script>\n<!-- \/ Yoast SEO plugin. -->","yoast_head_json":{"title":"Saal Waxenstein - Zugspitzdorf Grainau","description":"Enjoy relaxation at the Zugspitzbad Grainau: panoramic indoor pool, sauna area &amp; family area - with a view of the Zugspitze. Discover it now!","robots":{"index":"index","follow":"follow","max-snippet":"max-snippet:-1","max-image-preview":"max-image-preview:large","max-video-preview":"max-video-preview:-1"},"canonical":"https:\/\/www.grainau.de\/en\/saal-waxenstein\/","og_locale":"en_US","og_type":"article","og_title":"Saal Waxenstein - Zugspitzdorf Grainau","og_description":"Genie\u00dfen Sie Entspannung im Zugspitzbad Grainau: Panorama-Hallenbad, Saunalandschaft & Familienbereich \u2013 mit Blick auf die Zugspitze. Jetzt entdecken!","og_url":"https:\/\/www.grainau.de\/en\/saal-waxenstein\/","og_site_name":"Zugspitzdorf Grainau","article_modified_time":"2026-02-27T10:02:01+00:00","og_image":[{"width":2048,"height":1366,"url":"https:\/\/www.grainau.de\/wp-content\/uploads\/2026\/01\/Radu-1.jpg","type":"image\/jpeg"}],"twitter_card":"summary_large_image","twitter_misc":{"Est. reading time":"3 minutes"},"schema":{"@context":"https:\/\/schema.org","@graph":[{"@type":"WebPage","@id":"https:\/\/www.grainau.de\/saal-waxenstein\/","url":"https:\/\/www.grainau.de\/saal-waxenstein\/","name":"Saal Waxenstein - Zugspitzdorf Grainau","isPartOf":{"@id":"https:\/\/www.grainau.de\/#website"},"primaryImageOfPage":{"@id":"https:\/\/www.grainau.de\/saal-waxenstein\/#primaryimage"},"image":{"@id":"https:\/\/www.grainau.de\/saal-waxenstein\/#primaryimage"},"thumbnailUrl":"https:\/\/www.grainau.de\/wp-content\/uploads\/2026\/01\/Radu-1.jpg","datePublished":"2026-01-27T08:11:44+00:00","dateModified":"2026-02-27T10:02:01+00:00","description":"Enjoy relaxation at the Zugspitzbad Grainau: panoramic indoor pool, sauna area &amp; family area - with a view of the Zugspitze. Discover it now!","breadcrumb":{"@id":"https:\/\/www.grainau.de\/saal-waxenstein\/#breadcrumb"},"inLanguage":"en-US","potentialAction":[{"@type":"ReadAction","target":["https:\/\/www.grainau.de\/saal-waxenstein\/"]}]},{"@type":"ImageObject","inLanguage":"en-US","@id":"https:\/\/www.grainau.de\/saal-waxenstein\/#primaryimage","url":"https:\/\/www.grainau.de\/wp-content\/uploads\/2026\/01\/Radu-1.jpg","contentUrl":"https:\/\/www.grainau.de\/wp-content\/uploads\/2026\/01\/Radu-1.jpg","width":2048,"height":1366,"caption":"Saal Waxenstein festliche Tische"},{"@type":"BreadcrumbList","@id":"https:\/\/www.grainau.de\/saal-waxenstein\/#breadcrumb","itemListElement":[{"@type":"ListItem","position":1,"name":"Home","item":"https:\/\/www.grainau.de\/"},{"@type":"ListItem","position":2,"name":"Saal Waxenstein"}]},{"@type":"WebSite","@id":"https:\/\/www.grainau.de\/#website","url":"https:\/\/www.grainau.de\/","name":"Zugspitz village Grainau","description":"","publisher":{"@id":"https:\/\/www.grainau.de\/#organization"},"potentialAction":[{"@type":"SearchAction","target":{"@type":"EntryPoint","urlTemplate":"https:\/\/www.grainau.de\/?s={search_term_string}"},"query-input":{"@type":"PropertyValueSpecification","valueRequired":true,"valueName":"search_term_string"}}],"inLanguage":"en-US"},{"@type":"Organization","@id":"https:\/\/www.grainau.de\/#organization","name":"Zugspitz village Grainau","url":"https:\/\/www.grainau.de\/","logo":{"@type":"ImageObject","inLanguage":"en-US","@id":"https:\/\/www.grainau.de\/#\/schema\/logo\/image\/","url":"","contentUrl":"","caption":"Zugspitzdorf Grainau"},"image":{"@id":"https:\/\/www.grainau.de\/#\/schema\/logo\/image\/"}}]}},"_links":{"self":[{"href":"https:\/\/www.grainau.de\/en\/wp-json\/wp\/v2\/pages\/48865","targetHints":{"allow":["GET"]}}],"collection":[{"href":"https:\/\/www.grainau.de\/en\/wp-json\/wp\/v2\/pages"}],"about":[{"href":"https:\/\/www.grainau.de\/en\/wp-json\/wp\/v2\/types\/page"}],"author":[{"embeddable":true,"href":"https:\/\/www.grainau.de\/en\/wp-json\/wp\/v2\/users\/7"}],"replies":[{"embeddable":true,"href":"https:\/\/www.grainau.de\/en\/wp-json\/wp\/v2\/comments?post=48865"}],"version-history":[{"count":10,"href":"https:\/\/www.grainau.de\/en\/wp-json\/wp\/v2\/pages\/48865\/revisions"}],"predecessor-version":[{"id":49177,"href":"https:\/\/www.grainau.de\/en\/wp-json\/wp\/v2\/pages\/48865\/revisions\/49177"}],"wp:featuredmedia":[{"embeddable":true,"href":"https:\/\/www.grainau.de\/en\/wp-json\/wp\/v2\/media\/48868"}],"wp:attachment":[{"href":"https:\/\/www.grainau.de\/en\/wp-json\/wp\/v2\/media?parent=48865"}],"wp:term":[{"taxonomy":"category","embeddable":true,"href":"https:\/\/www.grainau.de\/en\/wp-json\/wp\/v2\/categories?post=48865"},{"taxonomy":"post_tag","embeddable":true,"href":"https:\/\/www.grainau.de\/en\/wp-json\/wp\/v2\/tags?post=48865"}],"curies":[{"name":"wp","href":"https:\/\/api.w.org\/{rel}","templated":true}]}}